{"id":3172,"date":"2022-09-20T09:18:31","date_gmt":"2022-09-20T07:18:31","guid":{"rendered":"https:\/\/www.apartmany-termal.sk\/?page_id=3172"},"modified":"2026-02-09T16:15:31","modified_gmt":"2026-02-09T15:15:31","slug":"wellness-s-napoji-zdarma-polopenze-2-osoby","status":"publish","type":"page","link":"https:\/\/www.apartmany-termal.sk\/cs\/wellness-s-napoji-zdarma-polopenze-2-osoby\/","title":{"rendered":"Wellness pobyt s n\u00e1poji zdarma + polopenze pro 2 osoby. P\u016fvodn\u00ed cena 14 075 K\u010d, te\u010f jenom 10 490 K\u010d."},"content":{"rendered":"\t\t<div data-elementor-type=\"wp-page\" data-elementor-id=\"3172\" class=\"elementor elementor-3172\">\n\t\t\t\t<div class=\"elementor-element elementor-element-42d6a2d6 e-flex e-con-boxed e-con e-parent\" data-id=\"42d6a2d6\" data-element_type=\"container\" data-e-type=\"container\">\n\t\t\t\t\t<div class=\"e-con-inner\">\n\t\t\t\t<div class=\"elementor-element elementor-element-5e881a43 elementor-widget elementor-widget-text-editor\" data-id=\"5e881a43\" data-element_type=\"widget\" data-e-type=\"widget\" data-widget_type=\"text-editor.default\">\n\t\t\t\t<div class=\"elementor-widget-container\">\n\t\t\t\t\t\t\t\t\t<p><strong>POZOR: <\/strong>TUTO NAB\u00cdDKU NAJDETE POUZE NA T\u00c9TO STR\u00c1NCE<br \/><a href=\"#rezervace\"> Rezervovat <\/a><\/p><h1 style=\"text-align: center;\">WELLNESS POBYT S N\u00c1POJI ZDARMA + POLOPENZE PRO 2 OSOBY. P\u016eVODN\u00cd CENA 13 825 K\u010c, NYN\u00cd JENOM 10 490 K\u010c<\/h1><p><img loading=\"lazy\" decoding=\"async\" title=\"wellness-pobyty-slovensko\" src=\"https:\/\/www.apartmany-termal.sk\/wp-content\/uploads\/2021\/08\/wellness-pobyty-slovensko.webp\" sizes=\"(max-width: 1024px) 100vw, 1024px\" srcset=\"https:\/\/www.apartmany-termal.sk\/wp-content\/uploads\/2021\/08\/wellness-pobyty-slovensko.webp 1024w, https:\/\/www.apartmany-termal.sk\/wp-content\/uploads\/2021\/08\/wellness-pobyty-slovensko-300x150.webp 300w, https:\/\/www.apartmany-termal.sk\/wp-content\/uploads\/2021\/08\/wellness-pobyty-slovensko-768x384.webp 768w\" alt=\"wellness-pobyty-slovensko\" width=\"1024\" height=\"512\" \/><\/p><h3 style=\"text-align: center;\"><strong>Pro\u017eijte 3 noci v luxusn\u00edch Apartm\u00e1nech Termal***, kter\u00e9 se nach\u00e1z\u00ed v kr\u00e1sn\u00e9m prost\u0159ed\u00ed Thermal Parku Dunajsk\u00e9 Stredy. Wellness pobyt, na kter\u00fd nezapomenete.\u00a0<\/strong><\/h3><ul><li aria-level=\"1\"><strong>Nealkoholick\u00e9 n\u00e1poje a pivo \u00a0ZDARMA<\/strong><\/li><li aria-level=\"1\">Stravov\u00e1n\u00ed formou <strong>POLOPENZE<\/strong><\/li><li style=\"font-weight: 400;\" aria-level=\"1\"><strong>1 x mas\u00e1\u017e pro 2 osoby (20 minutov\u00e1 mas\u00e1\u017e krku a \u0161\u00edje)<\/strong><\/li><li aria-level=\"1\"><strong>L\u00e1hev kvalitn\u00edho v\u00edna<\/strong> na pokoji\u00a0<\/li><\/ul><h3>Posp\u011b\u0161te si! Akce za chv\u00edli kon\u010d\u00ed!<\/h3><p><a href=\"#rezervace\"> REZERVOVAT SPECI\u00c1LN\u00cd POBYT <\/a><br \/><img loading=\"lazy\" decoding=\"async\" title=\"finska-sauna-02\" src=\"https:\/\/www.apartmany-termal.sk\/wp-content\/uploads\/2022\/09\/finska-sauna-02.jpg\" sizes=\"(max-width: 1128px) 100vw, 1128px\" srcset=\"https:\/\/www.apartmany-termal.sk\/wp-content\/uploads\/2022\/09\/finska-sauna-02.jpg 1128w, https:\/\/www.apartmany-termal.sk\/wp-content\/uploads\/2022\/09\/finska-sauna-02-300x206.jpg 300w, https:\/\/www.apartmany-termal.sk\/wp-content\/uploads\/2022\/09\/finska-sauna-02-1024x702.jpg 1024w, https:\/\/www.apartmany-termal.sk\/wp-content\/uploads\/2022\/09\/finska-sauna-02-768x526.jpg 768w\" alt=\"finska-sauna-02\" width=\"1128\" height=\"773\" \/><\/p><h2><strong>P\u0159esta\u0148te se spokojovat se standardem, kdy\u017e m\u016f\u017eete m\u00edt luxus\u2026<\/strong><\/h2><p><strong>Pivo a nealko n\u00e1poje ZDARMA<\/strong><br \/><strong>Neomezen\u00e1 mo\u017enost vyu\u017eit\u00ed term\u00e1ln\u00edch baz\u00e9n\u016f<\/strong><br \/><strong>Stravov\u00e1n\u00ed formou POLOPENZE<\/strong><\/p><p><strong>Jestli s pobytem nebudete spokojeni, m\u00e1te 100% garanci vr\u00e1cen\u00ed pen\u011bz.<\/strong><\/p><p><strong>100 % Garance vr\u00e1cen\u00ed pen\u011bz v p\u0159\u00edpad\u011b vl\u00e1dn\u00edch na\u0159\u00edzen\u00edch o uzav\u0159en\u00ed hotel\u016f. <\/strong><strong>Tato nab\u00eddka je neve\u0159ejn\u00e1 a nikde jinde ji nenajdete.<\/strong><\/p><h2 style=\"text-align: center;\"><strong>REZERVUJTE SI V\u00c1\u0160 WELLNESS POBYT NYN\u00cd SPOLU S BONUSEM<\/strong><\/h2><ul><li>Pokud rezervaci provedete skute\u010dn\u011b nyn\u00ed, bude na V\u00e1s na pokoji p\u0159i p\u0159\u00edjezdu \u010dekat l\u00e1hev vynikaj\u00edc\u00edho v\u00edna &#8211; <strong>ZDARMA!<\/strong><\/li><\/ul><h2><strong><br \/>GARANCE 100% VR\u00c1CEN\u00cd PEN\u011aZ<\/strong><\/h2><h3><strong><br \/>Pokud z jak\u00e9hokoliv d\u016fvodu nebudete spokojeni, vr\u00e1t\u00edme v\u00e1m bez ptan\u00ed pen\u00edze.<\/strong><\/h3><p><img loading=\"lazy\" decoding=\"async\" title=\"vyjimecny-zazitek\" src=\"https:\/\/www.apartmany-termal.sk\/wp-content\/uploads\/2022\/09\/vyjimecny-zazitek.jpg\" sizes=\"(max-width: 700px) 100vw, 700px\" srcset=\"https:\/\/www.apartmany-termal.sk\/wp-content\/uploads\/2022\/09\/vyjimecny-zazitek.jpg 700w, https:\/\/www.apartmany-termal.sk\/wp-content\/uploads\/2022\/09\/vyjimecny-zazitek-300x206.jpg 300w\" alt=\"vyjimecny-zazitek\" width=\"700\" height=\"480\" \/><\/p><h1 style=\"text-align: center;\">K TOMU, ABYSTE SI U\u017dILI NEZAPOMENUTELN\u00dd WELLNESS POBYT, JSTE JEN KR\u016e\u010cEK<\/h1><p style=\"text-align: center;\">Chcete za\u017e\u00edt pravou kr\u00e1su Dunajsk\u00e9 Stredy? \u2764 Zveme V\u00e1s na wellness pobyt do Wellness Apartm\u00e1nu Termal, kter\u00e9 se nach\u00e1z\u00ed v kr\u00e1sn\u00e9m prost\u0159ed\u00ed Dunajsk\u00e9 Stredy. Dop\u0159ejte si relax, wellness a u\u017eijte si V\u00e1\u0161 prodlou\u017een\u00fd v\u00edkend na 100 %.\u00a0<\/p><p style=\"text-align: center;\">P\u0159ije\u010fte se p\u0159esv\u011bd\u010dit sami. V\u011b\u0159\u00edme, \u017ee po Va\u0161em pobytu nebudete cht\u00edt n\u00e1\u0161 hotel opustit. T\u011b\u0161\u00edme se na V\u00e1s.\u00a0<\/p><p style=\"text-align: center;\">Pokud m\u00e1te z\u00e1jem za\u017e\u00edt kr\u00e1su t\u0159\u00edhv\u011bzdi\u010dkov\u00fdch Apartm\u00e1n\u016f Termal a okol\u00ed Dunajsk\u00e9 Stredy, s rezervac\u00ed neot\u00e1lejte a m\u011bjte jistotu, \u017ee tento luxusn\u00ed pobyt bude V\u00e1\u0161.<\/p><p><div class=\"tb_layout_part_wrap tf_w\">\n<!--themify_builder_content-->\n    <div  class=\"themify_builder_content themify_builder_content-3259 themify_builder not_editable_builder\" data-postid=\"3259\">\n        \t<!-- module_row -->\n\t<div  data-css_id=\"uhk61\" data-lazy=\"1\" class=\"module_row themify_builder_row fullwidth tb_uhk61 tb_first tf_clearfix\" >\n\t    \t\t<div class=\"row_inner col_align_top tf_box tf_w tf_rel\">\n\t\t\t<div  data-lazy=\"1\" class=\"module_column tb-column col-full first tb_xvl12 tf_box\">\n\t\t\t    \t        <div class=\"tb-column-inner tf_box tf_w\">\n\t\t    <!-- module gallery -->\n<div  class=\"module gallery module-gallery tb_p5h0309 layout-grid  \" data-lazy=\"1\">\n    <div class=\"module-gallery-grid gallery-columns-4 tf_clear\">\n\t\t\t<dl class=\"gallery-item\">\n\t\t\t<dt class=\"gallery-icon\">\n\t\t\t<a data-title=\"\" title=\"\" href=\"https:\/\/www.apartmany-termal.sk\/wp-content\/uploads\/2022\/09\/apartmany-termal.jpg\" data-rel=\"tb_p5h0309\" class=\"themify_lightbox\"><img fetchpriority=\"high\" decoding=\"async\" fetchpriority=\"high\" src=\"https:\/\/www.apartmany-termal.sk\/wp-content\/uploads\/2022\/09\/apartmany-termal-600x400.jpg\" width=\"600\" height=\"400\" class=\"wp-post-image wp-image-3261\" title=\"apartmany-termal\" alt=\"apartmany-termal\" srcset=\"https:\/\/www.apartmany-termal.sk\/wp-content\/uploads\/2022\/09\/apartmany-termal-600x400.jpg 600w, https:\/\/www.apartmany-termal.sk\/wp-content\/uploads\/2022\/09\/apartmany-termal-300x199.jpg 300w\" sizes=\"(max-width: 600px) 100vw, 600px\" \/><\/a>\t\t\t<\/dt>\n\t\t\t<dd>\n\t\t\t\t\t\t\t\t\t\t\t<\/dd>\n\t\t<\/dl>\n\t\t\t<dl class=\"gallery-item\">\n\t\t\t<dt class=\"gallery-icon\">\n\t\t\t<a data-title=\"\" title=\"Dvojl\u00f4\u017ekov\u00e9 \u0161t\u00fadio\" href=\"https:\/\/www.apartmany-termal.sk\/wp-content\/uploads\/2021\/10\/4_2.jpg\" data-rel=\"tb_p5h0309\" class=\"themify_lightbox\"><img loading=\"lazy\" decoding=\"async\" src=\"https:\/\/www.apartmany-termal.sk\/wp-content\/uploads\/2021\/10\/4_2-1024x684-600x400.jpg\" width=\"600\" height=\"400\" class=\"wp-post-image wp-image-1124\" title=\"4_2\" alt=\"4_2\" srcset=\"https:\/\/www.apartmany-termal.sk\/wp-content\/uploads\/2021\/10\/4_2-1024x684-600x400.jpg 600w, https:\/\/www.apartmany-termal.sk\/wp-content\/uploads\/2021\/10\/4_2-300x200.jpg 300w, https:\/\/www.apartmany-termal.sk\/wp-content\/uploads\/2021\/10\/4_2-1024x684.jpg 1024w, https:\/\/www.apartmany-termal.sk\/wp-content\/uploads\/2021\/10\/4_2-768x513.jpg 768w, https:\/\/www.apartmany-termal.sk\/wp-content\/uploads\/2021\/10\/4_2-1536x1026.jpg 1536w, https:\/\/www.apartmany-termal.sk\/wp-content\/uploads\/2021\/10\/4_2.jpg 1617w\" sizes=\"(max-width: 600px) 100vw, 600px\" \/><\/a>\t\t\t<\/dt>\n\t\t\t<dd class=\"wp-caption-text gallery-caption\">\n\t\t\t\t\t\t\t\t\t\t\t\t\t<span class=\"themify_image_caption\">Dvojl\u00f4\u017ekov\u00e9 \u0161t\u00fadio<\/span>\n\t\t\t\t\t\t\t<\/dd>\n\t\t<\/dl>\n\t\t\t<dl class=\"gallery-item\">\n\t\t\t<dt class=\"gallery-icon\">\n\t\t\t<a data-title=\"\" title=\"Apartm\u00e1n 2+2\" href=\"https:\/\/www.apartmany-termal.sk\/wp-content\/uploads\/2021\/08\/kupele-dunajska-streda.jpg\" data-rel=\"tb_p5h0309\" class=\"themify_lightbox\"><img loading=\"lazy\" decoding=\"async\" src=\"https:\/\/www.apartmany-termal.sk\/wp-content\/uploads\/2021\/08\/kupele-dunajska-streda-1024x684-600x400.jpg\" width=\"600\" height=\"400\" class=\"wp-post-image wp-image-797\" title=\"kupele-dunajska-streda\" alt=\"kupele-dunajska-streda\" srcset=\"https:\/\/www.apartmany-termal.sk\/wp-content\/uploads\/2021\/08\/kupele-dunajska-streda-1024x684-600x400.jpg 600w, https:\/\/www.apartmany-termal.sk\/wp-content\/uploads\/2021\/08\/kupele-dunajska-streda-300x200.jpg 300w, https:\/\/www.apartmany-termal.sk\/wp-content\/uploads\/2021\/08\/kupele-dunajska-streda-1024x684.jpg 1024w, https:\/\/www.apartmany-termal.sk\/wp-content\/uploads\/2021\/08\/kupele-dunajska-streda-768x513.jpg 768w, https:\/\/www.apartmany-termal.sk\/wp-content\/uploads\/2021\/08\/kupele-dunajska-streda-1536x1026.jpg 1536w, https:\/\/www.apartmany-termal.sk\/wp-content\/uploads\/2021\/08\/kupele-dunajska-streda.jpg 1920w\" sizes=\"(max-width: 600px) 100vw, 600px\" \/><\/a>\t\t\t<\/dt>\n\t\t\t<dd class=\"wp-caption-text gallery-caption\">\n\t\t\t\t\t\t\t\t\t\t\t\t\t<span class=\"themify_image_caption\">Apartm\u00e1n 2+2<\/span>\n\t\t\t\t\t\t\t<\/dd>\n\t\t<\/dl>\n\t\t\t<dl class=\"gallery-item\">\n\t\t\t<dt class=\"gallery-icon\">\n\t\t\t<a data-title=\"\" title=\"\" href=\"https:\/\/www.apartmany-termal.sk\/wp-content\/uploads\/2022\/02\/klasicka-masaz.jpg\" data-rel=\"tb_p5h0309\" class=\"themify_lightbox\"><img loading=\"lazy\" decoding=\"async\" loading=\"lazy\" src=\"https:\/\/www.apartmany-termal.sk\/wp-content\/uploads\/2022\/02\/klasicka-masaz-600x400.jpg\" width=\"600\" height=\"400\" class=\"wp-post-image wp-image-2459\" title=\"klasicka-masaz\" alt=\"klasicka-masaz\" srcset=\"https:\/\/www.apartmany-termal.sk\/wp-content\/uploads\/2022\/02\/klasicka-masaz-600x400.jpg 600w, https:\/\/www.apartmany-termal.sk\/wp-content\/uploads\/2022\/02\/klasicka-masaz-300x200.jpg 300w, https:\/\/www.apartmany-termal.sk\/wp-content\/uploads\/2022\/02\/klasicka-masaz-768x513.jpg 768w, https:\/\/www.apartmany-termal.sk\/wp-content\/uploads\/2022\/02\/klasicka-masaz.jpg 800w\" sizes=\"auto, (max-width: 600px) 100vw, 600px\" \/><\/a>\t\t\t<\/dt>\n\t\t\t<dd>\n\t\t\t\t\t\t\t\t\t\t\t<\/dd>\n\t\t<\/dl>\n\t\t\t<dl class=\"gallery-item\">\n\t\t\t<dt class=\"gallery-icon\">\n\t\t\t<a data-title=\"\" title=\"\" href=\"https:\/\/www.apartmany-termal.sk\/wp-content\/uploads\/2021\/10\/dunajska-streda-ubytovanie.webp\" data-rel=\"tb_p5h0309\" class=\"themify_lightbox\"><img loading=\"lazy\" decoding=\"async\" loading=\"lazy\" src=\"https:\/\/www.apartmany-termal.sk\/wp-content\/uploads\/2021\/10\/dunajska-streda-ubytovanie-1024x526-600x400.webp\" width=\"600\" height=\"400\" class=\"wp-post-image wp-image-1420\" title=\"dunajska-streda-ubytovanie\" alt=\"dunajska-streda-ubytovanie\"><\/a>\t\t\t<\/dt>\n\t\t\t<dd>\n\t\t\t\t\t\t\t\t\t\t\t<\/dd>\n\t\t<\/dl>\n\t\t\t<dl class=\"gallery-item\">\n\t\t\t<dt class=\"gallery-icon\">\n\t\t\t<a data-title=\"\" title=\"\" href=\"https:\/\/www.apartmany-termal.sk\/wp-content\/uploads\/2021\/08\/ubytovanie-kupeled-unajska-streda.jpg\" data-rel=\"tb_p5h0309\" class=\"themify_lightbox\"><img loading=\"lazy\" decoding=\"async\" loading=\"lazy\" src=\"https:\/\/www.apartmany-termal.sk\/wp-content\/uploads\/2021\/08\/ubytovanie-kupeled-unajska-streda-1024x684-600x400.jpg\" width=\"600\" height=\"400\" class=\"wp-post-image wp-image-792\" title=\"ubytovanie-kupeled-unajska-streda\" alt=\"ubytovanie-kupeled-unajska-streda\" srcset=\"https:\/\/www.apartmany-termal.sk\/wp-content\/uploads\/2021\/08\/ubytovanie-kupeled-unajska-streda-1024x684-600x400.jpg 600w, https:\/\/www.apartmany-termal.sk\/wp-content\/uploads\/2021\/08\/ubytovanie-kupeled-unajska-streda-300x200.jpg 300w, https:\/\/www.apartmany-termal.sk\/wp-content\/uploads\/2021\/08\/ubytovanie-kupeled-unajska-streda-1024x684.jpg 1024w, https:\/\/www.apartmany-termal.sk\/wp-content\/uploads\/2021\/08\/ubytovanie-kupeled-unajska-streda-768x513.jpg 768w, https:\/\/www.apartmany-termal.sk\/wp-content\/uploads\/2021\/08\/ubytovanie-kupeled-unajska-streda-1536x1026.jpg 1536w, https:\/\/www.apartmany-termal.sk\/wp-content\/uploads\/2021\/08\/ubytovanie-kupeled-unajska-streda.jpg 1920w\" sizes=\"auto, (max-width: 600px) 100vw, 600px\" \/><\/a>\t\t\t<\/dt>\n\t\t\t<dd>\n\t\t\t\t\t\t\t\t\t\t\t<\/dd>\n\t\t<\/dl>\n\t\t\t<dl class=\"gallery-item\">\n\t\t\t<dt class=\"gallery-icon\">\n\t\t\t<a data-title=\"\" title=\"\" href=\"https:\/\/www.apartmany-termal.sk\/wp-content\/uploads\/2021\/08\/wellness-ds-1.jpg\" data-rel=\"tb_p5h0309\" class=\"themify_lightbox\"><img loading=\"lazy\" decoding=\"async\" loading=\"lazy\" src=\"https:\/\/www.apartmany-termal.sk\/wp-content\/uploads\/2021\/08\/wellness-ds-1-1024x684-600x400.jpg\" width=\"600\" height=\"400\" class=\"wp-post-image wp-image-886\" title=\"wellness-ds\" alt=\"wellness-ds\" srcset=\"https:\/\/www.apartmany-termal.sk\/wp-content\/uploads\/2021\/08\/wellness-ds-1-1024x684-600x400.jpg 600w, https:\/\/www.apartmany-termal.sk\/wp-content\/uploads\/2021\/08\/wellness-ds-1-300x200.jpg 300w, https:\/\/www.apartmany-termal.sk\/wp-content\/uploads\/2021\/08\/wellness-ds-1-1024x684.jpg 1024w, https:\/\/www.apartmany-termal.sk\/wp-content\/uploads\/2021\/08\/wellness-ds-1-768x513.jpg 768w, https:\/\/www.apartmany-termal.sk\/wp-content\/uploads\/2021\/08\/wellness-ds-1-1536x1026.jpg 1536w, https:\/\/www.apartmany-termal.sk\/wp-content\/uploads\/2021\/08\/wellness-ds-1.jpg 1920w\" sizes=\"auto, (max-width: 600px) 100vw, 600px\" \/><\/a>\t\t\t<\/dt>\n\t\t\t<dd>\n\t\t\t\t\t\t\t\t\t\t\t<\/dd>\n\t\t<\/dl>\n\t\t\t<dl class=\"gallery-item\">\n\t\t\t<dt class=\"gallery-icon\">\n\t\t\t<a data-title=\"\" title=\"\" href=\"https:\/\/www.apartmany-termal.sk\/wp-content\/uploads\/2021\/10\/ranajky_2.jpg\" data-rel=\"tb_p5h0309\" class=\"themify_lightbox\"><img loading=\"lazy\" decoding=\"async\" loading=\"lazy\" src=\"https:\/\/www.apartmany-termal.sk\/wp-content\/uploads\/2021\/10\/ranajky_2-600x400.jpg\" width=\"600\" height=\"400\" class=\"wp-post-image wp-image-997\" title=\"ranajky_2\" alt=\"ranajky_2\"><\/a>\t\t\t<\/dt>\n\t\t\t<dd>\n\t\t\t\t\t\t\t\t\t\t\t<\/dd>\n\t\t<\/dl>\n\t<\/div>\n<\/div>\n<!-- \/module gallery -->\t        <\/div>\n\t    \t<\/div>\n\t\t    <\/div>\n\t    <!-- \/row_inner -->\n\t<\/div>\n\t<!-- \/module_row -->\n\t    <\/div>\n<!--\/themify_builder_content-->\n<\/div>\n<\/p><h1 style=\"text-align: center;\"><strong>Tato nab\u00eddka je \u010dasov\u011b omezen\u00e1 do 31. 03. 2026<\/strong><\/h1><ul><li>n\u00e1stup na pobyt mo\u017en\u00fd pouze ve dnech <strong>ned\u011ble<\/strong> nebo <strong>pond\u011bl\u00ed\u00a0<\/strong><\/li><li>pobyt nelze vyu\u017e\u00edt b\u011bhem sv\u00e1tk\u016f<\/li><\/ul><p><img loading=\"lazy\" decoding=\"async\" src=\"https:\/\/www.apartmany-termal.sk\/wp-content\/uploads\/2021\/08\/bazeny-wellness.jpg\" sizes=\"(max-width: 1920px) 100vw, 1920px\" srcset=\"https:\/\/www.apartmany-termal.sk\/wp-content\/uploads\/2021\/08\/bazeny-wellness.jpg 1920w, https:\/\/www.apartmany-termal.sk\/wp-content\/uploads\/2021\/08\/bazeny-wellness-300x200.jpg 300w, https:\/\/www.apartmany-termal.sk\/wp-content\/uploads\/2021\/08\/bazeny-wellness-1024x684.jpg 1024w, https:\/\/www.apartmany-termal.sk\/wp-content\/uploads\/2021\/08\/bazeny-wellness-768x513.jpg 768w, https:\/\/www.apartmany-termal.sk\/wp-content\/uploads\/2021\/08\/bazeny-wellness-1536x1026.jpg 1536w, https:\/\/www.apartmany-termal.sk\/wp-content\/uploads\/2021\/08\/bazeny-wellness-1024x684-600x400.jpg 600w\" width=\"1920\" height=\"1282\" \/><\/p><h3 style=\"text-align: center;\"><strong>Pokud Va\u0161i rezervaci dokon\u010d\u00edte nyn\u00ed, z\u00edsk\u00e1te nav\u00edc tyto v\u00fdhody:<\/strong><\/h3><ul><li>Wellness pobyt &#8211; <strong>\u00a08400K\u010d<\/strong><\/li><li>1x mas\u00e1\u017e pro 2 osoby &#8211;\u00a0<strong>\u00a0700K\u010d<\/strong>\u00a0<\/li><li>Nealkoholick\u00e9 n\u00e1poje a pivo \u00a0(neomezen\u011b) &#8211;\u00a0<strong>1 875 K\u010d<\/strong><\/li><li>Stravov\u00e1n\u00ed formou POLOPENZE &#8211; <strong>2 550 K\u010d<\/strong><\/li><li>L\u00e1hev vynikaj\u00edc\u00edho v\u00edna p\u0159i p\u0159\u00edjezdu na pokoj &#8211;\u00a0<strong>300\u00a0K\u010d<\/strong><\/li><li><strong>To by bylo dohromady 13 825 K\u010d.<\/strong><\/li><\/ul><h3>Dnes v\u00fdjime\u010dn\u011b za cenu 10 490<strong>\u00a0K\u010d pro 2 osoby.<\/strong><\/h3><p>Tak\u017ee, pokud skute\u010dn\u011b chcete za\u017e\u00edt prodlou\u017een\u00fd v\u00edkend, na kter\u00fd nikdy nezapomenete, je toto ta nejlep\u0161\u00ed nab\u00eddka, kterou byste si nem\u011bli nechat ut\u00e9ct.\u00a0<\/p><p>S \u00factou<\/p><p>Ing. Milo\u0161 Klement\u00a0<\/p><p>\u0158editel Apartm\u00e1n\u016f Termal<\/p><h2 style=\"text-align: center;\">P\u0158EDB\u011a\u017dN\u00c1 REZERVACE<\/h2><p style=\"text-align: center;\"><strong>D\u016eLE\u017dIT\u00c9 UPOZORN\u011aN\u00cd: VYTVO\u0158EN\u00c1 REZERVACE JE PL\u00c1TNA A Z\u00c1VAZN\u00c1 A\u017d PO P\u00cdSEMN\u00c9M POTVRZEN\u00cd RECEPC\u00cd APARTM\u00c1N\u016e TERMAL<\/strong><\/p><p>\n<div class=\"wpcf7 no-js\" id=\"wpcf7-f3327-o1\" lang=\"sk-SK\" dir=\"ltr\" data-wpcf7-id=\"3327\">\n<div class=\"screen-reader-response\"><p role=\"status\" aria-live=\"polite\" aria-atomic=\"true\"><\/p> <ul><\/ul><\/div>\n<form action=\"\/cs\/wp-json\/wp\/v2\/pages\/3172#wpcf7-f3327-o1\" method=\"post\" class=\"wpcf7-form init\" aria-label=\"Kontaktn\u00fd formul\u00e1r\" novalidate=\"novalidate\" data-status=\"init\">\n<fieldset class=\"hidden-fields-container\"><input type=\"hidden\" name=\"_wpcf7\" value=\"3327\" \/><input type=\"hidden\" name=\"_wpcf7_version\" value=\"6.1.5\" \/><input type=\"hidden\" name=\"_wpcf7_locale\" value=\"sk_SK\" \/><input type=\"hidden\" name=\"_wpcf7_unit_tag\" value=\"wpcf7-f3327-o1\" \/><input type=\"hidden\" name=\"_wpcf7_container_post\" value=\"0\" \/><input type=\"hidden\" name=\"_wpcf7_posted_data_hash\" value=\"\" \/><input type=\"hidden\" name=\"_wpcf7_recaptcha_response\" value=\"\" \/>\n<\/fieldset>\n<div class=\"row_inner\">\n\t<div class=\"module_column tb-column col3-1 first\">\n\t\t<p><label> Jm\u00e9no a p\u0159\u00edjmen\u00ed<br \/>\n<span class=\"wpcf7-form-control-wrap\" data-name=\"your-name\"><input size=\"40\" maxlength=\"400\" class=\"wpcf7-form-control wpcf7-text wpcf7-validates-as-required\" aria-required=\"true\" aria-invalid=\"false\" value=\"\" type=\"text\" name=\"your-name\" \/><\/span> <\/label>\n\t\t<\/p>\n\t<\/div>\n\t<div class=\"module_column tb-column col3-1 middle\">\n\t\t<p><label> V\u00e1\u0161 email<br \/>\n<span class=\"wpcf7-form-control-wrap\" data-name=\"your-email\"><input size=\"40\" maxlength=\"400\" class=\"wpcf7-form-control wpcf7-email wpcf7-validates-as-required wpcf7-text wpcf7-validates-as-email\" aria-required=\"true\" aria-invalid=\"false\" value=\"\" type=\"email\" name=\"your-email\" \/><\/span> <\/label>\n\t\t<\/p>\n\t<\/div>\n\t<div class=\"module_column tb-column col3-1 last\">\n\t\t<p><label> V\u00e1\u0161 telefon<br \/>\n<span class=\"wpcf7-form-control-wrap\" data-name=\"tel-cislo\"><input size=\"40\" maxlength=\"400\" class=\"wpcf7-form-control wpcf7-tel wpcf7-validates-as-required wpcf7-text wpcf7-validates-as-tel\" aria-required=\"true\" aria-invalid=\"false\" value=\"\" type=\"tel\" name=\"tel-cislo\" \/><\/span> <\/label>\n\t\t<\/p>\n\t<\/div>\n<\/div>\n<div class=\"row_inner\">\n\t<div class=\"module_column tb-column col2-1 first\">\n\t\t<p><label> P\u0159\u00edjezd<br \/>\n<span class=\"wpcf7-form-control-wrap\" data-name=\"prijazd\"><input class=\"wpcf7-form-control wpcf7-date wpcf7-validates-as-required wpcf7-validates-as-date\" aria-required=\"true\" aria-invalid=\"false\" value=\"2026-05-01\" type=\"date\" name=\"prijazd\" \/><\/span> <\/label>\n\t\t<\/p>\n\t<\/div>\n\t<div class=\"module_column tb-column col2-1 last\">\n\t\t<p><label> Odjezd<br \/>\n<span class=\"wpcf7-form-control-wrap\" data-name=\"odjazd\"><input class=\"wpcf7-form-control wpcf7-date wpcf7-validates-as-required wpcf7-validates-as-date\" aria-required=\"true\" aria-invalid=\"false\" value=\"2026-05-02\" type=\"date\" name=\"odjazd\" \/><\/span> <\/label>\n\t\t<\/p>\n\t<\/div>\n<\/div>\n<div class=\"row_inner\">\n\t<div class=\"module_column tb-column col2-1 first\">\n\t\t<p><label> Dosp\u011bl\u00ed<br \/>\n<span class=\"wpcf7-form-control-wrap\" data-name=\"dospeli\"><input class=\"wpcf7-form-control wpcf7-number wpcf7-validates-as-required wpcf7-validates-as-number\" min=\"1\" max=\"8\" aria-required=\"true\" aria-invalid=\"false\" value=\"2\" type=\"number\" name=\"dospeli\" \/><\/span> <\/label>\n\t\t<\/p>\n\t<\/div>\n\t<div class=\"module_column tb-column col2-1 last\">\n\t\t<p><label> Deti<br \/>\n<span class=\"wpcf7-form-control-wrap\" data-name=\"deti\"><input class=\"wpcf7-form-control wpcf7-number wpcf7-validates-as-number\" min=\"0\" max=\"8\" aria-invalid=\"false\" value=\"0\" type=\"number\" name=\"deti\" \/><\/span> <\/label>\n\t\t<\/p>\n\t<\/div>\n<\/div>\n<p><label> Va\u0161a spr\u00e1va (volite\u013en\u00e9)<br \/>\n<span class=\"wpcf7-form-control-wrap\" data-name=\"your-message\"><textarea cols=\"40\" rows=\"10\" maxlength=\"2000\" class=\"wpcf7-form-control wpcf7-textarea\" aria-invalid=\"false\" name=\"your-message\"><\/textarea><\/span> <\/label>\n<\/p>\n<p><span class=\"wpcf7-form-control-wrap\" data-name=\"acceptance-223\"><span class=\"wpcf7-form-control wpcf7-acceptance\"><span class=\"wpcf7-list-item\"><label><input type=\"checkbox\" name=\"acceptance-223\" value=\"1\" aria-invalid=\"false\" \/><span class=\"wpcf7-list-item-label\">OBEZN\u00c1MIL JSEM SE S OCHRANOU OSOBN\u00cdCH \u00daDAJ\u016e. POROZUM\u011aL JSEM JEHO OBSAHU A V CEL\u00c9M ROZSAHU S N\u00cdM SOUHLAS\u00cdM.<\/span><\/label><\/span><\/span><\/span>\n<\/p>\n<p><input class=\"wpcf7-form-control wpcf7-submit has-spinner\" type=\"submit\" value=\"Odeslat rezervaci\" \/>\n<\/p><div class=\"wpcf7-response-output\" aria-hidden=\"true\"><\/div>\n<\/form>\n<\/div>\n<\/p><h2 style=\"text-align: center;\"><strong>Z\u00e1kazn\u00edci n\u00e1s hodnot\u00ed<\/strong><\/h2><p>Vst\u0159\u00edcn\u00fd a mil\u00fd person\u00e1l v\u0161e bylo v po\u0159\u00e1dku skv\u011bl\u00fd odpo\u010dinkov\u00fd den kter\u00fd jsme v tomhle apartm\u00e1n str\u00e1vili se vstupem do term\u00e1ln\u00edch l\u00e1zn\u00ed j\u00eddlo vynikaj\u00edc\u00ed prost\u011b nen\u00ed co vytknout Uv\u00edtali jsme i parkov\u00e1n\u00ed zdarma.<\/p><p>TOM\u00c1\u0160<\/p><p>Person\u00e1l skv\u011bl\u00fd \ud83d\ude09 prost\u0159ed\u00ed p\u0159\u00edjemn\u00e9 a \u010dist\u00e9 \ud83d\udc4d\ud83d\ude09moc d\u011bkujeme za kr\u00e1sn\u00fd pobyt. \ud83e\udd17<\/p><p>MIROSLAVA<\/p><p>Sn\u00eddan\u011b byla v\u00fdborn\u00e1 a chutn\u00e1. V\u0161eho bylo dostatek.<\/p><p>VLADIM\u00cdR<\/p><p>P\u0159\u00edjemn\u00e9 p\u0159iv\u00edt\u00e1n\u00ed pan\u00ed recep\u010dn\u00ed, vybavenost apartm\u00e1nu a \u010distota pokoje. Okol\u00ed ubytov\u00e1n\u00ed je tak\u00e9 velice vkusn\u011b a hezky provedeno. Jen p\u00e1r metr\u016f ke vstupu koupali\u0161t\u011b.<\/p><p>PETR<\/p>\t\t\t\t\t\t\t\t<\/div>\n\t\t\t\t<\/div>\n\t\t\t\t\t<\/div>\n\t\t\t\t<\/div>\n\t\t\t\t<\/div>\n\t\t<!--themify_builder_content-->\n<div id=\"themify_builder_content-3172\" data-postid=\"3172\" class=\"themify_builder_content themify_builder_content-3172 themify_builder tf_clear\">\n    \t<!-- module_row -->\n\t<div  data-lazy=\"1\" class=\"module_row themify_builder_row repeat tb_eabi216 tf_clearfix\" >\n\t    \t\t<div class=\"row_inner col_align_middle tf_box tf_w tf_rel\">\n\t\t\t<div  data-lazy=\"1\" class=\"module_column tb-column col4-1 first tb_ppip217 tf_box\">\n\t\t\t    \t<\/div>\n\t\t<div  data-lazy=\"1\" class=\"module_column tb-column col4-2 middle tb_hang217 tf_box\">\n\t\t\t    \t        <div class=\"tb-column-inner tf_box tf_w\">\n\t\t    <!-- module text -->\n<div  class=\"module module-text tb_5xnp217   \" data-lazy=\"1\">\n        <div  class=\"tb_text_wrap\">\n    <div class=\"reserve_banner_text\"><strong>POZOR: <\/strong>TUTO NAB\u00cdDKU NAJDETE POUZE NA T\u00c9TO STR\u00c1NCE<\/div>\n    <\/div>\n<\/div>\n<!-- \/module text -->\t        <\/div>\n\t    \t<\/div>\n\t\t<div  data-lazy=\"1\" class=\"module_column tb-column col4-1 last tb_urbx217 tf_box\">\n\t\t\t    \t        <div class=\"tb-column-inner tf_box tf_w\">\n\t\t    <!-- module buttons -->\n<div  class=\"module module-buttons tb_yovz217 buttons-horizontal solid  rounded tf_textc\" data-lazy=\"1\">\n    \t<div class=\"module-buttons-item tf_inline_b\">\n\t\t\t\t\t\t\t<a href=\"#rezervace\" class=\"ui builder_button transparent\" >\n\t\t\t\t\t\t\t\t\t\t\t<span class=\"tf_inline_b tf_vmiddle\">Rezervovat<\/span>\n\t\t\t\t\t\t\t\t\t\t\t<\/a>\n\t\t\t    \t<\/div>\n\t<\/div>\n<!-- \/module buttons -->\n\t        <\/div>\n\t    \t<\/div>\n\t\t    <\/div>\n\t    <!-- \/row_inner -->\n\t<\/div>\n\t<!-- \/module_row -->\n\t\t<!-- module_row -->\n\t<div  data-lazy=\"1\" class=\"module_row themify_builder_row tb_y961384 tf_clearfix\" >\n\t    \t\t<div class=\"row_inner col_align_middle tf_box tf_w tf_rel\">\n\t\t\t<div  data-lazy=\"1\" class=\"module_column tb-column col-full first tb_nj3o385 tf_box\">\n\t\t\t    \t        <div class=\"tb-column-inner tf_box tf_w\">\n\t\t    <!-- module text -->\n<div  class=\"module module-text tb_2chj385   \" data-lazy=\"1\">\n        <div  class=\"tb_text_wrap\">\n    <h1 style=\"text-align: center;\">WELLNESS POBYT S N\u00c1POJI ZDARMA + POLOPENZE PRO 2 OSOBY. P\u016eVODN\u00cd CENA 13 825 K\u010c, NYN\u00cd JENOM 10 490 K\u010c<\/h1>    <\/div>\n<\/div>\n<!-- \/module text --><!-- module image -->\n<div  class=\"module module-image tb_s40h446   image-center tf_mw\" data-lazy=\"1\">\n        <div class=\"image-wrap tf_rel tf_mw\">\n\t\t    <img loading=\"lazy\" loading=\"lazy\" decoding=\"async\" width=\"1024\" height=\"512\" src=\"https:\/\/www.apartmany-termal.sk\/wp-content\/uploads\/2021\/08\/wellness-pobyty-slovensko.webp\" class=\"wp-post-image wp-image-846\" title=\"wellness-pobyty-slovensko\" alt=\"wellness-pobyty-slovensko\" srcset=\"https:\/\/www.apartmany-termal.sk\/wp-content\/uploads\/2021\/08\/wellness-pobyty-slovensko.webp 1024w, https:\/\/www.apartmany-termal.sk\/wp-content\/uploads\/2021\/08\/wellness-pobyty-slovensko-300x150.webp 300w, https:\/\/www.apartmany-termal.sk\/wp-content\/uploads\/2021\/08\/wellness-pobyty-slovensko-768x384.webp 768w\" sizes=\"auto, (max-width: 1024px) 100vw, 1024px\" \/>\t\n\t\t<\/div>\n\t<!-- \/image-wrap -->\n    \n    \t<\/div>\n<!-- \/module image -->\t        <\/div>\n\t    \t<\/div>\n\t\t    <\/div>\n\t    <!-- \/row_inner -->\n\t<\/div>\n\t<!-- \/module_row -->\n\t\t<!-- module_row -->\n\t<div  data-lazy=\"1\" class=\"module_row themify_builder_row tb_2ob6529 tf_clearfix\" >\n\t    \t\t<div class=\"row_inner col_align_middle tf_box tf_w tf_rel\">\n\t\t\t<div  data-lazy=\"1\" class=\"module_column tb-column col-full first tb_a8k8529 tf_box\">\n\t\t\t    \t        <div class=\"tb-column-inner tf_box tf_w\">\n\t\t    <!-- module text -->\n<div  class=\"module module-text tb_0gau643   \" data-lazy=\"1\">\n        <div  class=\"tb_text_wrap\">\n    <h3 style=\"text-align: center;\"><strong>Pro\u017eijte 3 noci v luxusn\u00edch Apartm\u00e1nech Termal***, kter\u00e9 se nach\u00e1z\u00ed v kr\u00e1sn\u00e9m prost\u0159ed\u00ed Thermal Parku Dunajsk\u00e9 Stredy. Wellness pobyt, na kter\u00fd nezapomenete.\u00a0<\/strong><\/h3>    <\/div>\n<\/div>\n<!-- \/module text --><!-- module text -->\n<div  class=\"module module-text tb_vhka530   \" data-lazy=\"1\">\n        <div  class=\"tb_text_wrap\">\n    <ul>\n<li aria-level=\"1\"><strong>Nealkoholick\u00e9 n\u00e1poje a pivo \u00a0ZDARMA\u200b\u200b<\/strong><\/li>\n<li aria-level=\"1\"><span style=\"font-weight: 400;\">Stravov\u00e1n\u00ed formou <strong>POLOPENZE\u200b<\/strong><\/span><\/li>\n<li style=\"font-weight: 400;\" aria-level=\"1\"><strong>1 x mas\u00e1\u017e pro 2 osoby (20 minutov\u00e1 mas\u00e1\u017e krku a \u0161\u00edje)<\/strong><\/li>\n<li aria-level=\"1\"><strong>L\u00e1hev kvalitn\u00edho v\u00edna<\/strong> na pokoji\u00a0<\/li>\n<\/ul>    <\/div>\n<\/div>\n<!-- \/module text --><!-- module callout -->\n<div  class=\"module ui module-callout tb_0g9a579 button-bottom-center tb_default_color   \" data-lazy=\"1\">\n    \n    <div class=\"callout-inner\">\n\t<div class=\"callout-content tf_left\">\n\t    <h3 class=\"callout-heading\">Posp\u011b\u0161te si! Akce za chv\u00edli kon\u010d\u00ed!<\/h3>\n\t    <div class=\"tb_text_wrap\">\n\t\t\t\t    <\/div>\n\t<\/div>\n\t<!-- \/callout-content -->\n\t\t    <div class=\"callout-button tf_right tf_textr\">\n\t\t    <a href=\"#rezervace\" class=\"ui builder_button  orange\">\n\t\t\t\t<span class=\"tb_callout_text\">REZERVOVAT SPECI\u00c1LN\u00cd POBYT<\/span>\n\t\t    <\/a>\n\t\t<\/div>\n\t        <\/div>\n    <!-- \/callout-content -->\n<\/div>\n<!-- \/module callout -->\n\t        <\/div>\n\t    \t<\/div>\n\t\t    <\/div>\n\t    <!-- \/row_inner -->\n\t<\/div>\n\t<!-- \/module_row -->\n\t\t<!-- module_row -->\n\t<div  data-lazy=\"1\" class=\"module_row themify_builder_row tb_v9ar228 tf_clearfix\" >\n\t    \t\t<div class=\"row_inner col_align_top tf_box tf_w tf_rel\">\n\t\t\t<div  data-lazy=\"1\" class=\"module_column tb-column col2-1 first tb_a45s228 tf_box\">\n\t\t\t    \t        <div class=\"tb-column-inner tf_box tf_w\">\n\t\t    <!-- module image -->\n<div  class=\"module module-image tb_1unf40   image-top tf_mw\" data-lazy=\"1\">\n        <div class=\"image-wrap tf_rel tf_mw\">\n\t\t    <img loading=\"lazy\" loading=\"lazy\" decoding=\"async\" width=\"1128\" height=\"773\" src=\"https:\/\/www.apartmany-termal.sk\/wp-content\/uploads\/2022\/09\/finska-sauna-02.jpg\" class=\"wp-post-image wp-image-3218\" title=\"finska-sauna-02\" alt=\"finska-sauna-02\" srcset=\"https:\/\/www.apartmany-termal.sk\/wp-content\/uploads\/2022\/09\/finska-sauna-02.jpg 1128w, https:\/\/www.apartmany-termal.sk\/wp-content\/uploads\/2022\/09\/finska-sauna-02-300x206.jpg 300w, https:\/\/www.apartmany-termal.sk\/wp-content\/uploads\/2022\/09\/finska-sauna-02-1024x702.jpg 1024w, https:\/\/www.apartmany-termal.sk\/wp-content\/uploads\/2022\/09\/finska-sauna-02-768x526.jpg 768w\" sizes=\"auto, (max-width: 1128px) 100vw, 1128px\" \/>\t\n\t\t<\/div>\n\t<!-- \/image-wrap -->\n    \n    \t<\/div>\n<!-- \/module image -->\t        <\/div>\n\t    \t<\/div>\n\t\t<div  data-lazy=\"1\" class=\"module_column tb-column col2-1 last tb_h7zd229 tf_box\">\n\t\t\t    \t        <div class=\"tb-column-inner tf_box tf_w\">\n\t\t    <!-- module text -->\n<div  class=\"module module-text tb_0b8525   \" data-lazy=\"1\">\n        <div  class=\"tb_text_wrap\">\n    <h2><strong>P\u0159esta\u0148te se spokojovat se standardem, kdy\u017e m\u016f\u017eete m\u00edt luxus\u2026<\/strong><\/h2>\n<p><strong>Pivo a nealko n\u00e1poje ZDARMA<\/strong><br \/><strong>Neomezen\u00e1 mo\u017enost vyu\u017eit\u00ed term\u00e1ln\u00edch baz\u00e9n\u016f<\/strong><br \/><strong>Stravov\u00e1n\u00ed formou POLOPENZE<\/strong><\/p>\n<p><strong>Jestli s pobytem nebudete spokojeni, m\u00e1te 100% garanci vr\u00e1cen\u00ed pen\u011bz.<\/strong><\/p>\n<p><strong>100 % Garance vr\u00e1cen\u00ed pen\u011bz v p\u0159\u00edpad\u011b vl\u00e1dn\u00edch na\u0159\u00edzen\u00edch o uzav\u0159en\u00ed hotel\u016f. <\/strong><strong>Tato nab\u00eddka je neve\u0159ejn\u00e1 a nikde jinde ji nenajdete.<\/strong><\/p>    <\/div>\n<\/div>\n<!-- \/module text -->\t        <\/div>\n\t    \t<\/div>\n\t\t    <\/div>\n\t    <!-- \/row_inner -->\n\t<\/div>\n\t<!-- \/module_row -->\n\t\t<!-- module_row -->\n\t<div  data-lazy=\"1\" class=\"module_row themify_builder_row tb_1xoa528 tf_clearfix\" >\n\t    \t\t<div class=\"row_inner col_align_top tf_box tf_w tf_rel\">\n\t\t\t<div  data-lazy=\"1\" class=\"module_column tb-column col-full first tb_agpq529 tf_box\">\n\t\t\t    \t        <div class=\"tb-column-inner tf_box tf_w\">\n\t\t    <!-- module text -->\n<div  class=\"module module-text tb_b011666   \" data-lazy=\"1\">\n        <div  class=\"tb_text_wrap\">\n    <h2 style=\"text-align: center;\"><strong>REZERVUJTE SI V\u00c1\u0160 WELLNESS POBYT NYN\u00cd SPOLU S BONUSEM<\/strong><\/h2>\n<ul>\n<li>Pokud rezervaci provedete skute\u010dn\u011b nyn\u00ed, bude na V\u00e1s na pokoji p\u0159i p\u0159\u00edjezdu \u010dekat l\u00e1hev vynikaj\u00edc\u00edho v\u00edna &#8211; <strong>ZDARMA!<\/strong><\/li>\n<\/ul>    <\/div>\n<\/div>\n<!-- \/module text -->\t        <\/div>\n\t    \t<\/div>\n\t\t    <\/div>\n\t    <!-- \/row_inner -->\n\t<\/div>\n\t<!-- \/module_row -->\n\t\t<!-- module_row -->\n\t<div  data-lazy=\"1\" class=\"module_row themify_builder_row tb_67fa692 tf_clearfix\" >\n\t    \t\t<div class=\"row_inner col_align_top tf_box tf_w tf_rel\">\n\t\t\t<div  data-lazy=\"1\" class=\"module_column tb-column col2-1 first tb_ka5x693 tf_box\">\n\t\t\t    \t        <div class=\"tb-column-inner tf_box tf_w\">\n\t\t    <!-- module text -->\n<div  class=\"module module-text tb_rkku695   \" data-lazy=\"1\">\n        <div  class=\"tb_text_wrap\">\n    <h2><strong><br \/>GARANCE 100% VR\u00c1CEN\u00cd PEN\u011aZ<\/strong><\/h2>\n<h3><strong><br \/>Pokud z jak\u00e9hokoliv d\u016fvodu nebudete spokojeni, vr\u00e1t\u00edme v\u00e1m bez ptan\u00ed pen\u00edze.<\/strong><\/h3>    <\/div>\n<\/div>\n<!-- \/module text -->\t        <\/div>\n\t    \t<\/div>\n\t\t<div  data-lazy=\"1\" class=\"module_column tb-column col2-1 last tb_1882695 tf_box\">\n\t\t\t    \t        <div class=\"tb-column-inner tf_box tf_w\">\n\t\t    <!-- module image -->\n<div  class=\"module module-image tb_qr54694   image-top tf_mw\" data-lazy=\"1\">\n        <div class=\"image-wrap tf_rel tf_mw\">\n\t\t    <img loading=\"lazy\" loading=\"lazy\" decoding=\"async\" width=\"700\" height=\"480\" src=\"https:\/\/www.apartmany-termal.sk\/wp-content\/uploads\/2022\/09\/vyjimecny-zazitek.jpg\" class=\"wp-post-image wp-image-3245\" title=\"vyjimecny-zazitek\" alt=\"vyjimecny-zazitek\" srcset=\"https:\/\/www.apartmany-termal.sk\/wp-content\/uploads\/2022\/09\/vyjimecny-zazitek.jpg 700w, https:\/\/www.apartmany-termal.sk\/wp-content\/uploads\/2022\/09\/vyjimecny-zazitek-300x206.jpg 300w\" sizes=\"auto, (max-width: 700px) 100vw, 700px\" \/>\t\n\t\t<\/div>\n\t<!-- \/image-wrap -->\n    \n    \t<\/div>\n<!-- \/module image -->\t        <\/div>\n\t    \t<\/div>\n\t\t    <\/div>\n\t    <!-- \/row_inner -->\n\t<\/div>\n\t<!-- \/module_row -->\n\t\t<!-- module_row -->\n\t<div  data-lazy=\"1\" class=\"module_row themify_builder_row tb_9m5v153 tf_clearfix\" >\n\t    \t\t<div class=\"row_inner col_align_top tf_box tf_w tf_rel\">\n\t\t\t<div  data-lazy=\"1\" class=\"module_column tb-column col-full first tb_sqou154 tf_box\">\n\t\t\t    \t<\/div>\n\t\t    <\/div>\n\t    <!-- \/row_inner -->\n\t<\/div>\n\t<!-- \/module_row -->\n\t\t<!-- module_row -->\n\t<div  data-lazy=\"1\" class=\"module_row themify_builder_row repeat tb_wv8u865 tf_clearfix\" >\n\t    \t\t<div class=\"row_inner col_align_top tf_box tf_w tf_rel\">\n\t\t\t<div  data-lazy=\"1\" class=\"module_column tb-column col-full first tb_tdd6865 tf_box\">\n\t\t\t    \t        <div class=\"tb-column-inner tf_box tf_w\">\n\t\t    <!-- module text -->\n<div  class=\"module module-text tb_9y4x73   \" data-lazy=\"1\">\n        <div  class=\"tb_text_wrap\">\n    <h1 style=\"text-align: center;\">K TOMU, ABYSTE SI U\u017dILI NEZAPOMENUTELN\u00dd WELLNESS POBYT, JSTE JEN KR\u016e\u010cEK<\/h1>\n<p style=\"text-align: center;\">Chcete za\u017e\u00edt pravou kr\u00e1su Dunajsk\u00e9 Stredy? \u2764 Zveme V\u00e1s na wellness pobyt do Wellness Apartm\u00e1nu Termal, kter\u00e9 se nach\u00e1z\u00ed v kr\u00e1sn\u00e9m prost\u0159ed\u00ed Dunajsk\u00e9 Stredy. Dop\u0159ejte si relax, wellness a u\u017eijte si V\u00e1\u0161 prodlou\u017een\u00fd v\u00edkend na 100 %.\u00a0<\/p>\n<p style=\"text-align: center;\">P\u0159ije\u010fte se p\u0159esv\u011bd\u010dit sami. V\u011b\u0159\u00edme, \u017ee po Va\u0161em pobytu nebudete cht\u00edt n\u00e1\u0161 hotel opustit. T\u011b\u0161\u00edme se na V\u00e1s.\u00a0<\/p>\n<p style=\"text-align: center;\">Pokud m\u00e1te z\u00e1jem za\u017e\u00edt kr\u00e1su t\u0159\u00edhv\u011bzdi\u010dkov\u00fdch Apartm\u00e1n\u016f Termal a okol\u00ed Dunajsk\u00e9 Stredy, s rezervac\u00ed neot\u00e1lejte a m\u011bjte jistotu, \u017ee tento luxusn\u00ed pobyt bude V\u00e1\u0161.<\/p>    <\/div>\n<\/div>\n<!-- \/module text --><!-- module text -->\n<div  class=\"module module-text tb_fuec866   \" data-lazy=\"1\">\n        <div  class=\"tb_text_wrap\">\n    <div class=\"tb_layout_part_wrap tf_w\">\n<!--themify_builder_content-->\n    <div  class=\"themify_builder_content themify_builder_content-3259 themify_builder not_editable_builder in_the_loop\" data-postid=\"3259\">\n        \t<!-- module_row -->\n\t<div  data-css_id=\"uhk61\" data-lazy=\"1\" class=\"module_row themify_builder_row fullwidth tb_uhk61 tf_clearfix\" >\n\t    \t\t<div class=\"row_inner col_align_top tf_box tf_w tf_rel\">\n\t\t\t<div  data-lazy=\"1\" class=\"module_column tb-column col-full first tb_xvl12 tf_box\">\n\t\t\t    \t        <div class=\"tb-column-inner tf_box tf_w\">\n\t\t    <!-- module gallery -->\n<div  class=\"module gallery module-gallery tb_p5h0309 layout-grid  \" data-lazy=\"1\">\n    <div class=\"module-gallery-grid gallery-columns-4 tf_clear\">\n\t\t\t<dl class=\"gallery-item\">\n\t\t\t<dt class=\"gallery-icon\">\n\t\t\t<a data-title=\"\" title=\"\" href=\"https:\/\/www.apartmany-termal.sk\/wp-content\/uploads\/2022\/09\/apartmany-termal.jpg\" data-rel=\"tb_p5h0309\" class=\"themify_lightbox\"><img fetchpriority=\"high\" decoding=\"async\" fetchpriority=\"high\" fetchpriority=\"high\" src=\"https:\/\/www.apartmany-termal.sk\/wp-content\/uploads\/2022\/09\/apartmany-termal-600x400.jpg\" width=\"600\" height=\"400\" class=\"wp-post-image wp-image-3261\" title=\"apartmany-termal\" alt=\"apartmany-termal\" srcset=\"https:\/\/www.apartmany-termal.sk\/wp-content\/uploads\/2022\/09\/apartmany-termal-600x400.jpg 600w, https:\/\/www.apartmany-termal.sk\/wp-content\/uploads\/2022\/09\/apartmany-termal-300x199.jpg 300w\" sizes=\"(max-width: 600px) 100vw, 600px\" \/><\/a>\t\t\t<\/dt>\n\t\t\t<dd>\n\t\t\t\t\t\t\t\t\t\t\t<\/dd>\n\t\t<\/dl>\n\t\t\t<dl class=\"gallery-item\">\n\t\t\t<dt class=\"gallery-icon\">\n\t\t\t<a data-title=\"\" title=\"Dvojl\u00f4\u017ekov\u00e9 \u0161t\u00fadio\" href=\"https:\/\/www.apartmany-termal.sk\/wp-content\/uploads\/2021\/10\/4_2.jpg\" data-rel=\"tb_p5h0309\" class=\"themify_lightbox\"><img loading=\"lazy\" decoding=\"async\" src=\"https:\/\/www.apartmany-termal.sk\/wp-content\/uploads\/2021\/10\/4_2-1024x684-600x400.jpg\" width=\"600\" height=\"400\" class=\"wp-post-image wp-image-1124\" title=\"4_2\" alt=\"4_2\" srcset=\"https:\/\/www.apartmany-termal.sk\/wp-content\/uploads\/2021\/10\/4_2-1024x684-600x400.jpg 600w, https:\/\/www.apartmany-termal.sk\/wp-content\/uploads\/2021\/10\/4_2-300x200.jpg 300w, https:\/\/www.apartmany-termal.sk\/wp-content\/uploads\/2021\/10\/4_2-1024x684.jpg 1024w, https:\/\/www.apartmany-termal.sk\/wp-content\/uploads\/2021\/10\/4_2-768x513.jpg 768w, https:\/\/www.apartmany-termal.sk\/wp-content\/uploads\/2021\/10\/4_2-1536x1026.jpg 1536w, https:\/\/www.apartmany-termal.sk\/wp-content\/uploads\/2021\/10\/4_2.jpg 1617w\" sizes=\"(max-width: 600px) 100vw, 600px\" \/><\/a>\t\t\t<\/dt>\n\t\t\t<dd class=\"wp-caption-text gallery-caption\">\n\t\t\t\t\t\t\t\t\t\t\t\t\t<span class=\"themify_image_caption\">Dvojl\u00f4\u017ekov\u00e9 \u0161t\u00fadio<\/span>\n\t\t\t\t\t\t\t<\/dd>\n\t\t<\/dl>\n\t\t\t<dl class=\"gallery-item\">\n\t\t\t<dt class=\"gallery-icon\">\n\t\t\t<a data-title=\"\" title=\"Apartm\u00e1n 2+2\" href=\"https:\/\/www.apartmany-termal.sk\/wp-content\/uploads\/2021\/08\/kupele-dunajska-streda.jpg\" data-rel=\"tb_p5h0309\" class=\"themify_lightbox\"><img loading=\"lazy\" decoding=\"async\" src=\"https:\/\/www.apartmany-termal.sk\/wp-content\/uploads\/2021\/08\/kupele-dunajska-streda-1024x684-600x400.jpg\" width=\"600\" height=\"400\" class=\"wp-post-image wp-image-797\" title=\"kupele-dunajska-streda\" alt=\"kupele-dunajska-streda\" srcset=\"https:\/\/www.apartmany-termal.sk\/wp-content\/uploads\/2021\/08\/kupele-dunajska-streda-1024x684-600x400.jpg 600w, https:\/\/www.apartmany-termal.sk\/wp-content\/uploads\/2021\/08\/kupele-dunajska-streda-300x200.jpg 300w, https:\/\/www.apartmany-termal.sk\/wp-content\/uploads\/2021\/08\/kupele-dunajska-streda-1024x684.jpg 1024w, https:\/\/www.apartmany-termal.sk\/wp-content\/uploads\/2021\/08\/kupele-dunajska-streda-768x513.jpg 768w, https:\/\/www.apartmany-termal.sk\/wp-content\/uploads\/2021\/08\/kupele-dunajska-streda-1536x1026.jpg 1536w, https:\/\/www.apartmany-termal.sk\/wp-content\/uploads\/2021\/08\/kupele-dunajska-streda.jpg 1920w\" sizes=\"(max-width: 600px) 100vw, 600px\" \/><\/a>\t\t\t<\/dt>\n\t\t\t<dd class=\"wp-caption-text gallery-caption\">\n\t\t\t\t\t\t\t\t\t\t\t\t\t<span class=\"themify_image_caption\">Apartm\u00e1n 2+2<\/span>\n\t\t\t\t\t\t\t<\/dd>\n\t\t<\/dl>\n\t\t\t<dl class=\"gallery-item\">\n\t\t\t<dt class=\"gallery-icon\">\n\t\t\t<a data-title=\"\" title=\"\" href=\"https:\/\/www.apartmany-termal.sk\/wp-content\/uploads\/2022\/02\/klasicka-masaz.jpg\" data-rel=\"tb_p5h0309\" class=\"themify_lightbox\"><img loading=\"lazy\" decoding=\"async\" loading=\"lazy\" loading=\"lazy\" src=\"https:\/\/www.apartmany-termal.sk\/wp-content\/uploads\/2022\/02\/klasicka-masaz-600x400.jpg\" width=\"600\" height=\"400\" class=\"wp-post-image wp-image-2459\" title=\"klasicka-masaz\" alt=\"klasicka-masaz\" srcset=\"https:\/\/www.apartmany-termal.sk\/wp-content\/uploads\/2022\/02\/klasicka-masaz-600x400.jpg 600w, https:\/\/www.apartmany-termal.sk\/wp-content\/uploads\/2022\/02\/klasicka-masaz-300x200.jpg 300w, https:\/\/www.apartmany-termal.sk\/wp-content\/uploads\/2022\/02\/klasicka-masaz-768x513.jpg 768w, https:\/\/www.apartmany-termal.sk\/wp-content\/uploads\/2022\/02\/klasicka-masaz.jpg 800w\" sizes=\"auto, (max-width: 600px) 100vw, 600px\" \/><\/a>\t\t\t<\/dt>\n\t\t\t<dd>\n\t\t\t\t\t\t\t\t\t\t\t<\/dd>\n\t\t<\/dl>\n\t\t\t<dl class=\"gallery-item\">\n\t\t\t<dt class=\"gallery-icon\">\n\t\t\t<a data-title=\"\" title=\"\" href=\"https:\/\/www.apartmany-termal.sk\/wp-content\/uploads\/2021\/10\/dunajska-streda-ubytovanie.webp\" data-rel=\"tb_p5h0309\" class=\"themify_lightbox\"><img loading=\"lazy\" decoding=\"async\" loading=\"lazy\" loading=\"lazy\" src=\"https:\/\/www.apartmany-termal.sk\/wp-content\/uploads\/2021\/10\/dunajska-streda-ubytovanie-1024x526-600x400.webp\" width=\"600\" height=\"400\" class=\"wp-post-image wp-image-1420\" title=\"dunajska-streda-ubytovanie\" alt=\"dunajska-streda-ubytovanie\"><\/a>\t\t\t<\/dt>\n\t\t\t<dd>\n\t\t\t\t\t\t\t\t\t\t\t<\/dd>\n\t\t<\/dl>\n\t\t\t<dl class=\"gallery-item\">\n\t\t\t<dt class=\"gallery-icon\">\n\t\t\t<a data-title=\"\" title=\"\" href=\"https:\/\/www.apartmany-termal.sk\/wp-content\/uploads\/2021\/08\/ubytovanie-kupeled-unajska-streda.jpg\" data-rel=\"tb_p5h0309\" class=\"themify_lightbox\"><img loading=\"lazy\" decoding=\"async\" loading=\"lazy\" loading=\"lazy\" src=\"https:\/\/www.apartmany-termal.sk\/wp-content\/uploads\/2021\/08\/ubytovanie-kupeled-unajska-streda-1024x684-600x400.jpg\" width=\"600\" height=\"400\" class=\"wp-post-image wp-image-792\" title=\"ubytovanie-kupeled-unajska-streda\" alt=\"ubytovanie-kupeled-unajska-streda\" srcset=\"https:\/\/www.apartmany-termal.sk\/wp-content\/uploads\/2021\/08\/ubytovanie-kupeled-unajska-streda-1024x684-600x400.jpg 600w, https:\/\/www.apartmany-termal.sk\/wp-content\/uploads\/2021\/08\/ubytovanie-kupeled-unajska-streda-300x200.jpg 300w, https:\/\/www.apartmany-termal.sk\/wp-content\/uploads\/2021\/08\/ubytovanie-kupeled-unajska-streda-1024x684.jpg 1024w, https:\/\/www.apartmany-termal.sk\/wp-content\/uploads\/2021\/08\/ubytovanie-kupeled-unajska-streda-768x513.jpg 768w, https:\/\/www.apartmany-termal.sk\/wp-content\/uploads\/2021\/08\/ubytovanie-kupeled-unajska-streda-1536x1026.jpg 1536w, https:\/\/www.apartmany-termal.sk\/wp-content\/uploads\/2021\/08\/ubytovanie-kupeled-unajska-streda.jpg 1920w\" sizes=\"auto, (max-width: 600px) 100vw, 600px\" \/><\/a>\t\t\t<\/dt>\n\t\t\t<dd>\n\t\t\t\t\t\t\t\t\t\t\t<\/dd>\n\t\t<\/dl>\n\t\t\t<dl class=\"gallery-item\">\n\t\t\t<dt class=\"gallery-icon\">\n\t\t\t<a data-title=\"\" title=\"\" href=\"https:\/\/www.apartmany-termal.sk\/wp-content\/uploads\/2021\/08\/wellness-ds-1.jpg\" data-rel=\"tb_p5h0309\" class=\"themify_lightbox\"><img loading=\"lazy\" decoding=\"async\" loading=\"lazy\" loading=\"lazy\" src=\"https:\/\/www.apartmany-termal.sk\/wp-content\/uploads\/2021\/08\/wellness-ds-1-1024x684-600x400.jpg\" width=\"600\" height=\"400\" class=\"wp-post-image wp-image-886\" title=\"wellness-ds\" alt=\"wellness-ds\" srcset=\"https:\/\/www.apartmany-termal.sk\/wp-content\/uploads\/2021\/08\/wellness-ds-1-1024x684-600x400.jpg 600w, https:\/\/www.apartmany-termal.sk\/wp-content\/uploads\/2021\/08\/wellness-ds-1-300x200.jpg 300w, https:\/\/www.apartmany-termal.sk\/wp-content\/uploads\/2021\/08\/wellness-ds-1-1024x684.jpg 1024w, https:\/\/www.apartmany-termal.sk\/wp-content\/uploads\/2021\/08\/wellness-ds-1-768x513.jpg 768w, https:\/\/www.apartmany-termal.sk\/wp-content\/uploads\/2021\/08\/wellness-ds-1-1536x1026.jpg 1536w, https:\/\/www.apartmany-termal.sk\/wp-content\/uploads\/2021\/08\/wellness-ds-1.jpg 1920w\" sizes=\"auto, (max-width: 600px) 100vw, 600px\" \/><\/a>\t\t\t<\/dt>\n\t\t\t<dd>\n\t\t\t\t\t\t\t\t\t\t\t<\/dd>\n\t\t<\/dl>\n\t\t\t<dl class=\"gallery-item\">\n\t\t\t<dt class=\"gallery-icon\">\n\t\t\t<a data-title=\"\" title=\"\" href=\"https:\/\/www.apartmany-termal.sk\/wp-content\/uploads\/2021\/10\/ranajky_2.jpg\" data-rel=\"tb_p5h0309\" class=\"themify_lightbox\"><img loading=\"lazy\" decoding=\"async\" loading=\"lazy\" loading=\"lazy\" src=\"https:\/\/www.apartmany-termal.sk\/wp-content\/uploads\/2021\/10\/ranajky_2-600x400.jpg\" width=\"600\" height=\"400\" class=\"wp-post-image wp-image-997\" title=\"ranajky_2\" alt=\"ranajky_2\"><\/a>\t\t\t<\/dt>\n\t\t\t<dd>\n\t\t\t\t\t\t\t\t\t\t\t<\/dd>\n\t\t<\/dl>\n\t<\/div>\n<\/div>\n<!-- \/module gallery -->\t        <\/div>\n\t    \t<\/div>\n\t\t    <\/div>\n\t    <!-- \/row_inner -->\n\t<\/div>\n\t<!-- \/module_row -->\n\t    <\/div>\n<!--\/themify_builder_content-->\n<\/div>\n    <\/div>\n<\/div>\n<!-- \/module text -->\t        <\/div>\n\t    \t<\/div>\n\t\t    <\/div>\n\t    <!-- \/row_inner -->\n\t<\/div>\n\t<!-- \/module_row -->\n\t\t<!-- module_row -->\n\t<div  data-lazy=\"1\" class=\"module_row themify_builder_row tb_5q39460 tf_clearfix\" >\n\t    \t\t<div class=\"row_inner col_align_middle tf_box tf_w tf_rel\">\n\t\t\t<div  data-lazy=\"1\" class=\"module_column tb-column col-full first tb_caq2460 tf_box\">\n\t\t\t    \t        <div class=\"tb-column-inner tf_box tf_w\">\n\t\t    <!-- module text -->\n<div  class=\"module module-text tb_aghj912   \" data-lazy=\"1\">\n        <div  class=\"tb_text_wrap\">\n    <h1 style=\"text-align: center;\"><strong>Tato nab\u00eddka je \u010dasov\u011b omezen\u00e1 do 31. 05. 2024 a od 1.10.2024 &#8211; 15.12.2024<\/strong><\/h1>\n<ul>\n<li>n\u00e1stup na pobyt mo\u017en\u00fd pouze ve dnech <strong>ned\u011ble<\/strong> nebo <strong>pond\u011bl\u00ed\u00a0<\/strong><\/li>\n<li>pobyt nelze vyu\u017e\u00edt b\u011bhem sv\u00e1tk\u016f<\/li>\n<\/ul>    <\/div>\n<\/div>\n<!-- \/module text --><!-- module image -->\n<div  class=\"module module-image tb_5cm815   image-top tf_mw\" data-lazy=\"1\">\n        <div class=\"image-wrap tf_rel tf_mw\">\n\t\t    <img loading=\"lazy\" loading=\"lazy\" decoding=\"async\" width=\"1920\" height=\"1282\" src=\"https:\/\/www.apartmany-termal.sk\/wp-content\/uploads\/2021\/08\/bazeny-wellness.jpg\" class=\"wp-post-image wp-image-875\" title=\"Wellness pobyt s n\u00e1poji zdarma + polopenze pro 2 osoby. P\u016fvodn\u00ed cena 14 075 K\u010d, te\u010f jenom 10 490 K\u010d.\" alt=\"Wellness pobyt s n\u00e1poji zdarma + polopenze pro 2 osoby. P\u016fvodn\u00ed cena 14 075 K\u010d, te\u010f jenom 10 490 K\u010d.\" srcset=\"https:\/\/www.apartmany-termal.sk\/wp-content\/uploads\/2021\/08\/bazeny-wellness.jpg 1920w, https:\/\/www.apartmany-termal.sk\/wp-content\/uploads\/2021\/08\/bazeny-wellness-300x200.jpg 300w, https:\/\/www.apartmany-termal.sk\/wp-content\/uploads\/2021\/08\/bazeny-wellness-1024x684.jpg 1024w, https:\/\/www.apartmany-termal.sk\/wp-content\/uploads\/2021\/08\/bazeny-wellness-768x513.jpg 768w, https:\/\/www.apartmany-termal.sk\/wp-content\/uploads\/2021\/08\/bazeny-wellness-1536x1026.jpg 1536w, https:\/\/www.apartmany-termal.sk\/wp-content\/uploads\/2021\/08\/bazeny-wellness-1024x684-600x400.jpg 600w\" sizes=\"auto, (max-width: 1920px) 100vw, 1920px\" \/>\t\n\t\t<\/div>\n\t<!-- \/image-wrap -->\n    \n    \t<\/div>\n<!-- \/module image --><!-- module text -->\n<div  class=\"module module-text tb_rx5t790   \" data-lazy=\"1\">\n        <div  class=\"tb_text_wrap\">\n    <h3 style=\"text-align: center;\"><strong>Pokud Va\u0161i rezervaci dokon\u010d\u00edte nyn\u00ed, z\u00edsk\u00e1te nav\u00edc tyto v\u00fdhody:<\/strong><\/h3>    <\/div>\n<\/div>\n<!-- \/module text --><!-- module text -->\n<div  class=\"module module-text tb_80mi293   \" data-lazy=\"1\">\n        <div  class=\"tb_text_wrap\">\n    <ul>\n<li>Wellness pobyt &#8211; <strong><span style=\"text-decoration: line-through;\">\u00a08400K\u010d<\/span><\/strong><\/li>\n<li>1x mas\u00e1\u017e pro 2 osoby &#8211;\u00a0<strong><span style=\"text-decoration: line-through;\">\u00a0700K\u010d<\/span><\/strong>\u00a0<\/li>\n<li>Nealkoholick\u00e9 n\u00e1poje a pivo \u00a0(neomezen\u011b) &#8211;\u00a0<strong><span style=\"text-decoration: line-through;\">1 875 K\u010d<\/span><\/strong><\/li>\n<li>Stravov\u00e1n\u00ed formou POLOPENZE &#8211; <strong><span style=\"text-decoration: line-through;\">2 550 K\u010d<\/span><\/strong><\/li>\n<li>L\u00e1hev vynikaj\u00edc\u00edho v\u00edna p\u0159i p\u0159\u00edjezdu na pokoj &#8211;\u00a0<strong><span style=\"text-decoration: line-through;\">300\u00a0K\u010d<\/span><\/strong><\/li>\n<li><span style=\"color: #ff0000;\"><strong>To by bylo dohromady <span style=\"text-decoration: line-through;\">13 825 K\u010d.<\/span><\/strong><\/span><\/li>\n<\/ul>    <\/div>\n<\/div>\n<!-- \/module text --><!-- module text -->\n<div  class=\"module module-text tb_hz8h806   \" data-lazy=\"1\">\n        <div  class=\"tb_text_wrap\">\n    <h3><span style=\"color: #ff0000;\">Dnes v\u00fdjime\u010dn\u011b za cenu 10 490<strong>\u00a0K\u010d pro 2 osoby.<\/strong><\/span><\/h3>\n<p>Tak\u017ee, pokud skute\u010dn\u011b chcete za\u017e\u00edt prodlou\u017een\u00fd v\u00edkend, na kter\u00fd nikdy nezapomenete, je toto ta nejlep\u0161\u00ed nab\u00eddka, kterou byste si nem\u011bli nechat ut\u00e9ct.\u00a0<\/p>\n<p>S \u00factou<\/p>\n<p>Ing. Milo\u0161 Klement\u00a0<\/p>\n<p>\u0158editel Apartm\u00e1n\u016f Termal<\/p>    <\/div>\n<\/div>\n<!-- \/module text -->\t        <\/div>\n\t    \t<\/div>\n\t\t    <\/div>\n\t    <!-- \/row_inner -->\n\t<\/div>\n\t<!-- \/module_row -->\n\t\t<!-- module_row -->\n\t<div  data-anchor=\"rezervace\" data-lazy=\"1\" class=\"module_row themify_builder_row repeat tb_has_section tb_section-rezervace tb_f4zf355 tf_clearfix\" >\n\t    \t\t<div class=\"row_inner col_align_top tf_box tf_w tf_rel\">\n\t\t\t<div  data-lazy=\"1\" class=\"module_column tb-column col-full first tb_frmu356 tf_box\">\n\t\t\t    \t        <div class=\"tb-column-inner tf_box tf_w\">\n\t\t    <!-- module text -->\n<div  class=\"module module-text tb_3lhv13   \" data-lazy=\"1\">\n        <div  class=\"tb_text_wrap\">\n    <h2 style=\"text-align: center;\">P\u0158EDB\u011a\u017dN\u00c1 REZERVACE<\/h2>\n<p style=\"text-align: center;\"><strong>D\u016eLE\u017dIT\u00c9 UPOZORN\u011aN\u00cd: VYTVO\u0158EN\u00c1 REZERVACE JE PL\u00c1TNA A Z\u00c1VAZN\u00c1 A\u017d PO P\u00cdSEMN\u00c9M POTVRZEN\u00cd RECEPC\u00cd APARTM\u00c1N\u016e TERMAL<\/strong><\/p>    <\/div>\n<\/div>\n<!-- \/module text --><!-- module plain text -->\n<div  class=\"module module-plain-text tb_2chb815 \" data-lazy=\"1\">\n        <div class=\"tb_text_wrap\">\n\t\n<div class=\"wpcf7 no-js\" id=\"wpcf7-f3327-o2\" lang=\"sk-SK\" dir=\"ltr\" data-wpcf7-id=\"3327\">\n<div class=\"screen-reader-response\"><p role=\"status\" aria-live=\"polite\" aria-atomic=\"true\"><\/p> <ul><\/ul><\/div>\n<form action=\"\/cs\/wp-json\/wp\/v2\/pages\/3172#wpcf7-f3327-o2\" method=\"post\" class=\"wpcf7-form init\" aria-label=\"Kontaktn\u00fd formul\u00e1r\" novalidate=\"novalidate\" data-status=\"init\">\n<fieldset class=\"hidden-fields-container\"><input type=\"hidden\" name=\"_wpcf7\" value=\"3327\" \/><input type=\"hidden\" name=\"_wpcf7_version\" value=\"6.1.5\" \/><input type=\"hidden\" name=\"_wpcf7_locale\" value=\"sk_SK\" \/><input type=\"hidden\" name=\"_wpcf7_unit_tag\" value=\"wpcf7-f3327-o2\" \/><input type=\"hidden\" name=\"_wpcf7_container_post\" value=\"0\" \/><input type=\"hidden\" name=\"_wpcf7_posted_data_hash\" value=\"\" \/><input type=\"hidden\" name=\"_wpcf7_recaptcha_response\" value=\"\" \/>\n<\/fieldset>\n<div class=\"row_inner\">\n\t<div class=\"module_column tb-column col3-1 first\">\n\t\t<p><label> Jm\u00e9no a p\u0159\u00edjmen\u00ed<br \/>\n<span class=\"wpcf7-form-control-wrap\" data-name=\"your-name\"><input size=\"40\" maxlength=\"400\" class=\"wpcf7-form-control wpcf7-text wpcf7-validates-as-required\" aria-required=\"true\" aria-invalid=\"false\" value=\"\" type=\"text\" name=\"your-name\" \/><\/span> <\/label>\n\t\t<\/p>\n\t<\/div>\n\t<div class=\"module_column tb-column col3-1 middle\">\n\t\t<p><label> V\u00e1\u0161 email<br \/>\n<span class=\"wpcf7-form-control-wrap\" data-name=\"your-email\"><input size=\"40\" maxlength=\"400\" class=\"wpcf7-form-control wpcf7-email wpcf7-validates-as-required wpcf7-text wpcf7-validates-as-email\" aria-required=\"true\" aria-invalid=\"false\" value=\"\" type=\"email\" name=\"your-email\" \/><\/span> <\/label>\n\t\t<\/p>\n\t<\/div>\n\t<div class=\"module_column tb-column col3-1 last\">\n\t\t<p><label> V\u00e1\u0161 telefon<br \/>\n<span class=\"wpcf7-form-control-wrap\" data-name=\"tel-cislo\"><input size=\"40\" maxlength=\"400\" class=\"wpcf7-form-control wpcf7-tel wpcf7-validates-as-required wpcf7-text wpcf7-validates-as-tel\" aria-required=\"true\" aria-invalid=\"false\" value=\"\" type=\"tel\" name=\"tel-cislo\" \/><\/span> <\/label>\n\t\t<\/p>\n\t<\/div>\n<\/div>\n<div class=\"row_inner\">\n\t<div class=\"module_column tb-column col2-1 first\">\n\t\t<p><label> P\u0159\u00edjezd<br \/>\n<span class=\"wpcf7-form-control-wrap\" data-name=\"prijazd\"><input class=\"wpcf7-form-control wpcf7-date wpcf7-validates-as-required wpcf7-validates-as-date\" aria-required=\"true\" aria-invalid=\"false\" value=\"2026-05-01\" type=\"date\" name=\"prijazd\" \/><\/span> <\/label>\n\t\t<\/p>\n\t<\/div>\n\t<div class=\"module_column tb-column col2-1 last\">\n\t\t<p><label> Odjezd<br \/>\n<span class=\"wpcf7-form-control-wrap\" data-name=\"odjazd\"><input class=\"wpcf7-form-control wpcf7-date wpcf7-validates-as-required wpcf7-validates-as-date\" aria-required=\"true\" aria-invalid=\"false\" value=\"2026-05-02\" type=\"date\" name=\"odjazd\" \/><\/span> <\/label>\n\t\t<\/p>\n\t<\/div>\n<\/div>\n<div class=\"row_inner\">\n\t<div class=\"module_column tb-column col2-1 first\">\n\t\t<p><label> Dosp\u011bl\u00ed<br \/>\n<span class=\"wpcf7-form-control-wrap\" data-name=\"dospeli\"><input class=\"wpcf7-form-control wpcf7-number wpcf7-validates-as-required wpcf7-validates-as-number\" min=\"1\" max=\"8\" aria-required=\"true\" aria-invalid=\"false\" value=\"2\" type=\"number\" name=\"dospeli\" \/><\/span> <\/label>\n\t\t<\/p>\n\t<\/div>\n\t<div class=\"module_column tb-column col2-1 last\">\n\t\t<p><label> Deti<br \/>\n<span class=\"wpcf7-form-control-wrap\" data-name=\"deti\"><input class=\"wpcf7-form-control wpcf7-number wpcf7-validates-as-number\" min=\"0\" max=\"8\" aria-invalid=\"false\" value=\"0\" type=\"number\" name=\"deti\" \/><\/span> <\/label>\n\t\t<\/p>\n\t<\/div>\n<\/div>\n<p><label> Va\u0161a spr\u00e1va (volite\u013en\u00e9)<br \/>\n<span class=\"wpcf7-form-control-wrap\" data-name=\"your-message\"><textarea cols=\"40\" rows=\"10\" maxlength=\"2000\" class=\"wpcf7-form-control wpcf7-textarea\" aria-invalid=\"false\" name=\"your-message\"><\/textarea><\/span> <\/label>\n<\/p>\n<p><span class=\"wpcf7-form-control-wrap\" data-name=\"acceptance-223\"><span class=\"wpcf7-form-control wpcf7-acceptance\"><span class=\"wpcf7-list-item\"><label><input type=\"checkbox\" name=\"acceptance-223\" value=\"1\" aria-invalid=\"false\" \/><span class=\"wpcf7-list-item-label\">OBEZN\u00c1MIL JSEM SE S OCHRANOU OSOBN\u00cdCH \u00daDAJ\u016e. POROZUM\u011aL JSEM JEHO OBSAHU A V CEL\u00c9M ROZSAHU S N\u00cdM SOUHLAS\u00cdM.<\/span><\/label><\/span><\/span><\/span>\n<\/p>\n<p><input class=\"wpcf7-form-control wpcf7-submit has-spinner\" type=\"submit\" value=\"Odeslat rezervaci\" \/>\n<\/p><div class=\"wpcf7-response-output\" aria-hidden=\"true\"><\/div>\n<\/form>\n<\/div>\n    <\/div>\n<\/div>\n<!-- \/module plain text -->\t        <\/div>\n\t    \t<\/div>\n\t\t    <\/div>\n\t    <!-- \/row_inner -->\n\t<\/div>\n\t<!-- \/module_row -->\n\t\t<!-- module_row -->\n\t<div  data-lazy=\"1\" class=\"module_row themify_builder_row repeat tb_g2q0883 tf_clearfix\" >\n\t    \t\t<div class=\"row_inner col_align_top tf_box tf_w tf_rel\">\n\t\t\t<div  data-lazy=\"1\" class=\"module_column tb-column col-full first tb_zeac884 tf_box\">\n\t\t\t    \t        <div class=\"tb-column-inner tf_box tf_w\">\n\t\t    <!-- module text -->\n<div  class=\"module module-text tb_ayki394   \" data-lazy=\"1\">\n        <div  class=\"tb_text_wrap\">\n    <h2 style=\"text-align: center;\"><strong>Z\u00e1kazn\u00edci n\u00e1s hodnot\u00ed<\/strong><\/h2>    <\/div>\n<\/div>\n<!-- \/module text --><div  class=\"module tf_clearfix themify_builder_slider_wrap module-testimonial-slider tb_zyam542  image-bubble  \" data-lazy=\"1\">\n        <div class=\"themify_builder_slider tf_carousel tf_swiper-container tf_rel tf_overflow\" data-lazy=\"1\"\t\t    data-tbreakpoints=\"1024\"\n\t\t    data-mbreakpoints=\"600\"\n\tdata-visible=\"3\"\n\tdata-tab-visible=\"2\"\n\tdata-mob-visible=\"1\"\n\tdata-scroll=\"1\"\n\t\t    \t\t    \t\t\t    data-auto=\"2000\"\n\t\t\t    data-controller=\"0\"\n\t\t\t    data-pause_hover=\"1\"\n\t\t    \tdata-speed=\"1\"\n\tdata-wrapvar=\"1\"\n\tdata-slider_nav=\"1\"\n\tdata-pager=\"1\"\n\tdata-effect=\"scroll\" \n\tdata-height=\"auto\"\n\tdata-horizontal=\"0\"\n\t\t    data-css_url=\"https:\/\/www.apartmany-termal.sk\/wp-content\/themes\/themify-ultra\/themify\/themify-builder\/css\/modules\/sliders\/carousel.css,https:\/\/www.apartmany-termal.sk\/wp-content\/themes\/themify-ultra\/themify\/themify-builder\/css\/modules\/sliders\/testimonial-slider.css\"\n\t>\n\t\t    <div class=\"tf_swiper-wrapper tf_lazy tf_rel tf_w tf_h tf_textc\">\n\t            <div class=\"post tf_swiper-slide\">\n            <div class=\"testimonial-item\">\n                \t\n\n                <div class=\"testimonial-content\">\n                                        \t\t\t\t\t\t<div class=\"testimonial-entry-content\">\n\t\t\t\t\t\t\t<p>Vst\u0159\u00edcn\u00fd a mil\u00fd person\u00e1l v\u0161e bylo v po\u0159\u00e1dku skv\u011bl\u00fd odpo\u010dinkov\u00fd den kter\u00fd jsme v tomhle apartm\u00e1n str\u00e1vili se vstupem do term\u00e1ln\u00edch l\u00e1zn\u00ed j\u00eddlo vynikaj\u00edc\u00ed prost\u011b nen\u00ed co vytknout Uv\u00edtali jsme i parkov\u00e1n\u00ed zdarma.<\/p>\t\t\t\t\t\t<\/div>\n                                        \n                                            <div class=\"testimonial-author\">\n                            <div class=\"person-name\">TOM\u00c1\u0160<\/div>\n\t\t\t\t\t\t\t\t\t\t\t\t\t\t                        <\/div>\n                                    <\/div>\n                <!-- \/testimonial-content -->\n            <\/div>\n        <\/div>\n            <div class=\"post tf_swiper-slide\">\n            <div class=\"testimonial-item\">\n                \t\n\n                <div class=\"testimonial-content\">\n                                        \t\t\t\t\t\t<div class=\"testimonial-entry-content\">\n\t\t\t\t\t\t\t<p>Person\u00e1l skv\u011bl\u00fd \ud83d\ude09 prost\u0159ed\u00ed p\u0159\u00edjemn\u00e9 a \u010dist\u00e9 \ud83d\udc4d\ud83d\ude09moc d\u011bkujeme za kr\u00e1sn\u00fd pobyt. \ud83e\udd17<\/p>\t\t\t\t\t\t<\/div>\n                                        \n                                            <div class=\"testimonial-author\">\n                            <div class=\"person-name\">MIROSLAVA<\/div>\n\t\t\t\t\t\t\t\t\t\t\t\t\t\t                        <\/div>\n                                    <\/div>\n                <!-- \/testimonial-content -->\n            <\/div>\n        <\/div>\n            <div class=\"post tf_swiper-slide\">\n            <div class=\"testimonial-item\">\n                \t\n\n                <div class=\"testimonial-content\">\n                                        \t\t\t\t\t\t<div class=\"testimonial-entry-content\">\n\t\t\t\t\t\t\t<p>Sn\u00eddan\u011b byla v\u00fdborn\u00e1 a chutn\u00e1. V\u0161eho bylo dostatek.<\/p>\t\t\t\t\t\t<\/div>\n                                        \n                                            <div class=\"testimonial-author\">\n                            <div class=\"person-name\">VLADIM\u00cdR<\/div>\n\t\t\t\t\t\t\t\t\t\t\t\t\t\t                        <\/div>\n                                    <\/div>\n                <!-- \/testimonial-content -->\n            <\/div>\n        <\/div>\n            <div class=\"post tf_swiper-slide\">\n            <div class=\"testimonial-item\">\n                \t\n\n                <div class=\"testimonial-content\">\n                                        \t\t\t\t\t\t<div class=\"testimonial-entry-content\">\n\t\t\t\t\t\t\t<p>P\u0159\u00edjemn\u00e9 p\u0159iv\u00edt\u00e1n\u00ed pan\u00ed recep\u010dn\u00ed, vybavenost apartm\u00e1nu a \u010distota pokoje. Okol\u00ed ubytov\u00e1n\u00ed je tak\u00e9 velice vkusn\u011b a hezky provedeno. Jen p\u00e1r metr\u016f ke vstupu koupali\u0161t\u011b.<\/p>\t\t\t\t\t\t<\/div>\n                                        \n                                            <div class=\"testimonial-author\">\n                            <div class=\"person-name\">PETR<\/div>\n\t\t\t\t\t\t\t\t\t\t\t\t\t\t                        <\/div>\n                                    <\/div>\n                <!-- \/testimonial-content -->\n            <\/div>\n        <\/div>\n    \t\t    <\/div>\n    <\/div>\n<\/div>\n\t        <\/div>\n\t    \t<\/div>\n\t\t    <\/div>\n\t    <!-- \/row_inner -->\n\t<\/div>\n\t<!-- \/module_row -->\n\t<\/div>\n<!--\/themify_builder_content-->\n","protected":false},"excerpt":{"rendered":"<p>POZOR: TUTO NAB\u00cdDKU NAJDETE POUZE NA T\u00c9TO STR\u00c1NCE Rezervovat WELLNESS POBYT S N\u00c1POJI ZDARMA + POLOPENZE PRO 2 OSOBY. P\u016eVODN\u00cd CENA 13 825 K\u010c, NYN\u00cd JENOM 10 490 K\u010c Pro\u017eijte 3 noci v luxusn\u00edch Apartm\u00e1nech Termal***, kter\u00e9 se nach\u00e1z\u00ed v kr\u00e1sn\u00e9m prost\u0159ed\u00ed Thermal Parku Dunajsk\u00e9 Stredy. Wellness pobyt, na kter\u00fd nezapomenete.\u00a0 Nealkoholick\u00e9 n\u00e1poje a pivo [&hellip;]<\/p>\n","protected":false},"author":4,"featured_media":0,"parent":0,"menu_order":0,"comment_status":"closed","ping_status":"closed","template":"","meta":{"footnotes":""},"class_list":["post-3172","page","type-page","status-publish","hentry","has-post-title","has-post-date","has-post-category","has-post-tag","has-post-comment","has-post-author",""],"builder_content":"<strong>POZOR: <\/strong>TUTO NAB\u00cdDKU NAJDETE POUZE NA T\u00c9TO STR\u00c1NCE\n<a href=\"#rezervace\" > Rezervovat <\/a>\n<h1 style=\"text-align: center;\">WELLNESS POBYT S N\u00c1POJI ZDARMA + POLOPENZE PRO 2 OSOBY. P\u016eVODN\u00cd CENA 13 825 K\u010c, NYN\u00cd JENOM 10 490 K\u010c<\/h1>\n<img loading=\"lazy\" decoding=\"async\" width=\"1024\" height=\"512\" src=\"https:\/\/www.apartmany-termal.sk\/wp-content\/uploads\/2021\/08\/wellness-pobyty-slovensko.webp\" title=\"wellness-pobyty-slovensko\" alt=\"wellness-pobyty-slovensko\" srcset=\"https:\/\/www.apartmany-termal.sk\/wp-content\/uploads\/2021\/08\/wellness-pobyty-slovensko.webp 1024w, https:\/\/www.apartmany-termal.sk\/wp-content\/uploads\/2021\/08\/wellness-pobyty-slovensko-300x150.webp 300w, https:\/\/www.apartmany-termal.sk\/wp-content\/uploads\/2021\/08\/wellness-pobyty-slovensko-768x384.webp 768w\" sizes=\"(max-width: 1024px) 100vw, 1024px\" \/>\n<h3 style=\"text-align: center;\"><strong>Pro\u017eijte 3 noci v luxusn\u00edch Apartm\u00e1nech Termal***, kter\u00e9 se nach\u00e1z\u00ed v kr\u00e1sn\u00e9m prost\u0159ed\u00ed Thermal Parku Dunajsk\u00e9 Stredy. Wellness pobyt, na kter\u00fd nezapomenete.\u00a0<\/strong><\/h3>\n<ul> <li aria-level=\"1\"><strong>Nealkoholick\u00e9 n\u00e1poje a pivo \u00a0ZDARMA\u200b\u200b<\/strong><\/li> <li aria-level=\"1\">Stravov\u00e1n\u00ed formou <strong>POLOPENZE\u200b<\/strong><\/li> <li style=\"font-weight: 400;\" aria-level=\"1\"><strong>1 x mas\u00e1\u017e pro 2 osoby (20 minutov\u00e1 mas\u00e1\u017e krku a \u0161\u00edje)<\/strong><\/li> <li aria-level=\"1\"><strong>L\u00e1hev kvalitn\u00edho v\u00edna<\/strong> na pokoji\u00a0<\/li> <\/ul>\n<h3>Posp\u011b\u0161te si! Akce za chv\u00edli kon\u010d\u00ed!<\/h3> <a href=\"#rezervace\"> REZERVOVAT SPECI\u00c1LN\u00cd POBYT <\/a>\n<img loading=\"lazy\" decoding=\"async\" width=\"1128\" height=\"773\" src=\"https:\/\/www.apartmany-termal.sk\/wp-content\/uploads\/2022\/09\/finska-sauna-02.jpg\" title=\"finska-sauna-02\" alt=\"finska-sauna-02\" srcset=\"https:\/\/www.apartmany-termal.sk\/wp-content\/uploads\/2022\/09\/finska-sauna-02.jpg 1128w, https:\/\/www.apartmany-termal.sk\/wp-content\/uploads\/2022\/09\/finska-sauna-02-300x206.jpg 300w, https:\/\/www.apartmany-termal.sk\/wp-content\/uploads\/2022\/09\/finska-sauna-02-1024x702.jpg 1024w, https:\/\/www.apartmany-termal.sk\/wp-content\/uploads\/2022\/09\/finska-sauna-02-768x526.jpg 768w\" sizes=\"(max-width: 1128px) 100vw, 1128px\" \/>\n<h2><strong>P\u0159esta\u0148te se spokojovat se standardem, kdy\u017e m\u016f\u017eete m\u00edt luxus\u2026<\/strong><\/h2> <p><strong>Pivo a nealko n\u00e1poje ZDARMA<\/strong><br \/><strong>Neomezen\u00e1 mo\u017enost vyu\u017eit\u00ed term\u00e1ln\u00edch baz\u00e9n\u016f<\/strong><br \/><strong>Stravov\u00e1n\u00ed formou POLOPENZE<\/strong><\/p> <p><strong>Jestli s pobytem nebudete spokojeni, m\u00e1te 100% garanci vr\u00e1cen\u00ed pen\u011bz.<\/strong><\/p> <p><strong>100 % Garance vr\u00e1cen\u00ed pen\u011bz v p\u0159\u00edpad\u011b vl\u00e1dn\u00edch na\u0159\u00edzen\u00edch o uzav\u0159en\u00ed hotel\u016f. <\/strong><strong>Tato nab\u00eddka je neve\u0159ejn\u00e1 a nikde jinde ji nenajdete.<\/strong><\/p>\n<h2 style=\"text-align: center;\"><strong>REZERVUJTE SI V\u00c1\u0160 WELLNESS POBYT NYN\u00cd SPOLU S BONUSEM<\/strong><\/h2> <ul> <li>Pokud rezervaci provedete skute\u010dn\u011b nyn\u00ed, bude na V\u00e1s na pokoji p\u0159i p\u0159\u00edjezdu \u010dekat l\u00e1hev vynikaj\u00edc\u00edho v\u00edna - <strong>ZDARMA!<\/strong><\/li> <\/ul>\n<h2><strong><br \/>GARANCE 100% VR\u00c1CEN\u00cd PEN\u011aZ<\/strong><\/h2> <h3><strong><br \/>Pokud z jak\u00e9hokoliv d\u016fvodu nebudete spokojeni, vr\u00e1t\u00edme v\u00e1m bez ptan\u00ed pen\u00edze.<\/strong><\/h3>\n<img loading=\"lazy\" decoding=\"async\" width=\"700\" height=\"480\" src=\"https:\/\/www.apartmany-termal.sk\/wp-content\/uploads\/2022\/09\/vyjimecny-zazitek.jpg\" title=\"vyjimecny-zazitek\" alt=\"vyjimecny-zazitek\" srcset=\"https:\/\/www.apartmany-termal.sk\/wp-content\/uploads\/2022\/09\/vyjimecny-zazitek.jpg 700w, https:\/\/www.apartmany-termal.sk\/wp-content\/uploads\/2022\/09\/vyjimecny-zazitek-300x206.jpg 300w\" sizes=\"(max-width: 700px) 100vw, 700px\" \/>\n<h1 style=\"text-align: center;\">K TOMU, ABYSTE SI U\u017dILI NEZAPOMENUTELN\u00dd WELLNESS POBYT, JSTE JEN KR\u016e\u010cEK<\/h1> <p style=\"text-align: center;\">Chcete za\u017e\u00edt pravou kr\u00e1su Dunajsk\u00e9 Stredy? \u2764 Zveme V\u00e1s na wellness pobyt do Wellness Apartm\u00e1nu Termal, kter\u00e9 se nach\u00e1z\u00ed v kr\u00e1sn\u00e9m prost\u0159ed\u00ed Dunajsk\u00e9 Stredy. Dop\u0159ejte si relax, wellness a u\u017eijte si V\u00e1\u0161 prodlou\u017een\u00fd v\u00edkend na 100 %.\u00a0<\/p> <p style=\"text-align: center;\">P\u0159ije\u010fte se p\u0159esv\u011bd\u010dit sami. V\u011b\u0159\u00edme, \u017ee po Va\u0161em pobytu nebudete cht\u00edt n\u00e1\u0161 hotel opustit. T\u011b\u0161\u00edme se na V\u00e1s.\u00a0<\/p> <p style=\"text-align: center;\">Pokud m\u00e1te z\u00e1jem za\u017e\u00edt kr\u00e1su t\u0159\u00edhv\u011bzdi\u010dkov\u00fdch Apartm\u00e1n\u016f Termal a okol\u00ed Dunajsk\u00e9 Stredy, s rezervac\u00ed neot\u00e1lejte a m\u011bjte jistotu, \u017ee tento luxusn\u00ed pobyt bude V\u00e1\u0161.<\/p>\n<p>[themify_layout_part id=\"3259\"]<\/p>\n<h1 style=\"text-align: center;\"><strong>Tato nab\u00eddka je \u010dasov\u011b omezen\u00e1 do 31. 05. 2024 a od 1.10.2024 - 15.12.2024<\/strong><\/h1> <ul> <li>n\u00e1stup na pobyt mo\u017en\u00fd pouze ve dnech <strong>ned\u011ble<\/strong> nebo <strong>pond\u011bl\u00ed\u00a0<\/strong><\/li> <li>pobyt nelze vyu\u017e\u00edt b\u011bhem sv\u00e1tk\u016f<\/li> <\/ul>\n<img loading=\"lazy\" decoding=\"async\" width=\"1920\" height=\"1282\" src=\"https:\/\/www.apartmany-termal.sk\/wp-content\/uploads\/2021\/08\/bazeny-wellness.jpg\" title=\"Wellness pobyt s n\u00e1poji zdarma + polopenze pro 2 osoby. P\u016fvodn\u00ed cena 14 075 K\u010d, te\u010f jenom 10 490 K\u010d.\" alt=\"Wellness pobyt s n\u00e1poji zdarma + polopenze pro 2 osoby. P\u016fvodn\u00ed cena 14 075 K\u010d, te\u010f jenom 10 490 K\u010d.\" srcset=\"https:\/\/www.apartmany-termal.sk\/wp-content\/uploads\/2021\/08\/bazeny-wellness.jpg 1920w, https:\/\/www.apartmany-termal.sk\/wp-content\/uploads\/2021\/08\/bazeny-wellness-300x200.jpg 300w, https:\/\/www.apartmany-termal.sk\/wp-content\/uploads\/2021\/08\/bazeny-wellness-1024x684.jpg 1024w, https:\/\/www.apartmany-termal.sk\/wp-content\/uploads\/2021\/08\/bazeny-wellness-768x513.jpg 768w, https:\/\/www.apartmany-termal.sk\/wp-content\/uploads\/2021\/08\/bazeny-wellness-1536x1026.jpg 1536w, https:\/\/www.apartmany-termal.sk\/wp-content\/uploads\/2021\/08\/bazeny-wellness-1024x684-600x400.jpg 600w\" sizes=\"(max-width: 1920px) 100vw, 1920px\" \/>\n<h3 style=\"text-align: center;\"><strong>Pokud Va\u0161i rezervaci dokon\u010d\u00edte nyn\u00ed, z\u00edsk\u00e1te nav\u00edc tyto v\u00fdhody:<\/strong><\/h3>\n<ul> <li>Wellness pobyt - <strong>\u00a08400K\u010d<\/strong><\/li> <li>1x mas\u00e1\u017e pro 2 osoby -\u00a0<strong>\u00a0700K\u010d<\/strong>\u00a0<\/li> <li>Nealkoholick\u00e9 n\u00e1poje a pivo \u00a0(neomezen\u011b) -\u00a0<strong>1 875 K\u010d<\/strong><\/li> <li>Stravov\u00e1n\u00ed formou POLOPENZE - <strong>2 550 K\u010d<\/strong><\/li> <li>L\u00e1hev vynikaj\u00edc\u00edho v\u00edna p\u0159i p\u0159\u00edjezdu na pokoj -\u00a0<strong>300\u00a0K\u010d<\/strong><\/li> <li><strong>To by bylo dohromady 13 825 K\u010d.<\/strong><\/li> <\/ul>\n<h3>Dnes v\u00fdjime\u010dn\u011b za cenu 10 490<strong>\u00a0K\u010d pro 2 osoby.<\/strong><\/h3> <p>Tak\u017ee, pokud skute\u010dn\u011b chcete za\u017e\u00edt prodlou\u017een\u00fd v\u00edkend, na kter\u00fd nikdy nezapomenete, je toto ta nejlep\u0161\u00ed nab\u00eddka, kterou byste si nem\u011bli nechat ut\u00e9ct.\u00a0<\/p> <p>S \u00factou<\/p> <p>Ing. Milo\u0161 Klement\u00a0<\/p> <p>\u0158editel Apartm\u00e1n\u016f Termal<\/p>\n<h2 style=\"text-align: center;\">P\u0158EDB\u011a\u017dN\u00c1 REZERVACE<\/h2> <p style=\"text-align: center;\"><strong>D\u016eLE\u017dIT\u00c9 UPOZORN\u011aN\u00cd: VYTVO\u0158EN\u00c1 REZERVACE JE PL\u00c1TNA A Z\u00c1VAZN\u00c1 A\u017d PO P\u00cdSEMN\u00c9M POTVRZEN\u00cd RECEPC\u00cd APARTM\u00c1N\u016e TERMAL<\/strong><\/p>\n[contact-form-7 id=\"3327\" title=\"Rezervace prodlou\u017een\u00fd v\u00edkend - polpenze CZ\"]\n<h2 style=\"text-align: center;\"><strong>Z\u00e1kazn\u00edci n\u00e1s hodnot\u00ed<\/strong><\/h2>\n<p>Vst\u0159\u00edcn\u00fd a mil\u00fd person\u00e1l v\u0161e bylo v po\u0159\u00e1dku skv\u011bl\u00fd odpo\u010dinkov\u00fd den kter\u00fd jsme v tomhle apartm\u00e1n str\u00e1vili se vstupem do term\u00e1ln\u00edch l\u00e1zn\u00ed j\u00eddlo vynikaj\u00edc\u00ed prost\u011b nen\u00ed co vytknout Uv\u00edtali jsme i parkov\u00e1n\u00ed zdarma.<\/p> TOM\u00c1\u0160 \n <p>Person\u00e1l skv\u011bl\u00fd \ud83d\ude09 prost\u0159ed\u00ed p\u0159\u00edjemn\u00e9 a \u010dist\u00e9 \ud83d\udc4d\ud83d\ude09moc d\u011bkujeme za kr\u00e1sn\u00fd pobyt. \ud83e\udd17<\/p> MIROSLAVA \n <p>Sn\u00eddan\u011b byla v\u00fdborn\u00e1 a chutn\u00e1. V\u0161eho bylo dostatek.<\/p> VLADIM\u00cdR \n <p>P\u0159\u00edjemn\u00e9 p\u0159iv\u00edt\u00e1n\u00ed pan\u00ed recep\u010dn\u00ed, vybavenost apartm\u00e1nu a \u010distota pokoje. Okol\u00ed ubytov\u00e1n\u00ed je tak\u00e9 velice vkusn\u011b a hezky provedeno. Jen p\u00e1r metr\u016f ke vstupu koupali\u0161t\u011b.<\/p> PETR","_links":{"self":[{"href":"https:\/\/www.apartmany-termal.sk\/cs\/wp-json\/wp\/v2\/pages\/3172","targetHints":{"allow":["GET"]}}],"collection":[{"href":"https:\/\/www.apartmany-termal.sk\/cs\/wp-json\/wp\/v2\/pages"}],"about":[{"href":"https:\/\/www.apartmany-termal.sk\/cs\/wp-json\/wp\/v2\/types\/page"}],"author":[{"embeddable":true,"href":"https:\/\/www.apartmany-termal.sk\/cs\/wp-json\/wp\/v2\/users\/4"}],"replies":[{"embeddable":true,"href":"https:\/\/www.apartmany-termal.sk\/cs\/wp-json\/wp\/v2\/comments?post=3172"}],"version-history":[{"count":184,"href":"https:\/\/www.apartmany-termal.sk\/cs\/wp-json\/wp\/v2\/pages\/3172\/revisions"}],"predecessor-version":[{"id":6825,"href":"https:\/\/www.apartmany-termal.sk\/cs\/wp-json\/wp\/v2\/pages\/3172\/revisions\/6825"}],"wp:attachment":[{"href":"https:\/\/www.apartmany-termal.sk\/cs\/wp-json\/wp\/v2\/media?parent=3172"}],"curies":[{"name":"wp","href":"https:\/\/api.w.org\/{rel}","templated":true}]}}