{"id":383,"date":"2021-08-07T22:11:38","date_gmt":"2021-08-07T20:11:38","guid":{"rendered":"https:\/\/www.apartmany-termal.sk\/ponuky\/"},"modified":"2024-05-03T11:54:29","modified_gmt":"2024-05-03T09:54:29","slug":"ponuky-old","status":"publish","type":"page","link":"https:\/\/www.apartmany-termal.sk\/de\/ponuky-old\/","title":{"rendered":"Ubytovanie Dunajsk\u00e1 Streda &#8211; Apartmany Termal ***"},"content":{"rendered":"<h1 class=\"wp-block-heading\">                         <\/h1>\n\n\n<p><\/p>\n<!--themify_builder_content-->\n<div id=\"themify_builder_content-383\" data-postid=\"383\" class=\"themify_builder_content themify_builder_content-383 themify_builder tf_clear\">\n    \t<!-- module_row -->\n\t<div  data-lazy=\"1\" class=\"module_row themify_builder_row repeat tb_xesr585 tb_first tf_clearfix\" >\n\t    \t\t<div class=\"row_inner col_align_middle tf_box tf_w tf_rel\">\n\t\t\t<div  data-lazy=\"1\" class=\"module_column tb-column col4-1 first tb_3kjq585 tf_box\">\n\t\t\t    \t<\/div>\n\t\t<div  data-lazy=\"1\" class=\"module_column tb-column col4-2 middle tb_79u7585 tf_box\">\n\t\t\t    \t        <div class=\"tb-column-inner tf_box tf_w\">\n\t\t    <!-- module text -->\n<div  class=\"module module-text tb_qu1p585   \" data-lazy=\"1\">\n        <div  class=\"tb_text_wrap\">\n    <div class=\"reserve_banner_text\">REZERVUJTE TERAZ A GARANTUJEME V\u00c1M TIE NAJLEP\u0160IE CENY !<\/div>    <\/div>\n<\/div>\n<!-- \/module text -->\t        <\/div>\n\t    \t<\/div>\n\t\t<div  data-lazy=\"1\" class=\"module_column tb-column col4-1 last tb_6766585 tf_box\">\n\t\t\t    \t        <div class=\"tb-column-inner tf_box tf_w\">\n\t\t    <!-- module buttons -->\n<div  class=\"module module-buttons tb_spxn585 buttons-horizontal solid  rounded tf_textc\" data-lazy=\"1\">\n    \t<div class=\"module-buttons-item tf_inline_b\">\n\t\t\t\t\t\t\t<a href=\"https:\/\/www.secure-hotel-booking.com\/smart\/Apartmany-Termal\/2C8X\/sk\/\" class=\"ui builder_button transparent\" target=\"_blank\" rel=\"noopener\">\n\t\t\t\t\t\t\t\t\t\t\t<span class=\"tf_inline_b tf_vmiddle\">Rezervova\u0165<\/span>\n\t\t\t\t\t\t\t\t\t\t\t<\/a>\n\t\t\t    \t<\/div>\n\t<\/div>\n<!-- \/module buttons -->\n\t        <\/div>\n\t    \t<\/div>\n\t\t    <\/div>\n\t    <!-- \/row_inner -->\n\t<\/div>\n\t<!-- \/module_row -->\n\t\t<!-- module_row -->\n\t<div  data-lazy=\"1\" class=\"module_row themify_builder_row tb_y961384 tf_clearfix\" >\n\t    \t\t<div class=\"row_inner col_align_middle tf_box tf_w tf_rel\">\n\t\t\t<div  data-lazy=\"1\" class=\"module_column tb-column col-full first tb_nj3o385 tf_box\">\n\t\t\t    \t        <div class=\"tb-column-inner tf_box tf_w\">\n\t\t    <!-- module text -->\n<div  class=\"module module-text tb_2chj385   \" data-lazy=\"1\">\n        <div  class=\"tb_text_wrap\">\n    <h2 style=\"text-align: center;\"><strong>Ubytovanie Dunajsk\u00e1 Streda &#8211; Apartmany Termal***<\/strong><\/h2>    <\/div>\n<\/div>\n<!-- \/module text -->\t        <\/div>\n\t    \t<\/div>\n\t\t    <\/div>\n\t    <!-- \/row_inner -->\n\t<\/div>\n\t<!-- \/module_row -->\n\t\t<!-- module_row -->\n\t<div  data-lazy=\"1\" class=\"module_row themify_builder_row tb_ulce966 tf_clearfix\" >\n\t    \t\t<div class=\"row_inner col_align_middle tf_box tf_w tf_rel\">\n\t\t\t<div  data-lazy=\"1\" class=\"module_column tb-column col-full first tb_ulvl966 tf_box\">\n\t\t\t    \t        <div class=\"tb-column-inner tf_box tf_w\">\n\t\t    <!-- module text -->\n<div  class=\"module module-text tb_dimc966   \" data-lazy=\"1\">\n        <div  class=\"tb_text_wrap\">\n    <h2 style=\"text-align: center;\"><span style=\"font-weight: 400;\">PONUKA UBYTOVANIA APARTM\u00c1NOV\u00c9 DOMY TERM\u00c1L &#8211; DUNAJSK\u00c1 STREDA<\/span><\/h2>    <\/div>\n<\/div>\n<!-- \/module text --><!-- module text -->\n<div  class=\"module module-text tb_01br779   \" data-lazy=\"1\">\n        <div  class=\"tb_text_wrap\">\n    <p style=\"text-align: center;\">\u0160pecializujeme sa na wellness pobyty. Nach\u00e1dzame sa v srdci mesta Dunajsk\u00e1 Streda, kde poskytujeme unik\u00e1tne wellness slu\u017eby a pobyty pre p\u00e1ry, rodiny a seniorov.\u00a0N\u00e1\u0161 wellness pobyt v Dunajskej Strede pon\u00faka skvel\u00fd sp\u00f4sob, ako sa zbavi\u0165 stresu a zregenerova\u0165 telo i myse\u013e.\u00a0<\/p>\n<p style=\"text-align: center;\">Pon\u00fakame \u0161irok\u00fa \u0161k\u00e1lu proced\u00far a terapi\u00ed, ktor\u00e9 s\u00fa navrhnut\u00e9 tak, aby vyhovovali individu\u00e1lnym potreb\u00e1m ka\u017ed\u00e9ho hos\u0165a.\u00a0<\/p>\n<p style=\"text-align: center;\">Apartm\u00e1nov\u00e9 domy Term\u00e1l s\u00fa ide\u00e1lnym miestom pre wellness pobyty v Dunajskej Strede. U\u017eite si relax v na\u0161om moderne vybavenom wellness centre. Pon\u00fakame aj wellness pobyty pre rodiny s de\u0165mi aj pre seniorov, ktor\u00ed si chc\u00fa dopria\u0165 relax a pohodlie.\u00a0<\/p>    <\/div>\n<\/div>\n<!-- \/module text -->\t<div  data-lazy=\"1\" class=\"module_subrow themify_builder_sub_row tb_bpex543 tf_w tf_clearfix\">\n\t    \t\t<div class=\"subrow_inner col_align_top tf_box tf_w\">\n\t\t\t<div  data-lazy=\"1\" class=\"sub_column module_column tf_box col3-1 first tb_1waz543\"> \n\t    \t    \t        <div class=\"tb-column-inner tf_box tf_w\">\n\t\t    <!-- module image -->\n<div  class=\"module module-image tb_g7yy544   image-top tf_mw\" data-lazy=\"1\">\n        <div class=\"image-wrap tf_rel tf_mw\">\n\t\t    <a href=\"https:\/\/www.apartmany-termal.sk\/jesenny-a-zimny-wellness-pobyt-zima\/\">\n\t\t   \t\t<img fetchpriority=\"high\" fetchpriority=\"high\" decoding=\"async\" width=\"600\" height=\"400\" src=\"https:\/\/www.apartmany-termal.sk\/wp-content\/uploads\/2021\/08\/wellness-pobyt-dunajska-streda-v-zime.png\" class=\"wp-post-image wp-image-119\" title=\"wellness-pobyt-dunajska-streda-v-zime\" alt=\"wellness-pobyt-dunajska-streda-v-zime\" srcset=\"https:\/\/www.apartmany-termal.sk\/wp-content\/uploads\/2021\/08\/wellness-pobyt-dunajska-streda-v-zime.png 600w, https:\/\/www.apartmany-termal.sk\/wp-content\/uploads\/2021\/08\/wellness-pobyt-dunajska-streda-v-zime-300x200.png 300w\" sizes=\"(max-width: 600px) 100vw, 600px\" \/>\t    <\/a>\n\t\n\t\t<\/div>\n\t<!-- \/image-wrap -->\n    \n    \t<\/div>\n<!-- \/module image --><!-- module text -->\n<div  class=\"module module-text tb_6snh544   \" data-lazy=\"1\">\n        <div  class=\"tb_text_wrap\">\n    <h3 style=\"text-align: center;\"><a href=\"https:\/\/www.apartmany-termal.sk\/jesenny-a-zimny-wellness-pobyt-zima\/\">JESENN\u00dd A ZIMN\u00dd WELLNESS POBYT &#8211; ZIMA 2023\/2024<\/a><\/h3>\n<h3>\u00a0<\/h3>    <\/div>\n<\/div>\n<!-- \/module text -->\t        <\/div>\n\t    \t<\/div>\n\t\t<div  data-lazy=\"1\" class=\"sub_column module_column tf_box col3-1 middle tb_cnug544\" > \n\t    \t    \t        <div class=\"tb-column-inner tf_box tf_w\">\n\t\t    <!-- module image -->\n<div  class=\"module module-image tb_8y1h854   image-top tf_mw\" data-lazy=\"1\">\n        <div class=\"image-wrap tf_rel tf_mw\">\n\t\t    <a href=\"https:\/\/www.apartmany-termal.sk\/first-moment-family-apartmany-termal\/\">\n\t\t   \t\t<img decoding=\"async\" width=\"2560\" height=\"1707\" src=\"https:\/\/www.apartmany-termal.sk\/wp-content\/uploads\/2023\/08\/IMG_6075-scaled.jpg\" class=\"wp-post-image wp-image-4136\" title=\"FAMILY Apartmany Termal\" alt=\"FAMILY Apartmany Termal\" srcset=\"https:\/\/www.apartmany-termal.sk\/wp-content\/uploads\/2023\/08\/IMG_6075-scaled.jpg 2560w, https:\/\/www.apartmany-termal.sk\/wp-content\/uploads\/2023\/08\/IMG_6075-300x200.jpg 300w, https:\/\/www.apartmany-termal.sk\/wp-content\/uploads\/2023\/08\/IMG_6075-1024x683.jpg 1024w, https:\/\/www.apartmany-termal.sk\/wp-content\/uploads\/2023\/08\/IMG_6075-768x512.jpg 768w, https:\/\/www.apartmany-termal.sk\/wp-content\/uploads\/2023\/08\/IMG_6075-1536x1024.jpg 1536w, https:\/\/www.apartmany-termal.sk\/wp-content\/uploads\/2023\/08\/IMG_6075-2048x1365.jpg 2048w, https:\/\/www.apartmany-termal.sk\/wp-content\/uploads\/2023\/08\/IMG_6075-1024x683-600x400.jpg 600w\" sizes=\"(max-width: 2560px) 100vw, 2560px\" \/>\t    <\/a>\n\t\n\t\t<\/div>\n\t<!-- \/image-wrap -->\n    \n    \t<\/div>\n<!-- \/module image --><!-- module text -->\n<div  class=\"module module-text tb_zqbl255   \" data-lazy=\"1\">\n        <div  class=\"tb_text_wrap\">\n    <h3 style=\"text-align: center;\"><a href=\"https:\/\/www.apartmany-termal.sk\/first-moment-family-apartmany-termal\/\">FIRST MOMENT FAMILY APARTM\u00c1NY TERMAL<\/a><\/h3>\n    <\/div>\n<\/div>\n<!-- \/module text -->\t        <\/div>\n\t    \t<\/div>\n\t\t<div  data-lazy=\"1\" class=\"sub_column module_column tf_box col3-1 last tb_llkq544\" > \n\t    \t    \t        <div class=\"tb-column-inner tf_box tf_w\">\n\t\t    <!-- module image -->\n<div  class=\"module module-image tb_en53544   image-top tf_mw\" data-lazy=\"1\">\n        <div class=\"image-wrap tf_rel tf_mw\">\n\t\t    <a href=\"https:\/\/www.apartmany-termal.sk\/mikulassky-wellness-pobyt\/\">\n\t\t   \t\t<img decoding=\"async\" width=\"600\" height=\"400\" src=\"https:\/\/www.apartmany-termal.sk\/wp-content\/uploads\/2021\/08\/mikulassky-wellness-pobyt-dunajska-streda.jpg\" class=\"wp-post-image wp-image-121\" title=\"mikulassky-wellness-pobyt-dunajska-streda\" alt=\"mikulassky-wellness-pobyt-dunajska-streda\" srcset=\"https:\/\/www.apartmany-termal.sk\/wp-content\/uploads\/2021\/08\/mikulassky-wellness-pobyt-dunajska-streda.jpg 600w, https:\/\/www.apartmany-termal.sk\/wp-content\/uploads\/2021\/08\/mikulassky-wellness-pobyt-dunajska-streda-300x200.jpg 300w\" sizes=\"(max-width: 600px) 100vw, 600px\" \/>\t    <\/a>\n\t\n\t\t<\/div>\n\t<!-- \/image-wrap -->\n    \n    \t<\/div>\n<!-- \/module image --><!-- module text -->\n<div  class=\"module module-text tb_p515544   \" data-lazy=\"1\">\n        <div  class=\"tb_text_wrap\">\n    <h3 style=\"text-align: center;\"><a href=\"https:\/\/www.apartmany-termal.sk\/mikulassky-wellness-pobyt\/\">MIKUL\u00c1\u0160SKY WELLNESS POBYT 2023<\/a><\/h3>    <\/div>\n<\/div>\n<!-- \/module text -->\t        <\/div>\n\t    \t<\/div>\n\t\t    <\/div>\n\t<\/div><!-- \/themify_builder_sub_row -->\n\t\t<div  data-lazy=\"1\" class=\"module_subrow themify_builder_sub_row tb_9g55425 tf_w tf_clearfix\">\n\t    \t\t<div class=\"subrow_inner col_align_top tf_box tf_w\">\n\t\t\t<div  data-lazy=\"1\" class=\"sub_column module_column tf_box col3-1 first tb_9qrd426\"> \n\t    \t    \t        <div class=\"tb-column-inner tf_box tf_w\">\n\t\t    <!-- module image -->\n<div  class=\"module module-image tb_9akr544   image-top tf_mw\" data-lazy=\"1\">\n        <div class=\"image-wrap tf_rel tf_mw\">\n\t\t    <a href=\"https:\/\/www.apartmany-termal.sk\/vianocny-wellness-pobyt\/\">\n\t\t   \t\t<img loading=\"lazy\" loading=\"lazy\" decoding=\"async\" width=\"600\" height=\"400\" src=\"https:\/\/www.apartmany-termal.sk\/wp-content\/uploads\/2021\/08\/wellness-pobyt-velka-noc-dunajska-streda.jpg\" class=\"wp-post-image wp-image-120\" title=\"wellness-pobyt-velka-noc-dunajska-streda\" alt=\"wellness-pobyt-velka-noc-dunajska-streda\" srcset=\"https:\/\/www.apartmany-termal.sk\/wp-content\/uploads\/2021\/08\/wellness-pobyt-velka-noc-dunajska-streda.jpg 600w, https:\/\/www.apartmany-termal.sk\/wp-content\/uploads\/2021\/08\/wellness-pobyt-velka-noc-dunajska-streda-300x200.jpg 300w\" sizes=\"auto, (max-width: 600px) 100vw, 600px\" \/>\t    <\/a>\n\t\n\t\t<\/div>\n\t<!-- \/image-wrap -->\n    \n    \t<\/div>\n<!-- \/module image --><!-- module text -->\n<div  class=\"module module-text tb_0mqp544   \" data-lazy=\"1\">\n        <div  class=\"tb_text_wrap\">\n    <h3 style=\"text-align: center;\"><a href=\"https:\/\/www.apartmany-termal.sk\/vianocny-wellness-pobyt\/\">VIANO\u010cN\u00dd WELLNESS POBYT 2023<\/a><\/h3>    <\/div>\n<\/div>\n<!-- \/module text -->\t        <\/div>\n\t    \t<\/div>\n\t\t<div  data-lazy=\"1\" class=\"sub_column module_column tf_box col3-1 middle tb_2ixa426\" > \n\t    \t    \t        <div class=\"tb-column-inner tf_box tf_w\">\n\t\t    <!-- module image -->\n<div  class=\"module module-image tb_36w5426   image-top tf_mw\" data-lazy=\"1\">\n        <div class=\"image-wrap tf_rel tf_mw\">\n\t\t    <a href=\"https:\/\/www.apartmany-termal.sk\/jarny-wellness-pobyt\/\">\n\t\t   \t\t<img loading=\"lazy\" loading=\"lazy\" decoding=\"async\" width=\"600\" height=\"400\" src=\"https:\/\/www.apartmany-termal.sk\/wp-content\/uploads\/2021\/08\/jarny-wellness-pobyt-dunajska-streda.jpg\" class=\"wp-post-image wp-image-124\" title=\"jarny-wellness-pobyt-dunajska-streda\" alt=\"jarny-wellness-pobyt-dunajska-streda\" srcset=\"https:\/\/www.apartmany-termal.sk\/wp-content\/uploads\/2021\/08\/jarny-wellness-pobyt-dunajska-streda.jpg 600w, https:\/\/www.apartmany-termal.sk\/wp-content\/uploads\/2021\/08\/jarny-wellness-pobyt-dunajska-streda-300x200.jpg 300w\" sizes=\"auto, (max-width: 600px) 100vw, 600px\" \/>\t    <\/a>\n\t\n\t\t<\/div>\n\t<!-- \/image-wrap -->\n    \n    \t<\/div>\n<!-- \/module image --><!-- module text -->\n<div  class=\"module module-text tb_gbpw426   \" data-lazy=\"1\">\n        <div  class=\"tb_text_wrap\">\n    <h3 style=\"text-align: center;\"><a href=\"https:\/\/www.apartmany-termal.sk\/jarny-wellness-pobyt\/\">JARN\u00dd WELLNESS POBYT 2024&nbsp;<\/a><\/h3>    <\/div>\n<\/div>\n<!-- \/module text -->\t        <\/div>\n\t    \t<\/div>\n\t\t<div  data-lazy=\"1\" class=\"sub_column module_column tf_box col3-1 last tb_sdah426\" > \n\t    \t    \t        <div class=\"tb-column-inner tf_box tf_w\">\n\t\t    <!-- module image -->\n<div  class=\"module module-image tb_1ioz426   image-top tf_mw\" data-lazy=\"1\">\n        <div class=\"image-wrap tf_rel tf_mw\">\n\t\t    <a href=\"https:\/\/www.apartmany-termal.sk\/velkonocny-wellness-pobyt\/\">\n\t\t   \t\t<img loading=\"lazy\" loading=\"lazy\" decoding=\"async\" width=\"700\" height=\"467\" src=\"https:\/\/www.apartmany-termal.sk\/wp-content\/uploads\/2021\/08\/wellness-pobyt.webp\" class=\"wp-post-image wp-image-246\" title=\"wellness-pobyt\" alt=\"wellness-pobyt\" srcset=\"https:\/\/www.apartmany-termal.sk\/wp-content\/uploads\/2021\/08\/wellness-pobyt.webp 700w, https:\/\/www.apartmany-termal.sk\/wp-content\/uploads\/2021\/08\/wellness-pobyt-300x200.webp 300w\" sizes=\"auto, (max-width: 700px) 100vw, 700px\" \/>\t    <\/a>\n\t\n\t\t<\/div>\n\t<!-- \/image-wrap -->\n    \n    \t<\/div>\n<!-- \/module image --><!-- module text -->\n<div  class=\"module module-text tb_oqrk426   \" data-lazy=\"1\">\n        <div  class=\"tb_text_wrap\">\n    <h3 style=\"text-align: center;\"><a href=\"https:\/\/www.apartmany-termal.sk\/velkonocny-wellness-pobyt\/\">VE\u013dKONO\u010cN\u00dd WELLNESS POBYT 2024&nbsp;<\/a><\/h3>    <\/div>\n<\/div>\n<!-- \/module text -->\t        <\/div>\n\t    \t<\/div>\n\t\t    <\/div>\n\t<\/div><!-- \/themify_builder_sub_row -->\n\t\t<div  data-lazy=\"1\" class=\"module_subrow themify_builder_sub_row tb_ftid540 tf_w tf_clearfix\">\n\t    \t\t<div class=\"subrow_inner col_align_top tf_box tf_w\">\n\t\t\t<div  data-lazy=\"1\" class=\"sub_column module_column tf_box col3-1 first tb_eqci540\"> \n\t    \t    \t        <div class=\"tb-column-inner tf_box tf_w\">\n\t\t    <!-- module image -->\n<div  class=\"module module-image tb_9p3i427   image-top tf_mw\" data-lazy=\"1\">\n        <div class=\"image-wrap tf_rel tf_mw\">\n\t\t    <a href=\"https:\/\/www.apartmany-termal.sk\/wellness-pobyt-horuce-leto\/\">\n\t\t   \t\t<img loading=\"lazy\" loading=\"lazy\" decoding=\"async\" width=\"600\" height=\"400\" src=\"https:\/\/www.apartmany-termal.sk\/wp-content\/uploads\/2021\/08\/wellness-pobyt-dunajska-streda-leto.jpg\" class=\"wp-post-image wp-image-122\" title=\"wellness-pobyt-dunajska-streda-leto\" alt=\"wellness-pobyt-dunajska-streda-leto\" srcset=\"https:\/\/www.apartmany-termal.sk\/wp-content\/uploads\/2021\/08\/wellness-pobyt-dunajska-streda-leto.jpg 600w, https:\/\/www.apartmany-termal.sk\/wp-content\/uploads\/2021\/08\/wellness-pobyt-dunajska-streda-leto-300x200.jpg 300w\" sizes=\"auto, (max-width: 600px) 100vw, 600px\" \/>\t    <\/a>\n\t\n\t\t<\/div>\n\t<!-- \/image-wrap -->\n    \n    \t<\/div>\n<!-- \/module image --><!-- module text -->\n<div  class=\"module module-text tb_gn54427   \" data-lazy=\"1\">\n        <div  class=\"tb_text_wrap\">\n    <h3 style=\"text-align: center;\"><a href=\"https:\/\/www.apartmany-termal.sk\/wellness-pobyt-horuce-leto\/\">WELLNESS POBYT- HOR\u00daCE LETO 2024&nbsp;<\/a><\/h3>    <\/div>\n<\/div>\n<!-- \/module text -->\t        <\/div>\n\t    \t<\/div>\n\t\t<div  data-lazy=\"1\" class=\"sub_column module_column tf_box col3-1 middle tb_pwv6540\"> \n\t    \t    \t        <div class=\"tb-column-inner tf_box tf_w\">\n\t\t    <!-- module image -->\n<div  class=\"module module-image tb_lnmh541   image-top tf_mw\" data-lazy=\"1\">\n        <div class=\"image-wrap tf_rel tf_mw\">\n\t\t    <a href=\"https:\/\/www.apartmany-termal.sk\/rodinny-letny-pobyt\/\">\n\t\t   \t\t<img loading=\"lazy\" loading=\"lazy\" decoding=\"async\" width=\"600\" height=\"400\" src=\"https:\/\/www.apartmany-termal.sk\/wp-content\/uploads\/2021\/08\/rodinne-wellness-pobyty-dunajska-streda.jpg\" class=\"wp-post-image wp-image-123\" title=\"rodinne-wellness-pobyty-dunajska-streda\" alt=\"rodinne-wellness-pobyty-dunajska-streda\" srcset=\"https:\/\/www.apartmany-termal.sk\/wp-content\/uploads\/2021\/08\/rodinne-wellness-pobyty-dunajska-streda.jpg 600w, https:\/\/www.apartmany-termal.sk\/wp-content\/uploads\/2021\/08\/rodinne-wellness-pobyty-dunajska-streda-300x200.jpg 300w\" sizes=\"auto, (max-width: 600px) 100vw, 600px\" \/>\t    <\/a>\n\t\n\t\t<\/div>\n\t<!-- \/image-wrap -->\n    \n    \t<\/div>\n<!-- \/module image --><!-- module text -->\n<div  class=\"module module-text tb_rhka541   \" data-lazy=\"1\">\n        <div  class=\"tb_text_wrap\">\n    <h3 style=\"text-align: center;\"><a href=\"https:\/\/www.apartmany-termal.sk\/rodinny-letny-pobyt\/\">RODINN\u00dd LETN\u00dd POBYT 2024&nbsp;<\/a><\/h3>    <\/div>\n<\/div>\n<!-- \/module text -->\t        <\/div>\n\t    \t<\/div>\n\t\t<div  data-lazy=\"1\" class=\"sub_column module_column tf_box col3-1 last tb_h0xr541\"> \n\t    \t    \t<\/div>\n\t\t    <\/div>\n\t<\/div><!-- \/themify_builder_sub_row -->\n\t\t        <\/div>\n\t    \t<\/div>\n\t\t    <\/div>\n\t    <!-- \/row_inner -->\n\t<\/div>\n\t<!-- \/module_row -->\n\t\t<!-- module_row -->\n\t<div  data-lazy=\"1\" class=\"module_row themify_builder_row tb_3nkx24 tf_clearfix\" >\n\t    \t\t<div class=\"row_inner col_align_middle tf_box tf_w tf_rel\">\n\t\t\t<div  data-lazy=\"1\" class=\"module_column tb-column col-full first tb_puup24 tf_box\">\n\t\t\t    \t        <div class=\"tb-column-inner tf_box tf_w\">\n\t\t    <!-- module text -->\n<div  class=\"module module-text tb_01r424   \" data-lazy=\"1\">\n        <div  class=\"tb_text_wrap\">\n    <p style=\"text-align: center;\">Na\u0161im cie\u013eom je poskytn\u00fa\u0165 v\u00e1m nezabudnute\u013en\u00fd wellness pobyt pln\u00fd relaxu a regener\u00e1cie. Pr\u00ed\u010fte a za\u017eite wellness Dunajsk\u00e1 Streda v Apartm\u00e1nov\u00fdch domoch Term\u00e1l. Sme tu pre v\u00e1s, aby sme v\u00e1m poskytli skvel\u00fa starostlivos\u0165 a pohodlie, ktor\u00e9 si zasl\u00fa\u017eite.\u00a0<\/p>\n<p style=\"text-align: center;\">Te\u0161\u00edme sa na v\u00e1\u0161 pr\u00edchod a sme presved\u010den\u00ed, \u017ee n\u00e1\u0161 wellness pobyt v\u00e1m poskytne to, \u010do h\u013ead\u00e1te. Wellness pobyty Dunajsk\u00e1 Streda &#8211; to je relax, regener\u00e1cia a nezabudnute\u013en\u00e9 z\u00e1\u017eitky.<\/p>    <\/div>\n<\/div>\n<!-- \/module text --><!-- module text -->\n<div  class=\"module module-text tb_hkzk429   \" data-lazy=\"1\">\n        <div  class=\"tb_text_wrap\">\n    <p style=\"text-align: center;\"><div class=\"tb_layout_part_wrap tf_w\"><!--themify_builder_content-->\n    <div  class=\"themify_builder_content themify_builder_content-127 themify_builder not_editable_builder in_the_loop\" data-postid=\"127\">\n        \t<!-- module_row -->\n\t<div  data-lazy=\"1\" class=\"module_row themify_builder_row tb_o3ga852 tf_clearfix\">\n\t    \t\t<div class=\"row_inner col_align_top tf_box tf_w tf_rel\">\n\t\t\t<div  data-lazy=\"1\" class=\"module_column tb-column col-full first tb_de0s853 tf_box\">\n\t\t\t    \t        <div class=\"tb-column-inner tf_box tf_w\">\n\t\t    <!-- module template_part -->\n<div  class=\"module module-layout-part tb_d97h86 \">\n    <div class=\"tb_layout_part_wrap tf_w\"><!--themify_builder_content-->\n    <div  class=\"themify_builder_content themify_builder_content-518 themify_builder not_editable_builder in_the_loop\" data-postid=\"518\">\n        \t<!-- module_row -->\n\t<div  data-lazy=\"1\" class=\"module_row themify_builder_row tb_qmoj352 tf_clearfix\" >\n\t    \t\t<div class=\"row_inner col_align_top tf_box tf_w tf_rel\">\n\t\t\t<div  data-lazy=\"1\" class=\"module_column tb-column col-full first tb_nq1m352 tf_box\">\n\t\t\t    \t        <div class=\"tb-column-inner tf_box tf_w\">\n\t\t    <!-- module text -->\n<div  class=\"module module-text tb_ilov346   \" data-lazy=\"1\">\n        <div  class=\"tb_text_wrap\">\n    <h2 style=\"text-align: center;\">CESTA DO APARTM\u00c1NOV TERMAL***<\/h2>    <\/div>\n<\/div>\n<!-- \/module text --><!-- module image -->\n<div  class=\"module module-image tb_hwfa280   image-center tf_mw\" data-lazy=\"1\">\n        <div class=\"image-wrap tf_rel tf_mw\">\n\t\t    <img loading=\"lazy\" decoding=\"async\" loading=\"lazy\" loading=\"lazy\" width=\"1844\" height=\"994\" src=\"https:\/\/www.apartmany-termal.sk\/wp-content\/uploads\/2021\/08\/apartmany-termal-dunajska-streda-trasa.jpg\" class=\"wp-post-image wp-image-128\" title=\"apartmany-termal-dunajska-streda-trasa\" alt=\"apartmany-termal-dunajska-streda-trasa\" srcset=\"https:\/\/www.apartmany-termal.sk\/wp-content\/uploads\/2021\/08\/apartmany-termal-dunajska-streda-trasa.jpg 1844w, https:\/\/www.apartmany-termal.sk\/wp-content\/uploads\/2021\/08\/apartmany-termal-dunajska-streda-trasa-300x162.jpg 300w, https:\/\/www.apartmany-termal.sk\/wp-content\/uploads\/2021\/08\/apartmany-termal-dunajska-streda-trasa-1024x552.jpg 1024w, https:\/\/www.apartmany-termal.sk\/wp-content\/uploads\/2021\/08\/apartmany-termal-dunajska-streda-trasa-768x414.jpg 768w, https:\/\/www.apartmany-termal.sk\/wp-content\/uploads\/2021\/08\/apartmany-termal-dunajska-streda-trasa-1536x828.jpg 1536w\" sizes=\"auto, (max-width: 1844px) 100vw, 1844px\" \/>\t\n\t\t<\/div>\n\t<!-- \/image-wrap -->\n    \n    \t<\/div>\n<!-- \/module image -->\t        <\/div>\n\t    \t<\/div>\n\t\t    <\/div>\n\t    <!-- \/row_inner -->\n\t<\/div>\n\t<!-- \/module_row -->\n\t\t<!-- module_row -->\n\t<div  data-lazy=\"1\" class=\"module_row themify_builder_row tb_7tqy868 tf_clearfix\">\n\t    \t\t<div class=\"row_inner col_align_top tf_box tf_w tf_rel\">\n\t\t\t<div  data-lazy=\"1\" class=\"module_column tb-column col2-1 first tb_2kju869 tf_box\">\n\t\t\t    \t        <div class=\"tb-column-inner tf_box tf_w\">\n\t\t    <!-- module text -->\n<div  class=\"module module-text tb_r2h0146   \" data-lazy=\"1\">\n        <div  class=\"tb_text_wrap\">\n    <p><strong>1.<\/strong> Odbo\u010dte doprava cez rampu vpravo<br><strong>2.<\/strong> Cho\u010fte 150 metrov rovno<br><strong>3.<\/strong> Odbo\u010dte do\u013eava<br><strong>4.<\/strong> Po 40 metroch odbo\u010dte doprava a pr\u00eddete do Apartm\u00e1nov Termal***<br><strong>5.<\/strong> Po pr\u00edchode sa hl\u00e1ste na recepcii<\/p>    <\/div>\n<\/div>\n<!-- \/module text -->\t        <\/div>\n\t    \t<\/div>\n\t\t<div  data-lazy=\"1\" class=\"module_column tb-column col2-1 last tb_uvv5869 tf_box\">\n\t\t\t    \t        <div class=\"tb-column-inner tf_box tf_w\">\n\t\t    <!-- module box -->\n<div  class=\"module module-box tb_b8ba566 \" data-lazy=\"1\">\n        <div class=\"module-box-content ui rounded tb_default_color \">\n\t\t\t\t<div class=\"tb_text_wrap\"><div style=\"text-align: center;\"><span style=\"background-color: initial; color: var( --e-global-color-text ); font-family: var( --e-global-typography-text-font-family ), Sans-serif; font-size: 1em; font-weight: var( --e-global-typography-text-font-weight ); text-align: var(--text-align);\"><strong>GPS s\u00faradnice cie\u013ea<\/strong> (Apartm\u00e1ny Term\u00e1l):<\/span><\/div>\n<div style=\"text-align: center;\"><span style=\"background-color: initial; color: var( --e-global-color-text ); font-family: var( --e-global-typography-text-font-family ), Sans-serif; font-size: 1em; font-weight: var( --e-global-typography-text-font-weight ); text-align: var(--text-align);\">\u0161\u00edrka: 47\u00b059\u201907.20\u2033 dl\u017eka: 17\u00b036\u201929.62\u2033<\/span><\/div><\/div>\n    <\/div>\n<\/div>\n<!-- \/module box -->\n\t        <\/div>\n\t    \t<\/div>\n\t\t    <\/div>\n\t    <!-- \/row_inner -->\n\t<\/div>\n\t<!-- \/module_row -->\n\t    <\/div>\n<!--\/themify_builder_content--><\/div>\n<\/div>\n<!-- \/module template_part -->\n\t        <\/div>\n\t    \t<\/div>\n\t\t    <\/div>\n\t    <!-- \/row_inner -->\n\t<\/div>\n\t<!-- \/module_row -->\n\t    <\/div>\n<!--\/themify_builder_content--><\/div>\n<\/p>    <\/div>\n<\/div>\n<!-- \/module text -->\t        <\/div>\n\t    \t<\/div>\n\t\t    <\/div>\n\t    <!-- \/row_inner -->\n\t<\/div>\n\t<!-- \/module_row -->\n\t<\/div>\n<!--\/themify_builder_content-->","protected":false},"excerpt":{"rendered":"<p>REZERVUJTE TERAZ A GARANTUJEME V\u00c1M TIE NAJLEP\u0160IE CENY ! Rezervova\u0165 Ubytovanie Dunajsk\u00e1 Streda &#8211; Apartmany Termal*** PONUKA UBYTOVANIA APARTM\u00c1NOV\u00c9 DOMY TERM\u00c1L &#8211; DUNAJSK\u00c1 STREDA \u0160pecializujeme sa na wellness pobyty. Nach\u00e1dzame sa v srdci mesta Dunajsk\u00e1 Streda, kde poskytujeme unik\u00e1tne wellness slu\u017eby a pobyty pre p\u00e1ry, rodiny a seniorov.\u00a0N\u00e1\u0161 wellness pobyt v Dunajskej Strede pon\u00faka skvel\u00fd [&hellip;]<\/p>\n","protected":false},"author":1,"featured_media":0,"parent":0,"menu_order":0,"comment_status":"closed","ping_status":"closed","template":"","meta":{"footnotes":""},"class_list":["post-383","page","type-page","status-publish","hentry","has-post-title","has-post-date","has-post-category","has-post-tag","has-post-comment","has-post-author",""],"builder_content":"REZERVUJTE TERAZ A GARANTUJEME V\u00c1M TIE NAJLEP\u0160IE CENY !\n<a href=\"https:\/\/www.secure-hotel-booking.com\/smart\/Apartmany-Termal\/2C8X\/sk\/\" > Rezervova\u0165 <\/a>\n<h2 style=\"text-align: center;\"><strong>Ubytovanie Dunajsk\u00e1 Streda - Apartmany Termal***<\/strong><\/h2>\n<h2 style=\"text-align: center;\">PONUKA UBYTOVANIA APARTM\u00c1NOV\u00c9 DOMY TERM\u00c1L - DUNAJSK\u00c1 STREDA<\/h2>\n<p style=\"text-align: center;\">\u0160pecializujeme sa na wellness pobyty. Nach\u00e1dzame sa v srdci mesta Dunajsk\u00e1 Streda, kde poskytujeme unik\u00e1tne wellness slu\u017eby a pobyty pre p\u00e1ry, rodiny a seniorov.\u00a0N\u00e1\u0161 wellness pobyt v Dunajskej Strede pon\u00faka skvel\u00fd sp\u00f4sob, ako sa zbavi\u0165 stresu a zregenerova\u0165 telo i myse\u013e.\u00a0<\/p> <p style=\"text-align: center;\">Pon\u00fakame \u0161irok\u00fa \u0161k\u00e1lu proced\u00far a terapi\u00ed, ktor\u00e9 s\u00fa navrhnut\u00e9 tak, aby vyhovovali individu\u00e1lnym potreb\u00e1m ka\u017ed\u00e9ho hos\u0165a.\u00a0<\/p> <p style=\"text-align: center;\">Apartm\u00e1nov\u00e9 domy Term\u00e1l s\u00fa ide\u00e1lnym miestom pre wellness pobyty v Dunajskej Strede. U\u017eite si relax v na\u0161om moderne vybavenom wellness centre. Pon\u00fakame aj wellness pobyty pre rodiny s de\u0165mi aj pre seniorov, ktor\u00ed si chc\u00fa dopria\u0165 relax a pohodlie.\u00a0<\/p>\n<a href=\"https:\/\/www.apartmany-termal.sk\/jesenny-a-zimny-wellness-pobyt-zima\/\" > <img fetchpriority=\"high\" decoding=\"async\" width=\"600\" height=\"400\" src=\"https:\/\/www.apartmany-termal.sk\/wp-content\/uploads\/2021\/08\/wellness-pobyt-dunajska-streda-v-zime.png\" title=\"wellness-pobyt-dunajska-streda-v-zime\" alt=\"wellness-pobyt-dunajska-streda-v-zime\" srcset=\"https:\/\/www.apartmany-termal.sk\/wp-content\/uploads\/2021\/08\/wellness-pobyt-dunajska-streda-v-zime.png 600w, https:\/\/www.apartmany-termal.sk\/wp-content\/uploads\/2021\/08\/wellness-pobyt-dunajska-streda-v-zime-300x200.png 300w\" sizes=\"(max-width: 600px) 100vw, 600px\" \/> <\/a>\n<h3 style=\"text-align: center;\"><a href=\"https:\/\/www.apartmany-termal.sk\/jesenny-a-zimny-wellness-pobyt-zima\/\">JESENN\u00dd A ZIMN\u00dd WELLNESS POBYT - ZIMA 2023\/2024<\/a><\/h3> <h3>\u00a0<\/h3>\n<a href=\"https:\/\/www.apartmany-termal.sk\/first-moment-family-apartmany-termal\/\" > <img decoding=\"async\" width=\"2560\" height=\"1707\" src=\"https:\/\/www.apartmany-termal.sk\/wp-content\/uploads\/2023\/08\/IMG_6075-scaled.jpg\" title=\"FAMILY Apartmany Termal\" alt=\"FAMILY Apartmany Termal\" srcset=\"https:\/\/www.apartmany-termal.sk\/wp-content\/uploads\/2023\/08\/IMG_6075-scaled.jpg 2560w, https:\/\/www.apartmany-termal.sk\/wp-content\/uploads\/2023\/08\/IMG_6075-300x200.jpg 300w, https:\/\/www.apartmany-termal.sk\/wp-content\/uploads\/2023\/08\/IMG_6075-1024x683.jpg 1024w, https:\/\/www.apartmany-termal.sk\/wp-content\/uploads\/2023\/08\/IMG_6075-768x512.jpg 768w, https:\/\/www.apartmany-termal.sk\/wp-content\/uploads\/2023\/08\/IMG_6075-1536x1024.jpg 1536w, https:\/\/www.apartmany-termal.sk\/wp-content\/uploads\/2023\/08\/IMG_6075-2048x1365.jpg 2048w, https:\/\/www.apartmany-termal.sk\/wp-content\/uploads\/2023\/08\/IMG_6075-1024x683-600x400.jpg 600w\" sizes=\"(max-width: 2560px) 100vw, 2560px\" \/> <\/a>\n<h3 style=\"text-align: center;\"><a href=\"https:\/\/www.apartmany-termal.sk\/first-moment-family-apartmany-termal\/\">FIRST MOMENT FAMILY APARTM\u00c1NY TERMAL<\/a><\/h3>\n<a href=\"https:\/\/www.apartmany-termal.sk\/mikulassky-wellness-pobyt\/\" > <img decoding=\"async\" width=\"600\" height=\"400\" src=\"https:\/\/www.apartmany-termal.sk\/wp-content\/uploads\/2021\/08\/mikulassky-wellness-pobyt-dunajska-streda.jpg\" title=\"mikulassky-wellness-pobyt-dunajska-streda\" alt=\"mikulassky-wellness-pobyt-dunajska-streda\" srcset=\"https:\/\/www.apartmany-termal.sk\/wp-content\/uploads\/2021\/08\/mikulassky-wellness-pobyt-dunajska-streda.jpg 600w, https:\/\/www.apartmany-termal.sk\/wp-content\/uploads\/2021\/08\/mikulassky-wellness-pobyt-dunajska-streda-300x200.jpg 300w\" sizes=\"(max-width: 600px) 100vw, 600px\" \/> <\/a>\n<h3 style=\"text-align: center;\"><a href=\"https:\/\/www.apartmany-termal.sk\/mikulassky-wellness-pobyt\/\">MIKUL\u00c1\u0160SKY WELLNESS POBYT 2023<\/a><\/h3>\n<a href=\"https:\/\/www.apartmany-termal.sk\/vianocny-wellness-pobyt\/\" > <img loading=\"lazy\" decoding=\"async\" width=\"600\" height=\"400\" src=\"https:\/\/www.apartmany-termal.sk\/wp-content\/uploads\/2021\/08\/wellness-pobyt-velka-noc-dunajska-streda.jpg\" title=\"wellness-pobyt-velka-noc-dunajska-streda\" alt=\"wellness-pobyt-velka-noc-dunajska-streda\" srcset=\"https:\/\/www.apartmany-termal.sk\/wp-content\/uploads\/2021\/08\/wellness-pobyt-velka-noc-dunajska-streda.jpg 600w, https:\/\/www.apartmany-termal.sk\/wp-content\/uploads\/2021\/08\/wellness-pobyt-velka-noc-dunajska-streda-300x200.jpg 300w\" sizes=\"(max-width: 600px) 100vw, 600px\" \/> <\/a>\n<h3 style=\"text-align: center;\"><a href=\"https:\/\/www.apartmany-termal.sk\/vianocny-wellness-pobyt\/\">VIANO\u010cN\u00dd WELLNESS POBYT 2023<\/a><\/h3>\n<a href=\"https:\/\/www.apartmany-termal.sk\/jarny-wellness-pobyt\/\" > <img loading=\"lazy\" decoding=\"async\" width=\"600\" height=\"400\" src=\"https:\/\/www.apartmany-termal.sk\/wp-content\/uploads\/2021\/08\/jarny-wellness-pobyt-dunajska-streda.jpg\" title=\"jarny-wellness-pobyt-dunajska-streda\" alt=\"jarny-wellness-pobyt-dunajska-streda\" srcset=\"https:\/\/www.apartmany-termal.sk\/wp-content\/uploads\/2021\/08\/jarny-wellness-pobyt-dunajska-streda.jpg 600w, https:\/\/www.apartmany-termal.sk\/wp-content\/uploads\/2021\/08\/jarny-wellness-pobyt-dunajska-streda-300x200.jpg 300w\" sizes=\"(max-width: 600px) 100vw, 600px\" \/> <\/a>\n<h3 style=\"text-align: center;\"><a href=\"https:\/\/www.apartmany-termal.sk\/jarny-wellness-pobyt\/\">JARN\u00dd WELLNESS POBYT 2024&nbsp;<\/a><\/h3>\n<a href=\"https:\/\/www.apartmany-termal.sk\/velkonocny-wellness-pobyt\/\" > <img loading=\"lazy\" decoding=\"async\" width=\"700\" height=\"467\" src=\"https:\/\/www.apartmany-termal.sk\/wp-content\/uploads\/2021\/08\/wellness-pobyt.webp\" title=\"wellness-pobyt\" alt=\"wellness-pobyt\" srcset=\"https:\/\/www.apartmany-termal.sk\/wp-content\/uploads\/2021\/08\/wellness-pobyt.webp 700w, https:\/\/www.apartmany-termal.sk\/wp-content\/uploads\/2021\/08\/wellness-pobyt-300x200.webp 300w\" sizes=\"(max-width: 700px) 100vw, 700px\" \/> <\/a>\n<h3 style=\"text-align: center;\"><a href=\"https:\/\/www.apartmany-termal.sk\/velkonocny-wellness-pobyt\/\">VE\u013dKONO\u010cN\u00dd WELLNESS POBYT 2024&nbsp;<\/a><\/h3>\n<a href=\"https:\/\/www.apartmany-termal.sk\/wellness-pobyt-horuce-leto\/\" > <img loading=\"lazy\" decoding=\"async\" width=\"600\" height=\"400\" src=\"https:\/\/www.apartmany-termal.sk\/wp-content\/uploads\/2021\/08\/wellness-pobyt-dunajska-streda-leto.jpg\" title=\"wellness-pobyt-dunajska-streda-leto\" alt=\"wellness-pobyt-dunajska-streda-leto\" srcset=\"https:\/\/www.apartmany-termal.sk\/wp-content\/uploads\/2021\/08\/wellness-pobyt-dunajska-streda-leto.jpg 600w, https:\/\/www.apartmany-termal.sk\/wp-content\/uploads\/2021\/08\/wellness-pobyt-dunajska-streda-leto-300x200.jpg 300w\" sizes=\"(max-width: 600px) 100vw, 600px\" \/> <\/a>\n<h3 style=\"text-align: center;\"><a href=\"https:\/\/www.apartmany-termal.sk\/wellness-pobyt-horuce-leto\/\">WELLNESS POBYT- HOR\u00daCE LETO 2024&nbsp;<\/a><\/h3>\n<a href=\"https:\/\/www.apartmany-termal.sk\/rodinny-letny-pobyt\/\" > <img loading=\"lazy\" decoding=\"async\" width=\"600\" height=\"400\" src=\"https:\/\/www.apartmany-termal.sk\/wp-content\/uploads\/2021\/08\/rodinne-wellness-pobyty-dunajska-streda.jpg\" title=\"rodinne-wellness-pobyty-dunajska-streda\" alt=\"rodinne-wellness-pobyty-dunajska-streda\" srcset=\"https:\/\/www.apartmany-termal.sk\/wp-content\/uploads\/2021\/08\/rodinne-wellness-pobyty-dunajska-streda.jpg 600w, https:\/\/www.apartmany-termal.sk\/wp-content\/uploads\/2021\/08\/rodinne-wellness-pobyty-dunajska-streda-300x200.jpg 300w\" sizes=\"(max-width: 600px) 100vw, 600px\" \/> <\/a>\n<h3 style=\"text-align: center;\"><a href=\"https:\/\/www.apartmany-termal.sk\/rodinny-letny-pobyt\/\">RODINN\u00dd LETN\u00dd POBYT 2024&nbsp;<\/a><\/h3>\n<p style=\"text-align: center;\">Na\u0161im cie\u013eom je poskytn\u00fa\u0165 v\u00e1m nezabudnute\u013en\u00fd wellness pobyt pln\u00fd relaxu a regener\u00e1cie. Pr\u00ed\u010fte a za\u017eite wellness Dunajsk\u00e1 Streda v Apartm\u00e1nov\u00fdch domoch Term\u00e1l. Sme tu pre v\u00e1s, aby sme v\u00e1m poskytli skvel\u00fa starostlivos\u0165 a pohodlie, ktor\u00e9 si zasl\u00fa\u017eite.\u00a0<\/p> <p style=\"text-align: center;\">Te\u0161\u00edme sa na v\u00e1\u0161 pr\u00edchod a sme presved\u010den\u00ed, \u017ee n\u00e1\u0161 wellness pobyt v\u00e1m poskytne to, \u010do h\u013ead\u00e1te. Wellness pobyty Dunajsk\u00e1 Streda - to je relax, regener\u00e1cia a nezabudnute\u013en\u00e9 z\u00e1\u017eitky.<\/p>\n<p style=\"text-align: center;\">[themify_layout_part id=\"127\"]<\/p>","_links":{"self":[{"href":"https:\/\/www.apartmany-termal.sk\/de\/wp-json\/wp\/v2\/pages\/383","targetHints":{"allow":["GET"]}}],"collection":[{"href":"https:\/\/www.apartmany-termal.sk\/de\/wp-json\/wp\/v2\/pages"}],"about":[{"href":"https:\/\/www.apartmany-termal.sk\/de\/wp-json\/wp\/v2\/types\/page"}],"author":[{"embeddable":true,"href":"https:\/\/www.apartmany-termal.sk\/de\/wp-json\/wp\/v2\/users\/1"}],"replies":[{"embeddable":true,"href":"https:\/\/www.apartmany-termal.sk\/de\/wp-json\/wp\/v2\/comments?post=383"}],"version-history":[{"count":13,"href":"https:\/\/www.apartmany-termal.sk\/de\/wp-json\/wp\/v2\/pages\/383\/revisions"}],"predecessor-version":[{"id":6013,"href":"https:\/\/www.apartmany-termal.sk\/de\/wp-json\/wp\/v2\/pages\/383\/revisions\/6013"}],"wp:attachment":[{"href":"https:\/\/www.apartmany-termal.sk\/de\/wp-json\/wp\/v2\/media?parent=383"}],"curies":[{"name":"wp","href":"https:\/\/api.w.org\/{rel}","templated":true}]}}