{"id":480,"date":"2021-07-14T18:33:23","date_gmt":"2021-07-14T16:33:23","guid":{"rendered":"https:\/\/www.apartmany-termal.sk\/domov\/"},"modified":"2024-05-03T12:12:22","modified_gmt":"2024-05-03T10:12:22","slug":"domov","status":"publish","type":"page","link":"https:\/\/www.apartmany-termal.sk\/pl\/domov\/","title":{"rendered":"Ubytovanie Dunajsk\u00e1 Streda-Apartmany Termal***"},"content":{"rendered":"<p><\/p>\n<!--themify_builder_content-->\n<div id=\"themify_builder_content-480\" data-postid=\"480\" class=\"themify_builder_content themify_builder_content-480 themify_builder tf_clear\">\n    \t<!-- module_row -->\n\t<div  data-css_id=\"y961384\" data-lazy=\"1\" class=\"module_row themify_builder_row repeat fullwidth tb_y961384 tb_first tf_clearfix\" >\n\t    \t\t<div class=\"row_inner col_align_middle tf_box tf_w tf_rel\">\n\t\t\t<div  data-lazy=\"1\" class=\"module_column tb-column col-full first tb_nj3o385 tf_box\">\n\t\t\t    \t        <div class=\"tb-column-inner tf_box tf_w\">\n\t\t    <div  class=\"module tf_clearfix themify_builder_slider_wrap module-slider tb_1s6a455  slider-default  slide-image-fullwidth\" data-lazy=\"1\">\n        <div class=\"themify_builder_slider tf_carousel tf_swiper-container tf_rel tf_overflow\" data-lazy=\"1\"\t\t    data-tbreakpoints=\"1024\"\n\t\t    data-mbreakpoints=\"600\"\n\tdata-visible=\"1\"\n\tdata-tab-visible=\"1\"\n\tdata-mob-visible=\"1\"\n\tdata-scroll=\"1\"\n\t\t    \t\t    \t\t\t    data-auto=\"3000\"\n\t\t\t    data-controller=\"0\"\n\t\t\t    data-pause_hover=\"0\"\n\t\t    \tdata-speed=\"1\"\n\tdata-wrapvar=\"0\"\n\tdata-slider_nav=\"0\"\n\tdata-pager=\"0\"\n\tdata-effect=\"scroll\" \n\tdata-height=\"variable\"\n\tdata-horizontal=\"0\"\n\t\t    data-css_url=\"https:\/\/www.apartmany-termal.sk\/wp-content\/themes\/themify-ultra\/themify\/themify-builder\/css\/modules\/sliders\/carousel.css,https:\/\/www.apartmany-termal.sk\/wp-content\/themes\/themify-ultra\/themify\/themify-builder\/css\/modules\/sliders\/slider.css\"\n\t>\n\t\t    <div class=\"tf_swiper-wrapper tf_lazy tf_rel tf_w tf_h tf_textc\">\n\t        <!-- module slider image -->\n\n                     <div class=\"tf_swiper-slide\">\n            <div class=\"slide-inner-wrap\">\n                                    <div class=\"tf_rel tf_lazy slide-image\">\n                                                                            <img loading=\"lazy\" fetchpriority=\"high\" src=\"data:image\/svg+xml;charset=UTF-8,%3Csvg%20xmlns%3D%22http%3A%2F%2Fwww.w3.org%2F2000%2Fsvg%22%20width%3D%221580%22%20height%3D%22811%22%3E%3Cg%20fill%3D%22%23050d18%22%3E%3Crect%20width%3D%22526%22%20height%3D%22270%22%2F%3E%3Crect%20width%3D%22526%22%20height%3D%22270%22%20fill%3D%22%230b0d1c%22%20x%3D%22526%22%2F%3E%3Crect%20width%3D%22526%22%20height%3D%22270%22%20fill%3D%22%230c0c1a%22%20x%3D%221052%22%2F%3E%3Crect%20width%3D%22526%22%20height%3D%22270%22%20fill%3D%22%238a8285%22%20y%3D%22270%22%2F%3E%3Crect%20width%3D%22526%22%20height%3D%22270%22%20fill%3D%22%23593e3c%22%20x%3D%22526%22%20y%3D%22270%22%2F%3E%3Crect%20width%3D%22526%22%20height%3D%22270%22%20fill%3D%22%23140c08%22%20x%3D%221052%22%20y%3D%22270%22%2F%3E%3Crect%20width%3D%22526%22%20height%3D%22270%22%20fill%3D%22%23938787%22%20y%3D%22540%22%2F%3E%3Crect%20width%3D%22526%22%20height%3D%22270%22%20fill%3D%22%23664643%22%20x%3D%22526%22%20y%3D%22540%22%2F%3E%3Crect%20width%3D%22526%22%20height%3D%22270%22%20fill%3D%22%23423935%22%20x%3D%221052%22%20y%3D%22540%22%2F%3E%3C%2Fg%3E%3C%2Fsvg%3E\" loading=\"lazy\" data-lazy=\"1\" fetchpriority=\"high\" decoding=\"async\" width=\"1580\" height=\"811\" data-tf-src=\"https:\/\/www.apartmany-termal.sk\/wp-content\/uploads\/2021\/10\/apartmany-termal-dunajska-streda-ubytovanie-1.webp\" class=\"tf_svg_lazy wp-post-image wp-image-1414\" title=\"apartmany-termal-dunajska-streda-ubytovanie\" alt=\"apartmany-termal-dunajska-streda-ubytovanie\" data-tf-srcset=\"https:\/\/www.apartmany-termal.sk\/wp-content\/uploads\/2021\/10\/apartmany-termal-dunajska-streda-ubytovanie-1.webp 1580w, https:\/\/www.apartmany-termal.sk\/wp-content\/uploads\/2021\/10\/apartmany-termal-dunajska-streda-ubytovanie-1-300x154.webp 300w, https:\/\/www.apartmany-termal.sk\/wp-content\/uploads\/2021\/10\/apartmany-termal-dunajska-streda-ubytovanie-1-1024x526.webp 1024w, https:\/\/www.apartmany-termal.sk\/wp-content\/uploads\/2021\/10\/apartmany-termal-dunajska-streda-ubytovanie-1-768x394.webp 768w, https:\/\/www.apartmany-termal.sk\/wp-content\/uploads\/2021\/10\/apartmany-termal-dunajska-streda-ubytovanie-1-1536x788.webp 1536w\" data-tf-sizes=\"(max-width: 1580px) 100vw, 1580px\" \/><noscript><img fetchpriority=\"high\" fetchpriority=\"high\" decoding=\"async\" width=\"1580\" height=\"811\" data-tf-not-load src=\"https:\/\/www.apartmany-termal.sk\/wp-content\/uploads\/2021\/10\/apartmany-termal-dunajska-streda-ubytovanie-1.webp\" class=\"wp-post-image wp-image-1414\" title=\"apartmany-termal-dunajska-streda-ubytovanie\" alt=\"apartmany-termal-dunajska-streda-ubytovanie\" srcset=\"https:\/\/www.apartmany-termal.sk\/wp-content\/uploads\/2021\/10\/apartmany-termal-dunajska-streda-ubytovanie-1.webp 1580w, https:\/\/www.apartmany-termal.sk\/wp-content\/uploads\/2021\/10\/apartmany-termal-dunajska-streda-ubytovanie-1-300x154.webp 300w, https:\/\/www.apartmany-termal.sk\/wp-content\/uploads\/2021\/10\/apartmany-termal-dunajska-streda-ubytovanie-1-1024x526.webp 1024w, https:\/\/www.apartmany-termal.sk\/wp-content\/uploads\/2021\/10\/apartmany-termal-dunajska-streda-ubytovanie-1-768x394.webp 768w, https:\/\/www.apartmany-termal.sk\/wp-content\/uploads\/2021\/10\/apartmany-termal-dunajska-streda-ubytovanie-1-1536x788.webp 1536w\" sizes=\"(max-width: 1580px) 100vw, 1580px\" \/><\/noscript>                                            <\/div><!-- \/slide-image -->\n                \n                            <\/div>\n        <\/div>\n                     <div class=\"tf_swiper-slide\">\n            <div class=\"slide-inner-wrap\">\n                                    <div class=\"tf_rel tf_lazy slide-image\">\n                                                                            <img loading=\"lazy\" src=\"data:image\/svg+xml;charset=UTF-8,%3Csvg%20xmlns%3D%22http%3A%2F%2Fwww.w3.org%2F2000%2Fsvg%22%20width%3D%221580%22%20height%3D%22811%22%3E%3Cg%20fill%3D%22%23dc791d%22%3E%3Crect%20width%3D%22526%22%20height%3D%22270%22%2F%3E%3Crect%20width%3D%22526%22%20height%3D%22270%22%20fill%3D%22%23a87d4e%22%20x%3D%22526%22%2F%3E%3Crect%20width%3D%22526%22%20height%3D%22270%22%20fill%3D%22%2396b4ca%22%20x%3D%221052%22%2F%3E%3Crect%20width%3D%22526%22%20height%3D%22270%22%20fill%3D%22%237c634b%22%20y%3D%22270%22%2F%3E%3Crect%20width%3D%22526%22%20height%3D%22270%22%20fill%3D%22%23906838%22%20x%3D%22526%22%20y%3D%22270%22%2F%3E%3Crect%20width%3D%22526%22%20height%3D%22270%22%20fill%3D%22%23bfa487%22%20x%3D%221052%22%20y%3D%22270%22%2F%3E%3Crect%20width%3D%22526%22%20height%3D%22270%22%20fill%3D%22%238e6145%22%20y%3D%22540%22%2F%3E%3Crect%20width%3D%22526%22%20height%3D%22270%22%20fill%3D%22%23745426%22%20x%3D%22526%22%20y%3D%22540%22%2F%3E%3Crect%20width%3D%22526%22%20height%3D%22270%22%20fill%3D%22%2372511f%22%20x%3D%221052%22%20y%3D%22540%22%2F%3E%3C%2Fg%3E%3C%2Fsvg%3E\" loading=\"lazy\" data-lazy=\"1\" decoding=\"async\" width=\"1580\" height=\"811\" data-tf-src=\"https:\/\/www.apartmany-termal.sk\/wp-content\/uploads\/2021\/10\/dunajska-streda-ubytovanie.webp\" class=\"tf_svg_lazy wp-post-image wp-image-1419\" title=\"dunajska-streda-ubytovanie\" alt=\"dunajska-streda-ubytovanie\" data-tf-srcset=\"https:\/\/www.apartmany-termal.sk\/wp-content\/uploads\/2021\/10\/dunajska-streda-ubytovanie.webp 1580w, https:\/\/www.apartmany-termal.sk\/wp-content\/uploads\/2021\/10\/dunajska-streda-ubytovanie-300x154.webp 300w, https:\/\/www.apartmany-termal.sk\/wp-content\/uploads\/2021\/10\/dunajska-streda-ubytovanie-1024x526.webp 1024w, https:\/\/www.apartmany-termal.sk\/wp-content\/uploads\/2021\/10\/dunajska-streda-ubytovanie-768x394.webp 768w, https:\/\/www.apartmany-termal.sk\/wp-content\/uploads\/2021\/10\/dunajska-streda-ubytovanie-1536x788.webp 1536w\" data-tf-sizes=\"(max-width: 1580px) 100vw, 1580px\" \/><noscript><img loading=\"lazy\" decoding=\"async\" width=\"1580\" height=\"811\" data-tf-not-load src=\"https:\/\/www.apartmany-termal.sk\/wp-content\/uploads\/2021\/10\/dunajska-streda-ubytovanie.webp\" class=\"wp-post-image wp-image-1419\" title=\"dunajska-streda-ubytovanie\" alt=\"dunajska-streda-ubytovanie\" srcset=\"https:\/\/www.apartmany-termal.sk\/wp-content\/uploads\/2021\/10\/dunajska-streda-ubytovanie.webp 1580w, https:\/\/www.apartmany-termal.sk\/wp-content\/uploads\/2021\/10\/dunajska-streda-ubytovanie-300x154.webp 300w, https:\/\/www.apartmany-termal.sk\/wp-content\/uploads\/2021\/10\/dunajska-streda-ubytovanie-1024x526.webp 1024w, https:\/\/www.apartmany-termal.sk\/wp-content\/uploads\/2021\/10\/dunajska-streda-ubytovanie-768x394.webp 768w, https:\/\/www.apartmany-termal.sk\/wp-content\/uploads\/2021\/10\/dunajska-streda-ubytovanie-1536x788.webp 1536w\" sizes=\"(max-width: 1580px) 100vw, 1580px\" \/><\/noscript>                                            <\/div><!-- \/slide-image -->\n                \n                            <\/div>\n        <\/div>\n                     <div class=\"tf_swiper-slide\">\n            <div class=\"slide-inner-wrap\">\n                                    <div class=\"tf_rel tf_lazy slide-image\">\n                                                                            <img loading=\"lazy\" src=\"data:image\/svg+xml;charset=UTF-8,%3Csvg%20xmlns%3D%22http%3A%2F%2Fwww.w3.org%2F2000%2Fsvg%22%20width%3D%221580%22%20height%3D%22811%22%3E%3Cg%20fill%3D%22%23010d34%22%3E%3Crect%20width%3D%22526%22%20height%3D%22270%22%2F%3E%3Crect%20width%3D%22526%22%20height%3D%22270%22%20fill%3D%22%23011243%22%20x%3D%22526%22%2F%3E%3Crect%20width%3D%22526%22%20height%3D%22270%22%20fill%3D%22%2304164e%22%20x%3D%221052%22%2F%3E%3Crect%20width%3D%22526%22%20height%3D%22270%22%20fill%3D%22%23071c52%22%20y%3D%22270%22%2F%3E%3Crect%20width%3D%22526%22%20height%3D%22270%22%20fill%3D%22%230a1f61%22%20x%3D%22526%22%20y%3D%22270%22%2F%3E%3Crect%20width%3D%22526%22%20height%3D%22270%22%20fill%3D%22%23442d1c%22%20x%3D%221052%22%20y%3D%22270%22%2F%3E%3Crect%20width%3D%22526%22%20height%3D%22270%22%20fill%3D%22%239bbed4%22%20y%3D%22540%22%2F%3E%3Crect%20width%3D%22526%22%20height%3D%22270%22%20fill%3D%22%237c9ebe%22%20x%3D%22526%22%20y%3D%22540%22%2F%3E%3Crect%20width%3D%22526%22%20height%3D%22270%22%20fill%3D%22%23493119%22%20x%3D%221052%22%20y%3D%22540%22%2F%3E%3C%2Fg%3E%3C%2Fsvg%3E\" loading=\"lazy\" data-lazy=\"1\" decoding=\"async\" width=\"1580\" height=\"811\" data-tf-src=\"https:\/\/www.apartmany-termal.sk\/wp-content\/uploads\/2021\/10\/thermal-dunajska-streda-ubytovanie.webp\" class=\"tf_svg_lazy wp-post-image wp-image-1424\" title=\"thermal-dunajska-streda-ubytovanie\" alt=\"thermal-dunajska-streda-ubytovanie\" data-tf-srcset=\"https:\/\/www.apartmany-termal.sk\/wp-content\/uploads\/2021\/10\/thermal-dunajska-streda-ubytovanie.webp 1580w, https:\/\/www.apartmany-termal.sk\/wp-content\/uploads\/2021\/10\/thermal-dunajska-streda-ubytovanie-300x154.webp 300w, https:\/\/www.apartmany-termal.sk\/wp-content\/uploads\/2021\/10\/thermal-dunajska-streda-ubytovanie-1024x526.webp 1024w, https:\/\/www.apartmany-termal.sk\/wp-content\/uploads\/2021\/10\/thermal-dunajska-streda-ubytovanie-768x394.webp 768w, https:\/\/www.apartmany-termal.sk\/wp-content\/uploads\/2021\/10\/thermal-dunajska-streda-ubytovanie-1536x788.webp 1536w\" data-tf-sizes=\"(max-width: 1580px) 100vw, 1580px\" \/><noscript><img loading=\"lazy\" decoding=\"async\" width=\"1580\" height=\"811\" data-tf-not-load src=\"https:\/\/www.apartmany-termal.sk\/wp-content\/uploads\/2021\/10\/thermal-dunajska-streda-ubytovanie.webp\" class=\"wp-post-image wp-image-1424\" title=\"thermal-dunajska-streda-ubytovanie\" alt=\"thermal-dunajska-streda-ubytovanie\" srcset=\"https:\/\/www.apartmany-termal.sk\/wp-content\/uploads\/2021\/10\/thermal-dunajska-streda-ubytovanie.webp 1580w, https:\/\/www.apartmany-termal.sk\/wp-content\/uploads\/2021\/10\/thermal-dunajska-streda-ubytovanie-300x154.webp 300w, https:\/\/www.apartmany-termal.sk\/wp-content\/uploads\/2021\/10\/thermal-dunajska-streda-ubytovanie-1024x526.webp 1024w, https:\/\/www.apartmany-termal.sk\/wp-content\/uploads\/2021\/10\/thermal-dunajska-streda-ubytovanie-768x394.webp 768w, https:\/\/www.apartmany-termal.sk\/wp-content\/uploads\/2021\/10\/thermal-dunajska-streda-ubytovanie-1536x788.webp 1536w\" sizes=\"(max-width: 1580px) 100vw, 1580px\" \/><\/noscript>                                            <\/div><!-- \/slide-image -->\n                \n                            <\/div>\n        <\/div>\n                     <div class=\"tf_swiper-slide\">\n            <div class=\"slide-inner-wrap\">\n                                    <div class=\"tf_rel tf_lazy slide-image\">\n                                                                            <img loading=\"lazy\" src=\"data:image\/svg+xml;charset=UTF-8,%3Csvg%20xmlns%3D%22http%3A%2F%2Fwww.w3.org%2F2000%2Fsvg%22%20width%3D%221580%22%20height%3D%22811%22%3E%3Cg%20fill%3D%22%23021d3d%22%3E%3Crect%20width%3D%22526%22%20height%3D%22270%22%2F%3E%3Crect%20width%3D%22526%22%20height%3D%22270%22%20fill%3D%22%23040d18%22%20x%3D%22526%22%2F%3E%3Crect%20width%3D%22526%22%20height%3D%22270%22%20fill%3D%22%23020206%22%20x%3D%221052%22%2F%3E%3Crect%20width%3D%22526%22%20height%3D%22270%22%20fill%3D%22%2304101c%22%20y%3D%22270%22%2F%3E%3Crect%20width%3D%22526%22%20height%3D%22270%22%20fill%3D%22%231e1f28%22%20x%3D%22526%22%20y%3D%22270%22%2F%3E%3Crect%20width%3D%22526%22%20height%3D%22270%22%20fill%3D%22%238d5c2d%22%20x%3D%221052%22%20y%3D%22270%22%2F%3E%3Crect%20width%3D%22526%22%20height%3D%22270%22%20fill%3D%22%230b2b44%22%20y%3D%22540%22%2F%3E%3Crect%20width%3D%22526%22%20height%3D%22270%22%20fill%3D%22%232e3840%22%20x%3D%22526%22%20y%3D%22540%22%2F%3E%3Crect%20width%3D%22526%22%20height%3D%22270%22%20fill%3D%22%23755132%22%20x%3D%221052%22%20y%3D%22540%22%2F%3E%3C%2Fg%3E%3C%2Fsvg%3E\" data-lazy=\"1\" loading=\"lazy\" decoding=\"async\" width=\"1580\" height=\"811\" data-tf-src=\"https:\/\/www.apartmany-termal.sk\/wp-content\/uploads\/2021\/10\/tepla-voda-termal-dunajska-streda-ubytovanie.webp\" class=\"tf_svg_lazy wp-post-image wp-image-1434\" title=\"tepla-voda-termal-dunajska-streda-ubytovanie\" alt=\"tepla-voda-termal-dunajska-streda-ubytovanie\" data-tf-srcset=\"https:\/\/www.apartmany-termal.sk\/wp-content\/uploads\/2021\/10\/tepla-voda-termal-dunajska-streda-ubytovanie.webp 1580w, https:\/\/www.apartmany-termal.sk\/wp-content\/uploads\/2021\/10\/tepla-voda-termal-dunajska-streda-ubytovanie-300x154.webp 300w, https:\/\/www.apartmany-termal.sk\/wp-content\/uploads\/2021\/10\/tepla-voda-termal-dunajska-streda-ubytovanie-1024x526.webp 1024w, https:\/\/www.apartmany-termal.sk\/wp-content\/uploads\/2021\/10\/tepla-voda-termal-dunajska-streda-ubytovanie-768x394.webp 768w, https:\/\/www.apartmany-termal.sk\/wp-content\/uploads\/2021\/10\/tepla-voda-termal-dunajska-streda-ubytovanie-1536x788.webp 1536w\" data-tf-sizes=\"(max-width: 1580px) 100vw, 1580px\" \/><noscript><img loading=\"lazy\" loading=\"lazy\" decoding=\"async\" width=\"1580\" height=\"811\" data-tf-not-load src=\"https:\/\/www.apartmany-termal.sk\/wp-content\/uploads\/2021\/10\/tepla-voda-termal-dunajska-streda-ubytovanie.webp\" class=\"wp-post-image wp-image-1434\" title=\"tepla-voda-termal-dunajska-streda-ubytovanie\" alt=\"tepla-voda-termal-dunajska-streda-ubytovanie\" srcset=\"https:\/\/www.apartmany-termal.sk\/wp-content\/uploads\/2021\/10\/tepla-voda-termal-dunajska-streda-ubytovanie.webp 1580w, https:\/\/www.apartmany-termal.sk\/wp-content\/uploads\/2021\/10\/tepla-voda-termal-dunajska-streda-ubytovanie-300x154.webp 300w, https:\/\/www.apartmany-termal.sk\/wp-content\/uploads\/2021\/10\/tepla-voda-termal-dunajska-streda-ubytovanie-1024x526.webp 1024w, https:\/\/www.apartmany-termal.sk\/wp-content\/uploads\/2021\/10\/tepla-voda-termal-dunajska-streda-ubytovanie-768x394.webp 768w, https:\/\/www.apartmany-termal.sk\/wp-content\/uploads\/2021\/10\/tepla-voda-termal-dunajska-streda-ubytovanie-1536x788.webp 1536w\" sizes=\"auto, (max-width: 1580px) 100vw, 1580px\" \/><\/noscript>                                            <\/div><!-- \/slide-image -->\n                \n                            <\/div>\n        <\/div>\n    \t\t    <\/div>\n    <\/div>\n<\/div>\n\t        <\/div>\n\t    \t<\/div>\n\t\t    <\/div>\n\t    <!-- \/row_inner -->\n\t<\/div>\n\t<!-- \/module_row -->\n\t\t<!-- module_row -->\n\t<div  data-lazy=\"1\" class=\"module_row themify_builder_row repeat tb_rxe9396 tf_clearfix\" >\n\t    \t\t<div class=\"row_inner col_align_middle tf_box tf_w tf_rel\">\n\t\t\t<div  data-lazy=\"1\" class=\"module_column tb-column col4-1 first tb_inwx397 tf_box\">\n\t\t\t    \t<\/div>\n\t\t<div  data-lazy=\"1\" class=\"module_column tb-column col4-2 middle tb_rj8i292 tf_box\">\n\t\t\t    \t        <div class=\"tb-column-inner tf_box tf_w\">\n\t\t    <!-- module text -->\n<div  class=\"module module-text tb_0kdl808   \" data-lazy=\"1\">\n        <div  class=\"tb_text_wrap\">\n    <div class=\"reserve_banner_text\">REZERVUJTE TERAZ A GARANTUJEME V\u00c1M TIE NAJLEP\u0160IE CENY !<\/div>    <\/div>\n<\/div>\n<!-- \/module text -->\t        <\/div>\n\t    \t<\/div>\n\t\t<div  data-lazy=\"1\" class=\"module_column tb-column col4-1 last tb_ukxd406 tf_box\">\n\t\t\t    \t        <div class=\"tb-column-inner tf_box tf_w\">\n\t\t    <!-- module buttons -->\n<div  class=\"module module-buttons tb_w239326 buttons-horizontal solid  rounded tf_textc\" data-lazy=\"1\">\n    \t<div class=\"module-buttons-item tf_inline_b\">\n\t\t\t\t\t\t\t<a href=\"https:\/\/www.secure-hotel-booking.com\/smart\/Apartmany-Termal\/2C8X\/sk\/\" class=\"ui builder_button transparent\" target=\"_blank\" rel=\"noopener\">\n\t\t\t\t\t\t\t\t\t\t\t<span class=\"tf_inline_b tf_vmiddle\">Rezervova\u0165<\/span>\n\t\t\t\t\t\t\t\t\t\t\t<\/a>\n\t\t\t    \t<\/div>\n\t<\/div>\n<!-- \/module buttons -->\n\t        <\/div>\n\t    \t<\/div>\n\t\t    <\/div>\n\t    <!-- \/row_inner -->\n\t<\/div>\n\t<!-- \/module_row -->\n\t\t<!-- module_row -->\n\t<div  data-css_id=\"klo957\" data-lazy=\"1\" class=\"module_row themify_builder_row fullwidth tb_klo957 tf_clearfix\" >\n\t    \t\t<div class=\"row_inner col_align_middle gutter-none tf_box tf_w tf_rel\">\n\t\t\t<div  data-lazy=\"1\" class=\"module_column tb-column col2-1 first tb_uunt58 tf_box\">\n\t\t\t    \t        <div class=\"tb-column-inner tf_box tf_w\">\n\t\t    <!-- module image -->\n<div  class=\"module module-image tb_nccv58   image-top tf_mw wow\" data-tf-animation=\"fadeInLeft\" data-lazy=\"1\">\n        <div class=\"image-wrap tf_rel tf_mw\">\n\t\t    <img loading=\"lazy\" loading=\"lazy\" decoding=\"async\" width=\"960\" height=\"687\" src=\"https:\/\/www.apartmany-termal.sk\/wp-content\/uploads\/2021\/08\/apartmany-termal-dunajska-streda-o-nas.jpg\" class=\"wp-post-image wp-image-114\" title=\"apartmany-termal-dunajska-streda-o-nas\" alt=\"apartmany-termal-dunajska-streda-o-nas\" srcset=\"https:\/\/www.apartmany-termal.sk\/wp-content\/uploads\/2021\/08\/apartmany-termal-dunajska-streda-o-nas.jpg 960w, https:\/\/www.apartmany-termal.sk\/wp-content\/uploads\/2021\/08\/apartmany-termal-dunajska-streda-o-nas-300x215.jpg 300w, https:\/\/www.apartmany-termal.sk\/wp-content\/uploads\/2021\/08\/apartmany-termal-dunajska-streda-o-nas-768x550.jpg 768w\" sizes=\"auto, (max-width: 960px) 100vw, 960px\" \/>\t\n\t\t<\/div>\n\t<!-- \/image-wrap -->\n    \n    \t<\/div>\n<!-- \/module image -->\t        <\/div>\n\t    \t<\/div>\n\t\t<div  data-lazy=\"1\" class=\"module_column tb-column col2-1 last tb_nxpx178 tf_box\">\n\t\t\t    \t        <div class=\"tb-column-inner tf_box tf_w\">\n\t\t    <!-- module text -->\n<div  class=\"module module-text tb_1753178    wow\" data-tf-animation=\"fadeInRight\" data-lazy=\"1\">\n        <div  class=\"tb_text_wrap\">\n    <h2>UBYTOVANIE DUNAJSK\u00c1 STREDA<\/h2>\n<p>Apartm\u00e1nov\u00e9 domy Term\u00e1l pon\u00fakaj\u00fa ubytovanie v Dunajskej Strede v priamom susedstve THERMALPARKU Dunajsk\u00e1 Streda. S THERMALPARKOM n\u00e1s sp\u00e1ja prepojovacia chodba, ktor\u00e1 zaru\u010d\u00ed na\u0161im klientom pohodln\u00fd pr\u00edstup do jeho priestorov v lete aj v zime.<\/p>    <\/div>\n<\/div>\n<!-- \/module text -->\t        <\/div>\n\t    \t<\/div>\n\t\t    <\/div>\n\t    <!-- \/row_inner -->\n\t<\/div>\n\t<!-- \/module_row -->\n\t\t<!-- module_row -->\n\t<div  data-css_id=\"2ob6529\" data-lazy=\"1\" class=\"module_row themify_builder_row fullwidth tb_2ob6529 tf_clearfix\" >\n\t    \t\t<div class=\"row_inner col_align_middle gutter-none tf_box tf_w tf_rel\"  data-mobile_dir=\"rtl\">\n\t\t\t<div  data-lazy=\"1\" class=\"module_column tb-column col2-1 first tb_8r2h172 tf_box\">\n\t\t\t    \t        <div class=\"tb-column-inner tf_box tf_w\">\n\t\t    <!-- module text -->\n<div  class=\"module module-text tb_lty8172    wow\" data-tf-animation=\"fadeInLeft\" data-lazy=\"1\">\n        <div  class=\"tb_text_wrap\">\n    <h2>IZBY A V\u00ddBAVA APARTM\u00c1NY TERM\u00c1L<\/h2>\n<p>Hos\u0165om pon\u00fakame ubytovanie v Dunajskej Strede v moderne zariaden\u00fdch dvojl\u00f4\u017ekov\u00fdch a \u0161tvorl\u00f4\u017ekov\u00fdch apartm\u00e1noch so soci\u00e1lnym zariaden\u00edm, vlastnou kuchynkou a balk\u00f3nom. Apartm\u00e1nov\u00fd dom je rozdelen\u00fd na 3 poschodia. K dispoz\u00edcii je 31 dvojl\u00f4\u017ekov\u00fdch izieb s mo\u017enos\u0165ou pr\u00edstelky a 5 \u0161tvorl\u00f4\u017ekov\u00fdch apartm\u00e1nov.<\/p>    <\/div>\n<\/div>\n<!-- \/module text -->\t        <\/div>\n\t    \t<\/div>\n\t\t<div  data-lazy=\"1\" class=\"module_column tb-column col2-1 last tb_whu5530 tf_box\">\n\t\t\t    \t        <div class=\"tb-column-inner tf_box tf_w\">\n\t\t    <!-- module image -->\n<div  class=\"module module-image tb_5by8529   image-center tf_mw wow\" data-tf-animation=\"fadeInRight\" data-lazy=\"1\">\n        <div class=\"image-wrap tf_rel tf_mw\">\n\t\t    <img loading=\"lazy\" loading=\"lazy\" decoding=\"async\" width=\"960\" height=\"687\" src=\"https:\/\/www.apartmany-termal.sk\/wp-content\/uploads\/2021\/08\/ubytovanie-termal-dunajska-streda-izby.jpg\" class=\"wp-post-image wp-image-116\" title=\"ubytovanie-termal-dunajska-streda-izby\" alt=\"ubytovanie-termal-dunajska-streda-izby\" srcset=\"https:\/\/www.apartmany-termal.sk\/wp-content\/uploads\/2021\/08\/ubytovanie-termal-dunajska-streda-izby.jpg 960w, https:\/\/www.apartmany-termal.sk\/wp-content\/uploads\/2021\/08\/ubytovanie-termal-dunajska-streda-izby-300x215.jpg 300w, https:\/\/www.apartmany-termal.sk\/wp-content\/uploads\/2021\/08\/ubytovanie-termal-dunajska-streda-izby-768x550.jpg 768w\" sizes=\"auto, (max-width: 960px) 100vw, 960px\" \/>\t\n\t\t<\/div>\n\t<!-- \/image-wrap -->\n    \n    \t<\/div>\n<!-- \/module image -->\t        <\/div>\n\t    \t<\/div>\n\t\t    <\/div>\n\t    <!-- \/row_inner -->\n\t<\/div>\n\t<!-- \/module_row -->\n\t\t<!-- module_row -->\n\t<div  data-lazy=\"1\" class=\"module_row themify_builder_row tb_bt2e639 tf_clearfix\" >\n\t    \t\t<div class=\"row_inner col_align_middle tf_box tf_w tf_rel\">\n\t\t\t<div  data-lazy=\"1\" class=\"module_column tb-column col-full first tb_08xj639 tf_box\">\n\t\t\t    \t        <div class=\"tb-column-inner tf_box tf_w\">\n\t\t    <!-- module text -->\n<div  class=\"module module-text tb_v5cd639   \" data-lazy=\"1\">\n        <div  class=\"tb_text_wrap\">\n    <h2 style=\"text-align: center;\"><span style=\"font-weight: 400;\">PONUKA UBYTOVANIA APARTM\u00c1NOV\u00c9 DOMY TERM\u00c1L &#8211; DUNAJSKA STREDA<\/span><\/h2>    <\/div>\n<\/div>\n<!-- \/module text -->\t<div  data-lazy=\"1\" class=\"module_subrow themify_builder_sub_row tb_b91w904 tf_w tf_clearfix\">\n\t    \t\t<div class=\"subrow_inner col_align_top tf_box tf_w\">\n\t\t\t<div  data-lazy=\"1\" class=\"sub_column module_column tf_box col3-1 first tb_23z2904\"> \n\t    \t    \t        <div class=\"tb-column-inner tf_box tf_w\">\n\t\t    <!-- module image -->\n<div  class=\"module module-image tb_oaim164   image-top tf_mw\" data-lazy=\"1\">\n        <div class=\"image-wrap tf_rel tf_mw\">\n\t\t    <a href=\"https:\/\/www.apartmany-termal.sk\/jesenny-a-zimny-wellness-pobyt-zima\/\">\n\t\t   \t\t<img loading=\"lazy\" loading=\"lazy\" decoding=\"async\" width=\"600\" height=\"400\" src=\"https:\/\/www.apartmany-termal.sk\/wp-content\/uploads\/2021\/08\/wellness-pobyt-dunajska-streda-v-zime.png\" class=\"wp-post-image wp-image-119\" title=\"wellness-pobyt-dunajska-streda-v-zime\" alt=\"wellness-pobyt-dunajska-streda-v-zime\" srcset=\"https:\/\/www.apartmany-termal.sk\/wp-content\/uploads\/2021\/08\/wellness-pobyt-dunajska-streda-v-zime.png 600w, https:\/\/www.apartmany-termal.sk\/wp-content\/uploads\/2021\/08\/wellness-pobyt-dunajska-streda-v-zime-300x200.png 300w\" sizes=\"auto, (max-width: 600px) 100vw, 600px\" \/>\t    <\/a>\n\t\n\t\t<\/div>\n\t<!-- \/image-wrap -->\n    \n    \t<\/div>\n<!-- \/module image --><!-- module text -->\n<div  class=\"module module-text tb_1iqa991   \" data-lazy=\"1\">\n        <div  class=\"tb_text_wrap\">\n    <h3 style=\"text-align: center;\"><a href=\"https:\/\/www.apartmany-termal.sk\/jesenny-a-zimny-wellness-pobyt-zima\/\">JESENN\u00dd A ZIMN\u00dd WELLNESS POBYT &#8211; ZIMA 2021\/2022<\/a><\/h3>    <\/div>\n<\/div>\n<!-- \/module text -->\t        <\/div>\n\t    \t<\/div>\n\t\t<div  data-lazy=\"1\" class=\"sub_column module_column tf_box col3-1 middle tb_qpx151\" > \n\t    \t    \t        <div class=\"tb-column-inner tf_box tf_w\">\n\t\t    <!-- module image -->\n<div  class=\"module module-image tb_bc6p388   image-top tf_mw\" data-lazy=\"1\">\n        <div class=\"image-wrap tf_rel tf_mw\">\n\t\t    <a href=\"https:\/\/www.apartmany-termal.sk\/jarny-wellness-pobyt\/\">\n\t\t   \t\t<img loading=\"lazy\" loading=\"lazy\" decoding=\"async\" width=\"600\" height=\"400\" src=\"https:\/\/www.apartmany-termal.sk\/wp-content\/uploads\/2021\/08\/jarny-wellness-pobyt-dunajska-streda.jpg\" class=\"wp-post-image wp-image-124\" title=\"jarny-wellness-pobyt-dunajska-streda\" alt=\"jarny-wellness-pobyt-dunajska-streda\" srcset=\"https:\/\/www.apartmany-termal.sk\/wp-content\/uploads\/2021\/08\/jarny-wellness-pobyt-dunajska-streda.jpg 600w, https:\/\/www.apartmany-termal.sk\/wp-content\/uploads\/2021\/08\/jarny-wellness-pobyt-dunajska-streda-300x200.jpg 300w\" sizes=\"auto, (max-width: 600px) 100vw, 600px\" \/>\t    <\/a>\n\t\n\t\t<\/div>\n\t<!-- \/image-wrap -->\n    \n    \t<\/div>\n<!-- \/module image --><!-- module text -->\n<div  class=\"module module-text tb_o4gt393   \" data-lazy=\"1\">\n        <div  class=\"tb_text_wrap\">\n    <h3 style=\"text-align: center;\"><a href=\"https:\/\/www.apartmany-termal.sk\/jarny-wellness-pobyt\/\">JARN\u00dd WELLNESS POBYT 2022<\/a><\/h3>    <\/div>\n<\/div>\n<!-- \/module text -->\t        <\/div>\n\t    \t<\/div>\n\t\t<div  data-lazy=\"1\" class=\"sub_column module_column tf_box col3-1 last tb_nuo5163\" > \n\t    \t    \t        <div class=\"tb-column-inner tf_box tf_w\">\n\t\t    <!-- module image -->\n<div  class=\"module module-image tb_ycql411   image-top tf_mw\" data-lazy=\"1\">\n        <div class=\"image-wrap tf_rel tf_mw\">\n\t\t    <a href=\"https:\/\/www.apartmany-termal.sk\/velkonocny-wellness-pobyt\/\">\n\t\t   \t\t<img loading=\"lazy\" loading=\"lazy\" decoding=\"async\" width=\"700\" height=\"467\" src=\"https:\/\/www.apartmany-termal.sk\/wp-content\/uploads\/2021\/08\/wellness-pobyt.webp\" class=\"wp-post-image wp-image-246\" title=\"wellness-pobyt\" alt=\"wellness-pobyt\" srcset=\"https:\/\/www.apartmany-termal.sk\/wp-content\/uploads\/2021\/08\/wellness-pobyt.webp 700w, https:\/\/www.apartmany-termal.sk\/wp-content\/uploads\/2021\/08\/wellness-pobyt-300x200.webp 300w\" sizes=\"auto, (max-width: 700px) 100vw, 700px\" \/>\t    <\/a>\n\t\n\t\t<\/div>\n\t<!-- \/image-wrap -->\n    \n    \t<\/div>\n<!-- \/module image --><!-- module text -->\n<div  class=\"module module-text tb_5wqu411   \" data-lazy=\"1\">\n        <div  class=\"tb_text_wrap\">\n    <h3 style=\"text-align: center;\"><a href=\"https:\/\/www.apartmany-termal.sk\/velkonocny-wellness-pobyt\/\">VE\u013dKONO\u010cN\u00dd WELLNESS POBYT 2022<\/a><\/h3>    <\/div>\n<\/div>\n<!-- \/module text -->\t        <\/div>\n\t    \t<\/div>\n\t\t    <\/div>\n\t<\/div><!-- \/themify_builder_sub_row -->\n\t\t<div  data-lazy=\"1\" class=\"module_subrow themify_builder_sub_row tb_ggzw445 tf_w tf_clearfix\">\n\t    \t\t<div class=\"subrow_inner col_align_top tf_box tf_w\">\n\t\t\t<div  data-lazy=\"1\" class=\"sub_column module_column tf_box col3-1 first tb_eq25447\"> \n\t    \t    \t        <div class=\"tb-column-inner tf_box tf_w\">\n\t\t    <!-- module image -->\n<div  class=\"module module-image tb_y3q8273   image-top tf_mw\" data-lazy=\"1\">\n        <div class=\"image-wrap tf_rel tf_mw\">\n\t\t    <a href=\"https:\/\/www.apartmany-termal.sk\/rodinny-letny-pobyt\/\">\n\t\t   \t\t<img loading=\"lazy\" loading=\"lazy\" decoding=\"async\" width=\"600\" height=\"400\" src=\"https:\/\/www.apartmany-termal.sk\/wp-content\/uploads\/2021\/08\/rodinne-wellness-pobyty-dunajska-streda.jpg\" class=\"wp-post-image wp-image-123\" title=\"rodinne-wellness-pobyty-dunajska-streda\" alt=\"rodinne-wellness-pobyty-dunajska-streda\" srcset=\"https:\/\/www.apartmany-termal.sk\/wp-content\/uploads\/2021\/08\/rodinne-wellness-pobyty-dunajska-streda.jpg 600w, https:\/\/www.apartmany-termal.sk\/wp-content\/uploads\/2021\/08\/rodinne-wellness-pobyty-dunajska-streda-300x200.jpg 300w\" sizes=\"auto, (max-width: 600px) 100vw, 600px\" \/>\t    <\/a>\n\t\n\t\t<\/div>\n\t<!-- \/image-wrap -->\n    \n    \t<\/div>\n<!-- \/module image --><!-- module text -->\n<div  class=\"module module-text tb_w9u1186   \" data-lazy=\"1\">\n        <div  class=\"tb_text_wrap\">\n    <h3 style=\"text-align: center;\"><a href=\"https:\/\/www.apartmany-termal.sk\/rodinny-letny-pobyt\/\">RODINN\u00dd LETN\u00dd POBYT 2022<\/a><\/h3>    <\/div>\n<\/div>\n<!-- \/module text -->\t        <\/div>\n\t    \t<\/div>\n\t\t<div  data-lazy=\"1\" class=\"sub_column module_column tf_box col3-1 middle tb_694e447\" > \n\t    \t    \t        <div class=\"tb-column-inner tf_box tf_w\">\n\t\t    <!-- module image -->\n<div  class=\"module module-image tb_s8iu37   image-top tf_mw\" data-lazy=\"1\">\n        <div class=\"image-wrap tf_rel tf_mw\">\n\t\t    <a href=\"https:\/\/www.apartmany-termal.sk\/wellness-pobyt-horuce-leto\/\">\n\t\t   \t\t<img loading=\"lazy\" loading=\"lazy\" decoding=\"async\" width=\"600\" height=\"400\" src=\"https:\/\/www.apartmany-termal.sk\/wp-content\/uploads\/2021\/08\/wellness-pobyt-dunajska-streda-leto.jpg\" class=\"wp-post-image wp-image-122\" title=\"wellness-pobyt-dunajska-streda-leto\" alt=\"wellness-pobyt-dunajska-streda-leto\" srcset=\"https:\/\/www.apartmany-termal.sk\/wp-content\/uploads\/2021\/08\/wellness-pobyt-dunajska-streda-leto.jpg 600w, https:\/\/www.apartmany-termal.sk\/wp-content\/uploads\/2021\/08\/wellness-pobyt-dunajska-streda-leto-300x200.jpg 300w\" sizes=\"auto, (max-width: 600px) 100vw, 600px\" \/>\t    <\/a>\n\t\n\t\t<\/div>\n\t<!-- \/image-wrap -->\n    \n    \t<\/div>\n<!-- \/module image --><!-- module text -->\n<div  class=\"module module-text tb_pvp837   \" data-lazy=\"1\">\n        <div  class=\"tb_text_wrap\">\n    <h3 style=\"text-align: center;\"><a href=\"https:\/\/www.apartmany-termal.sk\/wellness-pobyt-horuce-leto\/\">WELLNESS POBYT- HOR\u00daCE LETO 2022<\/a><\/h3>    <\/div>\n<\/div>\n<!-- \/module text -->\t        <\/div>\n\t    \t<\/div>\n\t\t<div  data-lazy=\"1\" class=\"sub_column module_column tf_box col3-1 last tb_8wne37\" > \n\t    \t    \t        <div class=\"tb-column-inner tf_box tf_w\">\n\t\t    <!-- module image -->\n<div  class=\"module module-image tb_uhly904   image-top tf_mw\" data-lazy=\"1\">\n        <div class=\"image-wrap tf_rel tf_mw\">\n\t\t    <a href=\"https:\/\/www.apartmany-termal.sk\/mikulassky-wellness-pobyt\/\">\n\t\t   \t\t<img loading=\"lazy\" loading=\"lazy\" decoding=\"async\" width=\"600\" height=\"400\" src=\"https:\/\/www.apartmany-termal.sk\/wp-content\/uploads\/2021\/08\/mikulassky-wellness-pobyt-dunajska-streda.jpg\" class=\"wp-post-image wp-image-121\" title=\"mikulassky-wellness-pobyt-dunajska-streda\" alt=\"mikulassky-wellness-pobyt-dunajska-streda\" srcset=\"https:\/\/www.apartmany-termal.sk\/wp-content\/uploads\/2021\/08\/mikulassky-wellness-pobyt-dunajska-streda.jpg 600w, https:\/\/www.apartmany-termal.sk\/wp-content\/uploads\/2021\/08\/mikulassky-wellness-pobyt-dunajska-streda-300x200.jpg 300w\" sizes=\"auto, (max-width: 600px) 100vw, 600px\" \/>\t    <\/a>\n\t\n\t\t<\/div>\n\t<!-- \/image-wrap -->\n    \n    \t<\/div>\n<!-- \/module image --><!-- module text -->\n<div  class=\"module module-text tb_wvaa52   \" data-lazy=\"1\">\n        <div  class=\"tb_text_wrap\">\n    <h3 style=\"text-align: center;\"><a href=\"https:\/\/www.apartmany-termal.sk\/mikulassky-wellness-pobyt\/\">MIKUL\u00c1\u0160SKY WELLNESS POBYT 2022<\/a><\/h3>    <\/div>\n<\/div>\n<!-- \/module text -->\t        <\/div>\n\t    \t<\/div>\n\t\t    <\/div>\n\t<\/div><!-- \/themify_builder_sub_row -->\n\t\t<div  data-lazy=\"1\" class=\"module_subrow themify_builder_sub_row tb_mntz410 tf_w tf_clearfix\">\n\t    \t\t<div class=\"subrow_inner col_align_top tf_box tf_w\">\n\t\t\t<div  data-lazy=\"1\" class=\"sub_column module_column tf_box col3-1 first tb_2b76410\"> \n\t    \t    \t<\/div>\n\t\t<div  data-lazy=\"1\" class=\"sub_column module_column tf_box col3-1 middle tb_vipp411\"> \n\t    \t    \t        <div class=\"tb-column-inner tf_box tf_w\">\n\t\t    <!-- module image -->\n<div  class=\"module module-image tb_1rbw52   image-top tf_mw\" data-lazy=\"1\">\n        <div class=\"image-wrap tf_rel tf_mw\">\n\t\t    <a href=\"https:\/\/www.apartmany-termal.sk\/vianocny-wellness-pobyt\/\">\n\t\t   \t\t<img loading=\"lazy\" loading=\"lazy\" decoding=\"async\" width=\"600\" height=\"400\" src=\"https:\/\/www.apartmany-termal.sk\/wp-content\/uploads\/2021\/08\/wellness-pobyt-velka-noc-dunajska-streda.jpg\" class=\"wp-post-image wp-image-120\" title=\"wellness-pobyt-velka-noc-dunajska-streda\" alt=\"wellness-pobyt-velka-noc-dunajska-streda\" srcset=\"https:\/\/www.apartmany-termal.sk\/wp-content\/uploads\/2021\/08\/wellness-pobyt-velka-noc-dunajska-streda.jpg 600w, https:\/\/www.apartmany-termal.sk\/wp-content\/uploads\/2021\/08\/wellness-pobyt-velka-noc-dunajska-streda-300x200.jpg 300w\" sizes=\"auto, (max-width: 600px) 100vw, 600px\" \/>\t    <\/a>\n\t\n\t\t<\/div>\n\t<!-- \/image-wrap -->\n    \n    \t<\/div>\n<!-- \/module image --><!-- module text -->\n<div  class=\"module module-text tb_d60c164   \" data-lazy=\"1\">\n        <div  class=\"tb_text_wrap\">\n    <h3 style=\"text-align: center;\"><a href=\"https:\/\/www.apartmany-termal.sk\/vianocny-wellness-pobyt\/\">VIANO\u010cN\u00dd WELLNESS POBYT 2022<\/a><\/h3>    <\/div>\n<\/div>\n<!-- \/module text -->\t        <\/div>\n\t    \t<\/div>\n\t\t<div  data-lazy=\"1\" class=\"sub_column module_column tf_box col3-1 last tb_z26z411\"> \n\t    \t    \t<\/div>\n\t\t    <\/div>\n\t<\/div><!-- \/themify_builder_sub_row -->\n\t\t        <\/div>\n\t    \t<\/div>\n\t\t    <\/div>\n\t    <!-- \/row_inner -->\n\t<\/div>\n\t<!-- \/module_row -->\n\t\t<!-- module_row -->\n\t<div  data-lazy=\"1\" class=\"module_row themify_builder_row tb_8yrt137 tf_clearfix\" >\n\t    \t\t<div class=\"row_inner col_align_middle tf_box tf_w tf_rel\">\n\t\t\t<div  data-lazy=\"1\" class=\"module_column tb-column col-full first tb_jauq137 tf_box\">\n\t\t\t    \t        <div class=\"tb-column-inner tf_box tf_w\">\n\t\t    <!-- module text -->\n<div  class=\"module module-text tb_cpyp138   \" data-lazy=\"1\">\n        <div  class=\"tb_text_wrap\">\n    <h2 style=\"text-align: center;\">IZBY<\/h2>    <\/div>\n<\/div>\n<!-- \/module text --><!-- module tab -->\n<div  id=\"tb_4beo365\" class=\"module ui module-tab tb_4beo365 minimal tab-style-default  tb_default_color \" data-lazy=\"1\">\n        <div class=\"builder-tabs-wrap tf_rel\">\n\t\t<div class=\"tab-nav-current-active tf_hide\">\n\t\t\t<span class=\"tab_burger_icon tf_hide tf_rel\"><\/span>\n\t\t\t<span class=\"tb_tab_title\">A<\/span>\n\t\t<\/div>\n\t\t<ul class=\"tab-nav tf_clearfix\">\n\t\t\t\t\t\t<li class=\"current\" aria-expanded=\"true\">\n\t\t\t\t<a href=\"#tab-tb_4beo365-0\">\n\t\t\t\t\t\t\t\t\t\t<span>A<\/span>\n\t\t\t\t<\/a>\n\t\t\t<\/li>\n\t\t\t\t\t\t<li aria-expanded=\"false\">\n\t\t\t\t<a href=\"#tab-tb_4beo365-1\">\n\t\t\t\t\t\t\t\t\t\t<span>C<\/span>\n\t\t\t\t<\/a>\n\t\t\t<\/li>\n\t\t\t\t\t\t<li aria-expanded=\"false\">\n\t\t\t\t<a href=\"#tab-tb_4beo365-2\">\n\t\t\t\t\t\t\t\t\t\t<span>B<\/span>\n\t\t\t\t<\/a>\n\t\t\t<\/li>\n\t\t\t\t\t<\/ul>\n\n\t\t\t\t\t<div data-id=\"tab-tb_4beo365-0\" class=\"tab-content\" aria-hidden=\"false\">\n\t\t\t\t<div class=\"tb_text_wrap\">\n\t\t\t\t\t<div class=\"tb_layout_part_wrap tf_w\"><!--themify_builder_content-->\n    <div  class=\"themify_builder_content themify_builder_content-169 themify_builder not_editable_builder in_the_loop\" data-postid=\"169\">\n        \t<!-- module_row -->\n\t<div  data-lazy=\"1\" class=\"module_row themify_builder_row tb_u9e4518 tf_clearfix\" >\n\t    \t\t<div class=\"row_inner col_align_top tf_box tf_w tf_rel\">\n\t\t\t<div  data-lazy=\"1\" class=\"module_column tb-column col-full first tb_ddgi522 tf_box\">\n\t\t\t    \t        <div class=\"tb-column-inner tf_box tf_w\">\n\t\t    <!-- module text -->\n<div  class=\"module module-text tb_xgal658   \" data-lazy=\"1\">\n        <div  class=\"tb_text_wrap\">\n    <h3 style=\"text-align: center;\">APARTM\u00c1N A (\u0160T\u00daDIO)<\/h3><p style=\"text-align: center;\">Dvojl\u00f4\u017ekov\u00fd apartm\u00e1n pozost\u00e1va z jednej obytnej miestnosti s vlastn\u00fdm soci\u00e1lnym zariaden\u00edm \/je mo\u017en\u00e9 dolo\u017ei\u0165 pr\u00edstelku (roz\u0165ahovacia poste\u013e)<\/p>    <\/div>\n<\/div>\n<!-- \/module text -->\t        <\/div>\n\t    \t<\/div>\n\t\t    <\/div>\n\t    <!-- \/row_inner -->\n\t<\/div>\n\t<!-- \/module_row -->\n\t\t<!-- module_row -->\n\t<div  data-lazy=\"1\" class=\"module_row themify_builder_row tb_uq8c593 tf_clearfix\" >\n\t    \t\t<div class=\"row_inner col_align_top tf_box tf_w tf_rel\">\n\t\t\t<div  data-lazy=\"1\" class=\"module_column tb-column col4-1 first tb_ukmo593 tf_box\">\n\t\t\t    \t        <div class=\"tb-column-inner tf_box tf_w\">\n\t\t    <!-- module text -->\n<div  class=\"module module-text tb_usog423   \" data-lazy=\"1\">\n        <div  class=\"tb_text_wrap\">\n    <h4>V\u00ddBAVA<\/h4><p><strong>Obytn\u00e1 miestnos\u0165:<\/strong><\/p><ul><li>man\u017eelsk\u00e1 poste\u013e<\/li><li>LCD TV<\/li><li>telef\u00f3n<\/li><li>trezor<\/li><li>bezplatn\u00e9 Wi-Fi<\/li><li>st\u00f4l + stoli\u010dky<\/li><li>balk\u00f3n<\/li><\/ul>    <\/div>\n<\/div>\n<!-- \/module text -->\t        <\/div>\n\t    \t<\/div>\n\t\t<div  data-lazy=\"1\" class=\"module_column tb-column col4-2 middle tb_7hip127 tf_box\">\n\t\t\t    \t        <div class=\"tb-column-inner tf_box tf_w\">\n\t\t    <!-- module image pro -->\n    <div  class=\"module module-pro-image tb_luip111 filter-none effect-none   tf_textc   entrance-effect-fadeIn\" data-lazy=\"1\" data-entrance-effect=\"fadeIn\" data-exit-effect=\"fadeOut\"   >\n    \n    <div class=\"image-pro-wrap tf_rel tf_overflow tf_inline_b\">\n\t\t<div class=\"image-pro-flip-box-wrap tf_rel tf_w tf_overflow\">\n\t    <div class=\"image-pro-flip-box tf_rel\">\n\n\t\t<img loading=\"lazy\" decoding=\"async\" loading=\"lazy\" loading=\"lazy\" src=\"https:\/\/www.apartmany-termal.sk\/wp-content\/uploads\/2021\/08\/apartman-pre-dvoch-dunajska-streda-603x1024-350x594.webp\" width=\"350\" height=\"594\" class=\"wp-post-image wp-image-166\" title=\"apartman-pre-dvoch-dunajska-streda\" alt=\"apartman-pre-dvoch-dunajska-streda\" srcset=\"https:\/\/www.apartmany-termal.sk\/wp-content\/uploads\/2021\/08\/apartman-pre-dvoch-dunajska-streda-603x1024-350x594.webp 350w, https:\/\/www.apartmany-termal.sk\/wp-content\/uploads\/2021\/08\/apartman-pre-dvoch-dunajska-streda-177x300.webp 177w, https:\/\/www.apartmany-termal.sk\/wp-content\/uploads\/2021\/08\/apartman-pre-dvoch-dunajska-streda-603x1024.webp 603w, https:\/\/www.apartmany-termal.sk\/wp-content\/uploads\/2021\/08\/apartman-pre-dvoch-dunajska-streda.webp 636w\" sizes=\"auto, (max-width: 350px) 100vw, 350px\" \/>\n\t\t\t\t\t<div class=\"image-pro-overlay tf_hidden tf_abs\">\n\n\t\t\t\t\n\t\t\t\t<div class=\"image-pro-overlay-inner\">\n\n\t\t\t\t\n\t\t\t\t\n\t\t\t\t\n\t\t\t\t<\/div>\n\t\t\t<\/div><!-- .image-pro-overlay -->\n\t\t\n\t    <\/div>\n\t<\/div>\n\n    <\/div><!-- .image-pro-wrap -->\n\n    \n    \n\n    \t<style>\n\t    .themify_builder_content-169 .tb_luip111 .image-pro-overlay{\n\t\t\tbackground-image:url('https:\/\/www.apartmany-termal.sk\/wp-content\/uploads\/2021\/08\/apartman-pre-par-dunajska-streda.webp')\n\t\t}\n\t<\/style>\n    \n\t\t\t<a class=\"image-pro-flip-button\"><\/a>\n\t\t\n    <\/div><!-- \/module image pro -->\t        <\/div>\n\t    \t<\/div>\n\t\t<div  data-lazy=\"1\" class=\"module_column tb-column col4-1 last tb_vjrm128 tf_box\">\n\t\t\t    \t        <div class=\"tb-column-inner tf_box tf_w\">\n\t\t    <!-- module text -->\n<div  class=\"module module-text tb_me4g285   \" data-lazy=\"1\">\n        <div  class=\"tb_text_wrap\">\n    <p><strong>Kuchynsk\u00fd k\u00fatik so zariadenou kuchynskou linkou:<\/strong><\/p><ul><li>elektrick\u00e1 dvojplatni\u010dka<\/li><li>chladni\u010dka<\/li><li>mikrovlnn\u00e1 r\u00fara<\/li><li>r\u00fdchlovarn\u00e1 kanvica<\/li><li>riad<\/li><\/ul><p><strong>Soci\u00e1lne zariadenie:<\/strong><\/p><ul><li>WC so sprchovac\u00edm k\u00fatom<\/li><\/ul>    <\/div>\n<\/div>\n<!-- \/module text -->\t        <\/div>\n\t    \t<\/div>\n\t\t    <\/div>\n\t    <!-- \/row_inner -->\n\t<\/div>\n\t<!-- \/module_row -->\n\t    <\/div>\n<!--\/themify_builder_content--><\/div>\n\t\t\t\t<\/div>\n\t\t\t<\/div>\n\t\t\t\t\t<div data-id=\"tab-tb_4beo365-1\" class=\"tab-content\" aria-hidden=\"true\">\n\t\t\t\t<div class=\"tb_text_wrap\">\n\t\t\t\t\t<div class=\"tb_layout_part_wrap tf_w\"><!--themify_builder_content-->\n    <div  class=\"themify_builder_content themify_builder_content-182 themify_builder not_editable_builder in_the_loop\" data-postid=\"182\">\n        \t<!-- module_row -->\n\t<div  data-lazy=\"1\" class=\"module_row themify_builder_row tb_u9e4518 tf_clearfix\" >\n\t    \t\t<div class=\"row_inner col_align_top tf_box tf_w tf_rel\">\n\t\t\t<div  data-lazy=\"1\" class=\"module_column tb-column col-full first tb_ddgi522 tf_box\">\n\t\t\t    \t        <div class=\"tb-column-inner tf_box tf_w\">\n\t\t    <!-- module text -->\n<div  class=\"module module-text tb_xgal658   \" data-lazy=\"1\">\n        <div  class=\"tb_text_wrap\">\n    <h3 style=\"text-align: center;\">APARTM\u00c1N B<\/h3><p style=\"text-align: center;\">Rodinn\u00fd Apartm\u00e1n 2+2 \/man\u017eelsk\u00e1 poste\u013e + roz\u0165ahovacia pohovka \/ pozost\u00e1va z dvoch obytn\u00fdch miestnost\u00ed s vlastn\u00fdm soci\u00e1lnym zariaden\u00edm \/mo\u017en\u00e9 dolo\u017ei\u0165 pr\u00edstelku pre 5.osobu\/<\/p>    <\/div>\n<\/div>\n<!-- \/module text -->\t        <\/div>\n\t    \t<\/div>\n\t\t    <\/div>\n\t    <!-- \/row_inner -->\n\t<\/div>\n\t<!-- \/module_row -->\n\t\t<!-- module_row -->\n\t<div  data-lazy=\"1\" class=\"module_row themify_builder_row tb_uq8c593 tf_clearfix\" >\n\t    \t\t<div class=\"row_inner col_align_top tf_box tf_w tf_rel\">\n\t\t\t<div  data-lazy=\"1\" class=\"module_column tb-column col4-1 first tb_ukmo593 tf_box\">\n\t\t\t    \t        <div class=\"tb-column-inner tf_box tf_w\">\n\t\t    <!-- module text -->\n<div  class=\"module module-text tb_usog423   \" data-lazy=\"1\">\n        <div  class=\"tb_text_wrap\">\n    <h4>V\u00ddBAVA<\/h4><p><strong>Obytn\u00e1 miestnos\u0165:<\/strong><\/p><ul><li>seda\u010dka s mo\u017enos\u0165ou pr\u00edstelky pre 2 osoby<\/li><li>LCD TV<\/li><li>trezor<\/li><li>telef\u00f3n<\/li><li>bezplatn\u00e9 Wi-Fi<\/li><li>st\u00f4l + stoli\u010dky<\/li><li>balk\u00f3n<\/li><\/ul>    <\/div>\n<\/div>\n<!-- \/module text -->\t        <\/div>\n\t    \t<\/div>\n\t\t<div  data-lazy=\"1\" class=\"module_column tb-column col4-2 middle tb_7hip127 tf_box\">\n\t\t\t    \t        <div class=\"tb-column-inner tf_box tf_w\">\n\t\t    <!-- module image pro -->\n    <div  class=\"module module-pro-image tb_luip111 filter-none effect-none   tf_textc   entrance-effect-fadeIn\" data-lazy=\"1\" data-entrance-effect=\"fadeIn\" data-exit-effect=\"fadeOut\"   >\n    \n    <div class=\"image-pro-wrap tf_rel tf_overflow tf_inline_b\">\n\t\t<div class=\"image-pro-flip-box-wrap tf_rel tf_w tf_overflow\">\n\t    <div class=\"image-pro-flip-box tf_rel\">\n\n\t\t<img loading=\"lazy\" decoding=\"async\" loading=\"lazy\" loading=\"lazy\" width=\"1920\" height=\"1080\" src=\"https:\/\/www.apartmany-termal.sk\/wp-content\/uploads\/2021\/08\/wellness-pobyt-pre-rodinu-dunajska-streda.webp\" class=\"wp-post-image wp-image-191\" title=\"wellness-pobyt-pre-rodinu-dunajska-streda\" alt=\"wellness-pobyt-pre-rodinu-dunajska-streda\" srcset=\"https:\/\/www.apartmany-termal.sk\/wp-content\/uploads\/2021\/08\/wellness-pobyt-pre-rodinu-dunajska-streda.webp 1920w, https:\/\/www.apartmany-termal.sk\/wp-content\/uploads\/2021\/08\/wellness-pobyt-pre-rodinu-dunajska-streda-300x169.webp 300w, https:\/\/www.apartmany-termal.sk\/wp-content\/uploads\/2021\/08\/wellness-pobyt-pre-rodinu-dunajska-streda-1024x576.webp 1024w, https:\/\/www.apartmany-termal.sk\/wp-content\/uploads\/2021\/08\/wellness-pobyt-pre-rodinu-dunajska-streda-768x432.webp 768w, https:\/\/www.apartmany-termal.sk\/wp-content\/uploads\/2021\/08\/wellness-pobyt-pre-rodinu-dunajska-streda-1536x864.webp 1536w, https:\/\/www.apartmany-termal.sk\/wp-content\/uploads\/2021\/08\/wellness-pobyt-pre-rodinu-dunajska-streda-1024x576-350x196.webp 350w\" sizes=\"auto, (max-width: 1920px) 100vw, 1920px\" \/>\n\t\t\t\t\t<div class=\"image-pro-overlay tf_hidden tf_abs\">\n\n\t\t\t\t\n\t\t\t\t<div class=\"image-pro-overlay-inner\">\n\n\t\t\t\t\n\t\t\t\t\n\t\t\t\t\n\t\t\t\t<\/div>\n\t\t\t<\/div><!-- .image-pro-overlay -->\n\t\t\n\t    <\/div>\n\t<\/div>\n\n    <\/div><!-- .image-pro-wrap -->\n\n    \n    \n\n    \t<style>\n\t    .themify_builder_content-182 .tb_luip111 .image-pro-overlay{\n\t\t\tbackground-image:url('https:\/\/www.apartmany-termal.sk\/wp-content\/uploads\/2021\/08\/apartmany-pre-rodinu-dunajska-streda.webp')\n\t\t}\n\t<\/style>\n    \n\t\t\t<a class=\"image-pro-flip-button\"><\/a>\n\t\t\n    <\/div><!-- \/module image pro -->\t        <\/div>\n\t    \t<\/div>\n\t\t<div  data-lazy=\"1\" class=\"module_column tb-column col4-1 last tb_vjrm128 tf_box\">\n\t\t\t    \t        <div class=\"tb-column-inner tf_box tf_w\">\n\t\t    <!-- module text -->\n<div  class=\"module module-text tb_me4g285   \" data-lazy=\"1\">\n        <div  class=\"tb_text_wrap\">\n    <p><strong>Kuchynsk\u00fd k\u00fatik so zariadenou kuchynskou linkou:<\/strong><\/p><ul><li>elektrick\u00e1 dvojplatni\u010dka<\/li><li>chladni\u010dka<\/li><li>mikrovlnn\u00e1 r\u00fara<\/li><li>r\u00fdchlovarn\u00e1 kanvica<\/li><li>riad<\/li><\/ul><p><strong>Sp\u00e1l\u0148a:<\/strong><\/p><ul><li>1x man\u017eelsk\u00e1 poste\u013e<\/li><\/ul><p><strong>Soci\u00e1lne zariadenie:<\/strong><\/p><ul><li>WC so sprchovac\u00edm k\u00fatom<\/li><\/ul>    <\/div>\n<\/div>\n<!-- \/module text -->\t        <\/div>\n\t    \t<\/div>\n\t\t    <\/div>\n\t    <!-- \/row_inner -->\n\t<\/div>\n\t<!-- \/module_row -->\n\t    <\/div>\n<!--\/themify_builder_content--><\/div>\n\t\t\t\t<\/div>\n\t\t\t<\/div>\n\t\t\t\t\t<div data-id=\"tab-tb_4beo365-2\" class=\"tab-content\" aria-hidden=\"true\">\n\t\t\t\t<div class=\"tb_text_wrap\">\n\t\t\t\t\t<div class=\"tb_layout_part_wrap tf_w\"><!--themify_builder_content-->\n    <div  class=\"themify_builder_content themify_builder_content-181 themify_builder not_editable_builder in_the_loop\" data-postid=\"181\">\n        \t<!-- module_row -->\n\t<div  data-lazy=\"1\" class=\"module_row themify_builder_row tb_u9e4518 tf_clearfix\" >\n\t    \t\t<div class=\"row_inner col_align_top tf_box tf_w tf_rel\">\n\t\t\t<div  data-lazy=\"1\" class=\"module_column tb-column col-full first tb_ddgi522 tf_box\">\n\t\t\t    \t        <div class=\"tb-column-inner tf_box tf_w\">\n\t\t    <!-- module text -->\n<div  class=\"module module-text tb_xgal658   \" data-lazy=\"1\">\n        <div  class=\"tb_text_wrap\">\n    <h3 style=\"text-align: center;\">2 \u0160T\u00daDI\u00c1 TYPU DVOJI\u010cKY (TYP C)<\/h3><p style=\"text-align: center;\">2 samostatn\u00e9 dvojl\u00f4\u017ekov\u00e9 \u0161t\u00fadi\u00e1 so spolo\u010dnou chodbou a balk\u00f3nom, ka\u017ed\u00e9 so samostatn\u00fdm soci\u00e1lnym zariaden\u00edm a kuchynkou \/ je mo\u017en\u00e9 dolo\u017ei\u0165 pr\u00edstelku (roz\u0165ahovacia poste\u013e)\/<\/p>    <\/div>\n<\/div>\n<!-- \/module text -->\t        <\/div>\n\t    \t<\/div>\n\t\t    <\/div>\n\t    <!-- \/row_inner -->\n\t<\/div>\n\t<!-- \/module_row -->\n\t\t<!-- module_row -->\n\t<div  data-lazy=\"1\" class=\"module_row themify_builder_row tb_uq8c593 tf_clearfix\" >\n\t    \t\t<div class=\"row_inner col_align_top tf_box tf_w tf_rel\">\n\t\t\t<div  data-lazy=\"1\" class=\"module_column tb-column col4-1 first tb_ukmo593 tf_box\">\n\t\t\t    \t        <div class=\"tb-column-inner tf_box tf_w\">\n\t\t    <!-- module text -->\n<div  class=\"module module-text tb_usog423   \" data-lazy=\"1\">\n        <div  class=\"tb_text_wrap\">\n    <h4>V\u00ddBAVA<\/h4><p><strong>Obytn\u00e1 miestnos\u0165:<\/strong><\/p><ul><li>man\u017eelsk\u00e1 poste\u013e<\/li><li>LCD TV<\/li><li>trezor<\/li><li>telef\u00f3n<\/li><li>bezplatn\u00e9 Wi-Fi<\/li><li>st\u00f4l + stoli\u010dky<\/li><li>balk\u00f3n<\/li><\/ul>    <\/div>\n<\/div>\n<!-- \/module text -->\t        <\/div>\n\t    \t<\/div>\n\t\t<div  data-lazy=\"1\" class=\"module_column tb-column col4-2 middle tb_7hip127 tf_box\">\n\t\t\t    \t        <div class=\"tb-column-inner tf_box tf_w\">\n\t\t    <!-- module image pro -->\n    <div  class=\"module module-pro-image tb_luip111 filter-none effect-none   tf_textc   entrance-effect-fadeIn\" data-lazy=\"1\" data-entrance-effect=\"fadeIn\" data-exit-effect=\"fadeOut\"   >\n    \n    <div class=\"image-pro-wrap tf_rel tf_overflow tf_inline_b\">\n\t\t<div class=\"image-pro-flip-box-wrap tf_rel tf_w tf_overflow\">\n\t    <div class=\"image-pro-flip-box tf_rel\">\n\n\t\t<img loading=\"lazy\" decoding=\"async\" loading=\"lazy\" loading=\"lazy\" width=\"861\" height=\"861\" src=\"https:\/\/www.apartmany-termal.sk\/wp-content\/uploads\/2021\/08\/wellness-ubytovanie-bunka-dunajska-streda.webp\" class=\"wp-post-image wp-image-197\" title=\"wellness-ubytovanie-bunka-dunajska-streda\" alt=\"wellness-ubytovanie-bunka-dunajska-streda\" srcset=\"https:\/\/www.apartmany-termal.sk\/wp-content\/uploads\/2021\/08\/wellness-ubytovanie-bunka-dunajska-streda.webp 861w, https:\/\/www.apartmany-termal.sk\/wp-content\/uploads\/2021\/08\/wellness-ubytovanie-bunka-dunajska-streda-300x300.webp 300w, https:\/\/www.apartmany-termal.sk\/wp-content\/uploads\/2021\/08\/wellness-ubytovanie-bunka-dunajska-streda-150x150.webp 150w, https:\/\/www.apartmany-termal.sk\/wp-content\/uploads\/2021\/08\/wellness-ubytovanie-bunka-dunajska-streda-768x768.webp 768w, https:\/\/www.apartmany-termal.sk\/wp-content\/uploads\/2021\/08\/wellness-ubytovanie-bunka-dunajska-streda-350x350.webp 350w\" sizes=\"auto, (max-width: 861px) 100vw, 861px\" \/>\n\t\t\t\t\t<div class=\"image-pro-overlay tf_hidden tf_abs\">\n\n\t\t\t\t\n\t\t\t\t<div class=\"image-pro-overlay-inner\">\n\n\t\t\t\t\n\t\t\t\t\n\t\t\t\t\n\t\t\t\t<\/div>\n\t\t\t<\/div><!-- .image-pro-overlay -->\n\t\t\n\t    <\/div>\n\t<\/div>\n\n    <\/div><!-- .image-pro-wrap -->\n\n    \n    \n\n    \t<style>\n\t    .themify_builder_content-181 .tb_luip111 .image-pro-overlay{\n\t\t\tbackground-image:url('https:\/\/www.apartmany-termal.sk\/wp-content\/uploads\/2021\/08\/wellness-ubytovanie-dvoj-apartman-dunajska-streda.webp')\n\t\t}\n\t<\/style>\n    \n\t\t\t<a class=\"image-pro-flip-button\"><\/a>\n\t\t\n    <\/div><!-- \/module image pro -->\t        <\/div>\n\t    \t<\/div>\n\t\t<div  data-lazy=\"1\" class=\"module_column tb-column col4-1 last tb_vjrm128 tf_box\">\n\t\t\t    \t        <div class=\"tb-column-inner tf_box tf_w\">\n\t\t    <!-- module text -->\n<div  class=\"module module-text tb_me4g285   \" data-lazy=\"1\">\n        <div  class=\"tb_text_wrap\">\n    <p><strong>Kuchynsk\u00fd k\u00fatik so zariadenou kuchynskou linkou:<\/strong><\/p><ul><li>elektrick\u00e1 dvojplatni\u010dka<\/li><li>chladni\u010dka<\/li><li>mikrovlnn\u00e1 r\u00fara<\/li><li>r\u00fdchlovarn\u00e1 kanvica<\/li><li>riad<\/li><\/ul><p><strong>Soci\u00e1lne zariadenie:<\/strong><\/p><ul><li>WC so sprchovac\u00edm k\u00fatom<\/li><\/ul>    <\/div>\n<\/div>\n<!-- \/module text -->\t        <\/div>\n\t    \t<\/div>\n\t\t    <\/div>\n\t    <!-- \/row_inner -->\n\t<\/div>\n\t<!-- \/module_row -->\n\t    <\/div>\n<!--\/themify_builder_content--><\/div>\n\t\t\t\t<\/div>\n\t\t\t<\/div>\n\t\t    <\/div>\n<\/div>\n<!-- \/module tab -->\n\t        <\/div>\n\t    \t<\/div>\n\t\t    <\/div>\n\t    <!-- \/row_inner -->\n\t<\/div>\n\t<!-- \/module_row -->\n\t\t<!-- module_row -->\n\t<div  data-lazy=\"1\" class=\"module_row themify_builder_row tb_j0ee958 tf_clearfix\" >\n\t    \t\t<div class=\"row_inner col_align_middle tf_box tf_w tf_rel\">\n\t\t\t<div  data-lazy=\"1\" class=\"module_column tb-column col-full first tb_tlis959 tf_box\">\n\t\t\t    \t        <div class=\"tb-column-inner tf_box tf_w\">\n\t\t    <!-- module text -->\n<div  class=\"module module-text tb_r5g5959   \" data-lazy=\"1\">\n        <div  class=\"tb_text_wrap\">\n    <div class=\"tb_layout_part_wrap tf_w\"><!--themify_builder_content-->\n    <div  class=\"themify_builder_content themify_builder_content-127 themify_builder not_editable_builder in_the_loop\" data-postid=\"127\">\n        \t<!-- module_row -->\n\t<div  data-lazy=\"1\" class=\"module_row themify_builder_row tb_o3ga852 tf_clearfix\">\n\t    \t\t<div class=\"row_inner col_align_top tf_box tf_w tf_rel\">\n\t\t\t<div  data-lazy=\"1\" class=\"module_column tb-column col-full first tb_de0s853 tf_box\">\n\t\t\t    \t        <div class=\"tb-column-inner tf_box tf_w\">\n\t\t    <!-- module template_part -->\n<div  class=\"module module-layout-part tb_d97h86 \">\n    <div class=\"tb_layout_part_wrap tf_w\"><!--themify_builder_content-->\n    <div  class=\"themify_builder_content themify_builder_content-518 themify_builder not_editable_builder in_the_loop\" data-postid=\"518\">\n        \t<!-- module_row -->\n\t<div  data-lazy=\"1\" class=\"module_row themify_builder_row tb_qmoj352 tf_clearfix\" >\n\t    \t\t<div class=\"row_inner col_align_top tf_box tf_w tf_rel\">\n\t\t\t<div  data-lazy=\"1\" class=\"module_column tb-column col-full first tb_nq1m352 tf_box\">\n\t\t\t    \t        <div class=\"tb-column-inner tf_box tf_w\">\n\t\t    <!-- module text -->\n<div  class=\"module module-text tb_ilov346   \" data-lazy=\"1\">\n        <div  class=\"tb_text_wrap\">\n    <h2 style=\"text-align: center;\">CESTA DO APARTM\u00c1NOV TERMAL***<\/h2>    <\/div>\n<\/div>\n<!-- \/module text --><!-- module image -->\n<div  class=\"module module-image tb_hwfa280   image-center tf_mw\" data-lazy=\"1\">\n        <div class=\"image-wrap tf_rel tf_mw\">\n\t\t    <img loading=\"lazy\" decoding=\"async\" loading=\"lazy\" loading=\"lazy\" width=\"1844\" height=\"994\" src=\"https:\/\/www.apartmany-termal.sk\/wp-content\/uploads\/2021\/08\/apartmany-termal-dunajska-streda-trasa.jpg\" class=\"wp-post-image wp-image-128\" title=\"apartmany-termal-dunajska-streda-trasa\" alt=\"apartmany-termal-dunajska-streda-trasa\" srcset=\"https:\/\/www.apartmany-termal.sk\/wp-content\/uploads\/2021\/08\/apartmany-termal-dunajska-streda-trasa.jpg 1844w, https:\/\/www.apartmany-termal.sk\/wp-content\/uploads\/2021\/08\/apartmany-termal-dunajska-streda-trasa-300x162.jpg 300w, https:\/\/www.apartmany-termal.sk\/wp-content\/uploads\/2021\/08\/apartmany-termal-dunajska-streda-trasa-1024x552.jpg 1024w, https:\/\/www.apartmany-termal.sk\/wp-content\/uploads\/2021\/08\/apartmany-termal-dunajska-streda-trasa-768x414.jpg 768w, https:\/\/www.apartmany-termal.sk\/wp-content\/uploads\/2021\/08\/apartmany-termal-dunajska-streda-trasa-1536x828.jpg 1536w\" sizes=\"auto, (max-width: 1844px) 100vw, 1844px\" \/>\t\n\t\t<\/div>\n\t<!-- \/image-wrap -->\n    \n    \t<\/div>\n<!-- \/module image -->\t        <\/div>\n\t    \t<\/div>\n\t\t    <\/div>\n\t    <!-- \/row_inner -->\n\t<\/div>\n\t<!-- \/module_row -->\n\t\t<!-- module_row -->\n\t<div  data-lazy=\"1\" class=\"module_row themify_builder_row tb_7tqy868 tf_clearfix\">\n\t    \t\t<div class=\"row_inner col_align_top tf_box tf_w tf_rel\">\n\t\t\t<div  data-lazy=\"1\" class=\"module_column tb-column col2-1 first tb_2kju869 tf_box\">\n\t\t\t    \t        <div class=\"tb-column-inner tf_box tf_w\">\n\t\t    <!-- module text -->\n<div  class=\"module module-text tb_r2h0146   \" data-lazy=\"1\">\n        <div  class=\"tb_text_wrap\">\n    <p><strong>1.<\/strong> Odbo\u010dte doprava cez rampu vpravo<br><strong>2.<\/strong> Cho\u010fte 150 metrov rovno<br><strong>3.<\/strong> Odbo\u010dte do\u013eava<br><strong>4.<\/strong> Po 40 metroch odbo\u010dte doprava a pr\u00eddete do Apartm\u00e1nov Termal***<br><strong>5.<\/strong> Po pr\u00edchode sa hl\u00e1ste na recepcii<\/p>    <\/div>\n<\/div>\n<!-- \/module text -->\t        <\/div>\n\t    \t<\/div>\n\t\t<div  data-lazy=\"1\" class=\"module_column tb-column col2-1 last tb_uvv5869 tf_box\">\n\t\t\t    \t        <div class=\"tb-column-inner tf_box tf_w\">\n\t\t    <!-- module box -->\n<div  class=\"module module-box tb_b8ba566 \" data-lazy=\"1\">\n        <div class=\"module-box-content ui rounded tb_default_color \">\n\t\t\t\t<div class=\"tb_text_wrap\"><div style=\"text-align: center;\"><span style=\"background-color: initial; color: var( --e-global-color-text ); font-family: var( --e-global-typography-text-font-family ), Sans-serif; font-size: 1em; font-weight: var( --e-global-typography-text-font-weight ); text-align: var(--text-align);\"><strong>GPS s\u00faradnice cie\u013ea<\/strong> (Apartm\u00e1ny Term\u00e1l):<\/span><\/div>\n<div style=\"text-align: center;\"><span style=\"background-color: initial; color: var( --e-global-color-text ); font-family: var( --e-global-typography-text-font-family ), Sans-serif; font-size: 1em; font-weight: var( --e-global-typography-text-font-weight ); text-align: var(--text-align);\">\u0161\u00edrka: 47\u00b059\u201907.20\u2033 dl\u017eka: 17\u00b036\u201929.62\u2033<\/span><\/div><\/div>\n    <\/div>\n<\/div>\n<!-- \/module box -->\n\t        <\/div>\n\t    \t<\/div>\n\t\t    <\/div>\n\t    <!-- \/row_inner -->\n\t<\/div>\n\t<!-- \/module_row -->\n\t    <\/div>\n<!--\/themify_builder_content--><\/div>\n<\/div>\n<!-- \/module template_part -->\n\t        <\/div>\n\t    \t<\/div>\n\t\t    <\/div>\n\t    <!-- \/row_inner -->\n\t<\/div>\n\t<!-- \/module_row -->\n\t    <\/div>\n<!--\/themify_builder_content--><\/div>\n    <\/div>\n<\/div>\n<!-- \/module text -->\t        <\/div>\n\t    \t<\/div>\n\t\t    <\/div>\n\t    <!-- \/row_inner -->\n\t<\/div>\n\t<!-- \/module_row -->\n\t<\/div>\n<!--\/themify_builder_content-->\n\n\n<h1 class=\"wp-block-heading\">Ubytovanie Dunajsk\u00e1 Streda-Apartmany Termal***<\/h1>","protected":false},"excerpt":{"rendered":"<p>Ubytovanie Dunajsk\u00e1 Streda-Apartmany Termal***<\/p>\n","protected":false},"author":1,"featured_media":0,"parent":0,"menu_order":0,"comment_status":"closed","ping_status":"closed","template":"","meta":{"footnotes":""},"class_list":["post-480","page","type-page","status-publish","hentry","has-post-title","has-post-date","has-post-category","has-post-tag","has-post-comment","has-post-author",""],"builder_content":"<img src=\"data:image\/svg+xml;charset=UTF-8,%3Csvg%20xmlns%3D%22http%3A%2F%2Fwww.w3.org%2F2000%2Fsvg%22%20width%3D%221580%22%20height%3D%22811%22%3E%3Cg%20fill%3D%22%23050d18%22%3E%3Crect%20width%3D%22526%22%20height%3D%22270%22%2F%3E%3Crect%20width%3D%22526%22%20height%3D%22270%22%20fill%3D%22%230b0d1c%22%20x%3D%22526%22%2F%3E%3Crect%20width%3D%22526%22%20height%3D%22270%22%20fill%3D%22%230c0c1a%22%20x%3D%221052%22%2F%3E%3Crect%20width%3D%22526%22%20height%3D%22270%22%20fill%3D%22%238a8285%22%20y%3D%22270%22%2F%3E%3Crect%20width%3D%22526%22%20height%3D%22270%22%20fill%3D%22%23593e3c%22%20x%3D%22526%22%20y%3D%22270%22%2F%3E%3Crect%20width%3D%22526%22%20height%3D%22270%22%20fill%3D%22%23140c08%22%20x%3D%221052%22%20y%3D%22270%22%2F%3E%3Crect%20width%3D%22526%22%20height%3D%22270%22%20fill%3D%22%23938787%22%20y%3D%22540%22%2F%3E%3Crect%20width%3D%22526%22%20height%3D%22270%22%20fill%3D%22%23664643%22%20x%3D%22526%22%20y%3D%22540%22%2F%3E%3Crect%20width%3D%22526%22%20height%3D%22270%22%20fill%3D%22%23423935%22%20x%3D%221052%22%20y%3D%22540%22%2F%3E%3C%2Fg%3E%3C%2Fsvg%3E\" loading=\"lazy\" data-lazy=\"1\" fetchpriority=\"high\" decoding=\"async\" width=\"1580\" height=\"811\" data-tf-src=\"https:\/\/www.apartmany-termal.sk\/wp-content\/uploads\/2021\/10\/apartmany-termal-dunajska-streda-ubytovanie-1.webp\" title=\"apartmany-termal-dunajska-streda-ubytovanie\" alt=\"apartmany-termal-dunajska-streda-ubytovanie\" data-tf-srcset=\"https:\/\/www.apartmany-termal.sk\/wp-content\/uploads\/2021\/10\/apartmany-termal-dunajska-streda-ubytovanie-1.webp 1580w, https:\/\/www.apartmany-termal.sk\/wp-content\/uploads\/2021\/10\/apartmany-termal-dunajska-streda-ubytovanie-1-300x154.webp 300w, https:\/\/www.apartmany-termal.sk\/wp-content\/uploads\/2021\/10\/apartmany-termal-dunajska-streda-ubytovanie-1-1024x526.webp 1024w, https:\/\/www.apartmany-termal.sk\/wp-content\/uploads\/2021\/10\/apartmany-termal-dunajska-streda-ubytovanie-1-768x394.webp 768w, https:\/\/www.apartmany-termal.sk\/wp-content\/uploads\/2021\/10\/apartmany-termal-dunajska-streda-ubytovanie-1-1536x788.webp 1536w\" data-tf-sizes=\"(max-width: 1580px) 100vw, 1580px\" \/><noscript><img fetchpriority=\"high\" decoding=\"async\" width=\"1580\" height=\"811\" data-tf-not-load src=\"https:\/\/www.apartmany-termal.sk\/wp-content\/uploads\/2021\/10\/apartmany-termal-dunajska-streda-ubytovanie-1.webp\" title=\"apartmany-termal-dunajska-streda-ubytovanie\" alt=\"apartmany-termal-dunajska-streda-ubytovanie\" srcset=\"https:\/\/www.apartmany-termal.sk\/wp-content\/uploads\/2021\/10\/apartmany-termal-dunajska-streda-ubytovanie-1.webp 1580w, https:\/\/www.apartmany-termal.sk\/wp-content\/uploads\/2021\/10\/apartmany-termal-dunajska-streda-ubytovanie-1-300x154.webp 300w, https:\/\/www.apartmany-termal.sk\/wp-content\/uploads\/2021\/10\/apartmany-termal-dunajska-streda-ubytovanie-1-1024x526.webp 1024w, https:\/\/www.apartmany-termal.sk\/wp-content\/uploads\/2021\/10\/apartmany-termal-dunajska-streda-ubytovanie-1-768x394.webp 768w, https:\/\/www.apartmany-termal.sk\/wp-content\/uploads\/2021\/10\/apartmany-termal-dunajska-streda-ubytovanie-1-1536x788.webp 1536w\" sizes=\"(max-width: 1580px) 100vw, 1580px\" \/><\/noscript> <img src=\"data:image\/svg+xml;charset=UTF-8,%3Csvg%20xmlns%3D%22http%3A%2F%2Fwww.w3.org%2F2000%2Fsvg%22%20width%3D%221580%22%20height%3D%22811%22%3E%3Cg%20fill%3D%22%23dc791d%22%3E%3Crect%20width%3D%22526%22%20height%3D%22270%22%2F%3E%3Crect%20width%3D%22526%22%20height%3D%22270%22%20fill%3D%22%23a87d4e%22%20x%3D%22526%22%2F%3E%3Crect%20width%3D%22526%22%20height%3D%22270%22%20fill%3D%22%2396b4ca%22%20x%3D%221052%22%2F%3E%3Crect%20width%3D%22526%22%20height%3D%22270%22%20fill%3D%22%237c634b%22%20y%3D%22270%22%2F%3E%3Crect%20width%3D%22526%22%20height%3D%22270%22%20fill%3D%22%23906838%22%20x%3D%22526%22%20y%3D%22270%22%2F%3E%3Crect%20width%3D%22526%22%20height%3D%22270%22%20fill%3D%22%23bfa487%22%20x%3D%221052%22%20y%3D%22270%22%2F%3E%3Crect%20width%3D%22526%22%20height%3D%22270%22%20fill%3D%22%238e6145%22%20y%3D%22540%22%2F%3E%3Crect%20width%3D%22526%22%20height%3D%22270%22%20fill%3D%22%23745426%22%20x%3D%22526%22%20y%3D%22540%22%2F%3E%3Crect%20width%3D%22526%22%20height%3D%22270%22%20fill%3D%22%2372511f%22%20x%3D%221052%22%20y%3D%22540%22%2F%3E%3C%2Fg%3E%3C%2Fsvg%3E\" loading=\"lazy\" data-lazy=\"1\" decoding=\"async\" width=\"1580\" height=\"811\" data-tf-src=\"https:\/\/www.apartmany-termal.sk\/wp-content\/uploads\/2021\/10\/dunajska-streda-ubytovanie.webp\" title=\"dunajska-streda-ubytovanie\" alt=\"dunajska-streda-ubytovanie\" data-tf-srcset=\"https:\/\/www.apartmany-termal.sk\/wp-content\/uploads\/2021\/10\/dunajska-streda-ubytovanie.webp 1580w, https:\/\/www.apartmany-termal.sk\/wp-content\/uploads\/2021\/10\/dunajska-streda-ubytovanie-300x154.webp 300w, https:\/\/www.apartmany-termal.sk\/wp-content\/uploads\/2021\/10\/dunajska-streda-ubytovanie-1024x526.webp 1024w, https:\/\/www.apartmany-termal.sk\/wp-content\/uploads\/2021\/10\/dunajska-streda-ubytovanie-768x394.webp 768w, https:\/\/www.apartmany-termal.sk\/wp-content\/uploads\/2021\/10\/dunajska-streda-ubytovanie-1536x788.webp 1536w\" data-tf-sizes=\"(max-width: 1580px) 100vw, 1580px\" \/><noscript><img decoding=\"async\" width=\"1580\" height=\"811\" data-tf-not-load src=\"https:\/\/www.apartmany-termal.sk\/wp-content\/uploads\/2021\/10\/dunajska-streda-ubytovanie.webp\" title=\"dunajska-streda-ubytovanie\" alt=\"dunajska-streda-ubytovanie\" srcset=\"https:\/\/www.apartmany-termal.sk\/wp-content\/uploads\/2021\/10\/dunajska-streda-ubytovanie.webp 1580w, https:\/\/www.apartmany-termal.sk\/wp-content\/uploads\/2021\/10\/dunajska-streda-ubytovanie-300x154.webp 300w, https:\/\/www.apartmany-termal.sk\/wp-content\/uploads\/2021\/10\/dunajska-streda-ubytovanie-1024x526.webp 1024w, https:\/\/www.apartmany-termal.sk\/wp-content\/uploads\/2021\/10\/dunajska-streda-ubytovanie-768x394.webp 768w, https:\/\/www.apartmany-termal.sk\/wp-content\/uploads\/2021\/10\/dunajska-streda-ubytovanie-1536x788.webp 1536w\" sizes=\"(max-width: 1580px) 100vw, 1580px\" \/><\/noscript> <img src=\"data:image\/svg+xml;charset=UTF-8,%3Csvg%20xmlns%3D%22http%3A%2F%2Fwww.w3.org%2F2000%2Fsvg%22%20width%3D%221580%22%20height%3D%22811%22%3E%3Cg%20fill%3D%22%23010d34%22%3E%3Crect%20width%3D%22526%22%20height%3D%22270%22%2F%3E%3Crect%20width%3D%22526%22%20height%3D%22270%22%20fill%3D%22%23011243%22%20x%3D%22526%22%2F%3E%3Crect%20width%3D%22526%22%20height%3D%22270%22%20fill%3D%22%2304164e%22%20x%3D%221052%22%2F%3E%3Crect%20width%3D%22526%22%20height%3D%22270%22%20fill%3D%22%23071c52%22%20y%3D%22270%22%2F%3E%3Crect%20width%3D%22526%22%20height%3D%22270%22%20fill%3D%22%230a1f61%22%20x%3D%22526%22%20y%3D%22270%22%2F%3E%3Crect%20width%3D%22526%22%20height%3D%22270%22%20fill%3D%22%23442d1c%22%20x%3D%221052%22%20y%3D%22270%22%2F%3E%3Crect%20width%3D%22526%22%20height%3D%22270%22%20fill%3D%22%239bbed4%22%20y%3D%22540%22%2F%3E%3Crect%20width%3D%22526%22%20height%3D%22270%22%20fill%3D%22%237c9ebe%22%20x%3D%22526%22%20y%3D%22540%22%2F%3E%3Crect%20width%3D%22526%22%20height%3D%22270%22%20fill%3D%22%23493119%22%20x%3D%221052%22%20y%3D%22540%22%2F%3E%3C%2Fg%3E%3C%2Fsvg%3E\" loading=\"lazy\" data-lazy=\"1\" decoding=\"async\" width=\"1580\" height=\"811\" data-tf-src=\"https:\/\/www.apartmany-termal.sk\/wp-content\/uploads\/2021\/10\/thermal-dunajska-streda-ubytovanie.webp\" title=\"thermal-dunajska-streda-ubytovanie\" alt=\"thermal-dunajska-streda-ubytovanie\" data-tf-srcset=\"https:\/\/www.apartmany-termal.sk\/wp-content\/uploads\/2021\/10\/thermal-dunajska-streda-ubytovanie.webp 1580w, https:\/\/www.apartmany-termal.sk\/wp-content\/uploads\/2021\/10\/thermal-dunajska-streda-ubytovanie-300x154.webp 300w, https:\/\/www.apartmany-termal.sk\/wp-content\/uploads\/2021\/10\/thermal-dunajska-streda-ubytovanie-1024x526.webp 1024w, https:\/\/www.apartmany-termal.sk\/wp-content\/uploads\/2021\/10\/thermal-dunajska-streda-ubytovanie-768x394.webp 768w, https:\/\/www.apartmany-termal.sk\/wp-content\/uploads\/2021\/10\/thermal-dunajska-streda-ubytovanie-1536x788.webp 1536w\" data-tf-sizes=\"(max-width: 1580px) 100vw, 1580px\" \/><noscript><img decoding=\"async\" width=\"1580\" height=\"811\" data-tf-not-load src=\"https:\/\/www.apartmany-termal.sk\/wp-content\/uploads\/2021\/10\/thermal-dunajska-streda-ubytovanie.webp\" title=\"thermal-dunajska-streda-ubytovanie\" alt=\"thermal-dunajska-streda-ubytovanie\" srcset=\"https:\/\/www.apartmany-termal.sk\/wp-content\/uploads\/2021\/10\/thermal-dunajska-streda-ubytovanie.webp 1580w, https:\/\/www.apartmany-termal.sk\/wp-content\/uploads\/2021\/10\/thermal-dunajska-streda-ubytovanie-300x154.webp 300w, https:\/\/www.apartmany-termal.sk\/wp-content\/uploads\/2021\/10\/thermal-dunajska-streda-ubytovanie-1024x526.webp 1024w, https:\/\/www.apartmany-termal.sk\/wp-content\/uploads\/2021\/10\/thermal-dunajska-streda-ubytovanie-768x394.webp 768w, https:\/\/www.apartmany-termal.sk\/wp-content\/uploads\/2021\/10\/thermal-dunajska-streda-ubytovanie-1536x788.webp 1536w\" sizes=\"(max-width: 1580px) 100vw, 1580px\" \/><\/noscript> <img src=\"data:image\/svg+xml;charset=UTF-8,%3Csvg%20xmlns%3D%22http%3A%2F%2Fwww.w3.org%2F2000%2Fsvg%22%20width%3D%221580%22%20height%3D%22811%22%3E%3Cg%20fill%3D%22%23021d3d%22%3E%3Crect%20width%3D%22526%22%20height%3D%22270%22%2F%3E%3Crect%20width%3D%22526%22%20height%3D%22270%22%20fill%3D%22%23040d18%22%20x%3D%22526%22%2F%3E%3Crect%20width%3D%22526%22%20height%3D%22270%22%20fill%3D%22%23020206%22%20x%3D%221052%22%2F%3E%3Crect%20width%3D%22526%22%20height%3D%22270%22%20fill%3D%22%2304101c%22%20y%3D%22270%22%2F%3E%3Crect%20width%3D%22526%22%20height%3D%22270%22%20fill%3D%22%231e1f28%22%20x%3D%22526%22%20y%3D%22270%22%2F%3E%3Crect%20width%3D%22526%22%20height%3D%22270%22%20fill%3D%22%238d5c2d%22%20x%3D%221052%22%20y%3D%22270%22%2F%3E%3Crect%20width%3D%22526%22%20height%3D%22270%22%20fill%3D%22%230b2b44%22%20y%3D%22540%22%2F%3E%3Crect%20width%3D%22526%22%20height%3D%22270%22%20fill%3D%22%232e3840%22%20x%3D%22526%22%20y%3D%22540%22%2F%3E%3Crect%20width%3D%22526%22%20height%3D%22270%22%20fill%3D%22%23755132%22%20x%3D%221052%22%20y%3D%22540%22%2F%3E%3C%2Fg%3E%3C%2Fsvg%3E\" data-lazy=\"1\" loading=\"lazy\" decoding=\"async\" width=\"1580\" height=\"811\" data-tf-src=\"https:\/\/www.apartmany-termal.sk\/wp-content\/uploads\/2021\/10\/tepla-voda-termal-dunajska-streda-ubytovanie.webp\" title=\"tepla-voda-termal-dunajska-streda-ubytovanie\" alt=\"tepla-voda-termal-dunajska-streda-ubytovanie\" data-tf-srcset=\"https:\/\/www.apartmany-termal.sk\/wp-content\/uploads\/2021\/10\/tepla-voda-termal-dunajska-streda-ubytovanie.webp 1580w, https:\/\/www.apartmany-termal.sk\/wp-content\/uploads\/2021\/10\/tepla-voda-termal-dunajska-streda-ubytovanie-300x154.webp 300w, https:\/\/www.apartmany-termal.sk\/wp-content\/uploads\/2021\/10\/tepla-voda-termal-dunajska-streda-ubytovanie-1024x526.webp 1024w, https:\/\/www.apartmany-termal.sk\/wp-content\/uploads\/2021\/10\/tepla-voda-termal-dunajska-streda-ubytovanie-768x394.webp 768w, https:\/\/www.apartmany-termal.sk\/wp-content\/uploads\/2021\/10\/tepla-voda-termal-dunajska-streda-ubytovanie-1536x788.webp 1536w\" data-tf-sizes=\"(max-width: 1580px) 100vw, 1580px\" \/><noscript><img loading=\"lazy\" decoding=\"async\" width=\"1580\" height=\"811\" data-tf-not-load src=\"https:\/\/www.apartmany-termal.sk\/wp-content\/uploads\/2021\/10\/tepla-voda-termal-dunajska-streda-ubytovanie.webp\" title=\"tepla-voda-termal-dunajska-streda-ubytovanie\" alt=\"tepla-voda-termal-dunajska-streda-ubytovanie\" srcset=\"https:\/\/www.apartmany-termal.sk\/wp-content\/uploads\/2021\/10\/tepla-voda-termal-dunajska-streda-ubytovanie.webp 1580w, https:\/\/www.apartmany-termal.sk\/wp-content\/uploads\/2021\/10\/tepla-voda-termal-dunajska-streda-ubytovanie-300x154.webp 300w, https:\/\/www.apartmany-termal.sk\/wp-content\/uploads\/2021\/10\/tepla-voda-termal-dunajska-streda-ubytovanie-1024x526.webp 1024w, https:\/\/www.apartmany-termal.sk\/wp-content\/uploads\/2021\/10\/tepla-voda-termal-dunajska-streda-ubytovanie-768x394.webp 768w, https:\/\/www.apartmany-termal.sk\/wp-content\/uploads\/2021\/10\/tepla-voda-termal-dunajska-streda-ubytovanie-1536x788.webp 1536w\" sizes=\"(max-width: 1580px) 100vw, 1580px\" \/><\/noscript>\nREZERVUJTE TERAZ A GARANTUJEME V\u00c1M TIE NAJLEP\u0160IE CENY !\n<a href=\"https:\/\/www.secure-hotel-booking.com\/smart\/Apartmany-Termal\/2C8X\/sk\/\" > Rezervova\u0165 <\/a>\n<img loading=\"lazy\" decoding=\"async\" width=\"960\" height=\"687\" src=\"https:\/\/www.apartmany-termal.sk\/wp-content\/uploads\/2021\/08\/apartmany-termal-dunajska-streda-o-nas.jpg\" title=\"apartmany-termal-dunajska-streda-o-nas\" alt=\"apartmany-termal-dunajska-streda-o-nas\" srcset=\"https:\/\/www.apartmany-termal.sk\/wp-content\/uploads\/2021\/08\/apartmany-termal-dunajska-streda-o-nas.jpg 960w, https:\/\/www.apartmany-termal.sk\/wp-content\/uploads\/2021\/08\/apartmany-termal-dunajska-streda-o-nas-300x215.jpg 300w, https:\/\/www.apartmany-termal.sk\/wp-content\/uploads\/2021\/08\/apartmany-termal-dunajska-streda-o-nas-768x550.jpg 768w\" sizes=\"(max-width: 960px) 100vw, 960px\" \/>\n<h2>UBYTOVANIE DUNAJSK\u00c1 STREDA<\/h2> <p>Apartm\u00e1nov\u00e9 domy Term\u00e1l pon\u00fakaj\u00fa ubytovanie v Dunajskej Strede v priamom susedstve THERMALPARKU Dunajsk\u00e1 Streda. S THERMALPARKOM n\u00e1s sp\u00e1ja prepojovacia chodba, ktor\u00e1 zaru\u010d\u00ed na\u0161im klientom pohodln\u00fd pr\u00edstup do jeho priestorov v lete aj v zime.<\/p>\n<h2>IZBY A V\u00ddBAVA APARTM\u00c1NY TERM\u00c1L<\/h2> <p>Hos\u0165om pon\u00fakame ubytovanie v Dunajskej Strede v moderne zariaden\u00fdch dvojl\u00f4\u017ekov\u00fdch a \u0161tvorl\u00f4\u017ekov\u00fdch apartm\u00e1noch so soci\u00e1lnym zariaden\u00edm, vlastnou kuchynkou a balk\u00f3nom. Apartm\u00e1nov\u00fd dom je rozdelen\u00fd na 3 poschodia. K dispoz\u00edcii je 31 dvojl\u00f4\u017ekov\u00fdch izieb s mo\u017enos\u0165ou pr\u00edstelky a 5 \u0161tvorl\u00f4\u017ekov\u00fdch apartm\u00e1nov.<\/p>\n<img loading=\"lazy\" decoding=\"async\" width=\"960\" height=\"687\" src=\"https:\/\/www.apartmany-termal.sk\/wp-content\/uploads\/2021\/08\/ubytovanie-termal-dunajska-streda-izby.jpg\" title=\"ubytovanie-termal-dunajska-streda-izby\" alt=\"ubytovanie-termal-dunajska-streda-izby\" srcset=\"https:\/\/www.apartmany-termal.sk\/wp-content\/uploads\/2021\/08\/ubytovanie-termal-dunajska-streda-izby.jpg 960w, https:\/\/www.apartmany-termal.sk\/wp-content\/uploads\/2021\/08\/ubytovanie-termal-dunajska-streda-izby-300x215.jpg 300w, https:\/\/www.apartmany-termal.sk\/wp-content\/uploads\/2021\/08\/ubytovanie-termal-dunajska-streda-izby-768x550.jpg 768w\" sizes=\"(max-width: 960px) 100vw, 960px\" \/>\n<h2 style=\"text-align: center;\">PONUKA UBYTOVANIA APARTM\u00c1NOV\u00c9 DOMY TERM\u00c1L - DUNAJSKA STREDA<\/h2>\n<a href=\"https:\/\/www.apartmany-termal.sk\/jesenny-a-zimny-wellness-pobyt-zima\/\" > <img loading=\"lazy\" decoding=\"async\" width=\"600\" height=\"400\" src=\"https:\/\/www.apartmany-termal.sk\/wp-content\/uploads\/2021\/08\/wellness-pobyt-dunajska-streda-v-zime.png\" title=\"wellness-pobyt-dunajska-streda-v-zime\" alt=\"wellness-pobyt-dunajska-streda-v-zime\" srcset=\"https:\/\/www.apartmany-termal.sk\/wp-content\/uploads\/2021\/08\/wellness-pobyt-dunajska-streda-v-zime.png 600w, https:\/\/www.apartmany-termal.sk\/wp-content\/uploads\/2021\/08\/wellness-pobyt-dunajska-streda-v-zime-300x200.png 300w\" sizes=\"(max-width: 600px) 100vw, 600px\" \/> <\/a>\n<h3 style=\"text-align: center;\"><a href=\"https:\/\/www.apartmany-termal.sk\/jesenny-a-zimny-wellness-pobyt-zima\/\">JESENN\u00dd A ZIMN\u00dd WELLNESS POBYT - ZIMA 2021\/2022<\/a><\/h3>\n<a href=\"https:\/\/www.apartmany-termal.sk\/jarny-wellness-pobyt\/\" > <img loading=\"lazy\" decoding=\"async\" width=\"600\" height=\"400\" src=\"https:\/\/www.apartmany-termal.sk\/wp-content\/uploads\/2021\/08\/jarny-wellness-pobyt-dunajska-streda.jpg\" title=\"jarny-wellness-pobyt-dunajska-streda\" alt=\"jarny-wellness-pobyt-dunajska-streda\" srcset=\"https:\/\/www.apartmany-termal.sk\/wp-content\/uploads\/2021\/08\/jarny-wellness-pobyt-dunajska-streda.jpg 600w, https:\/\/www.apartmany-termal.sk\/wp-content\/uploads\/2021\/08\/jarny-wellness-pobyt-dunajska-streda-300x200.jpg 300w\" sizes=\"(max-width: 600px) 100vw, 600px\" \/> <\/a>\n<h3 style=\"text-align: center;\"><a href=\"https:\/\/www.apartmany-termal.sk\/jarny-wellness-pobyt\/\">JARN\u00dd WELLNESS POBYT 2022<\/a><\/h3>\n<a href=\"https:\/\/www.apartmany-termal.sk\/velkonocny-wellness-pobyt\/\" > <img loading=\"lazy\" decoding=\"async\" width=\"700\" height=\"467\" src=\"https:\/\/www.apartmany-termal.sk\/wp-content\/uploads\/2021\/08\/wellness-pobyt.webp\" title=\"wellness-pobyt\" alt=\"wellness-pobyt\" srcset=\"https:\/\/www.apartmany-termal.sk\/wp-content\/uploads\/2021\/08\/wellness-pobyt.webp 700w, https:\/\/www.apartmany-termal.sk\/wp-content\/uploads\/2021\/08\/wellness-pobyt-300x200.webp 300w\" sizes=\"(max-width: 700px) 100vw, 700px\" \/> <\/a>\n<h3 style=\"text-align: center;\"><a href=\"https:\/\/www.apartmany-termal.sk\/velkonocny-wellness-pobyt\/\">VE\u013dKONO\u010cN\u00dd WELLNESS POBYT 2022<\/a><\/h3>\n<a href=\"https:\/\/www.apartmany-termal.sk\/rodinny-letny-pobyt\/\" > <img loading=\"lazy\" decoding=\"async\" width=\"600\" height=\"400\" src=\"https:\/\/www.apartmany-termal.sk\/wp-content\/uploads\/2021\/08\/rodinne-wellness-pobyty-dunajska-streda.jpg\" title=\"rodinne-wellness-pobyty-dunajska-streda\" alt=\"rodinne-wellness-pobyty-dunajska-streda\" srcset=\"https:\/\/www.apartmany-termal.sk\/wp-content\/uploads\/2021\/08\/rodinne-wellness-pobyty-dunajska-streda.jpg 600w, https:\/\/www.apartmany-termal.sk\/wp-content\/uploads\/2021\/08\/rodinne-wellness-pobyty-dunajska-streda-300x200.jpg 300w\" sizes=\"(max-width: 600px) 100vw, 600px\" \/> <\/a>\n<h3 style=\"text-align: center;\"><a href=\"https:\/\/www.apartmany-termal.sk\/rodinny-letny-pobyt\/\">RODINN\u00dd LETN\u00dd POBYT 2022<\/a><\/h3>\n<a href=\"https:\/\/www.apartmany-termal.sk\/wellness-pobyt-horuce-leto\/\" > <img loading=\"lazy\" decoding=\"async\" width=\"600\" height=\"400\" src=\"https:\/\/www.apartmany-termal.sk\/wp-content\/uploads\/2021\/08\/wellness-pobyt-dunajska-streda-leto.jpg\" title=\"wellness-pobyt-dunajska-streda-leto\" alt=\"wellness-pobyt-dunajska-streda-leto\" srcset=\"https:\/\/www.apartmany-termal.sk\/wp-content\/uploads\/2021\/08\/wellness-pobyt-dunajska-streda-leto.jpg 600w, https:\/\/www.apartmany-termal.sk\/wp-content\/uploads\/2021\/08\/wellness-pobyt-dunajska-streda-leto-300x200.jpg 300w\" sizes=\"(max-width: 600px) 100vw, 600px\" \/> <\/a>\n<h3 style=\"text-align: center;\"><a href=\"https:\/\/www.apartmany-termal.sk\/wellness-pobyt-horuce-leto\/\">WELLNESS POBYT- HOR\u00daCE LETO 2022<\/a><\/h3>\n<a href=\"https:\/\/www.apartmany-termal.sk\/mikulassky-wellness-pobyt\/\" > <img loading=\"lazy\" decoding=\"async\" width=\"600\" height=\"400\" src=\"https:\/\/www.apartmany-termal.sk\/wp-content\/uploads\/2021\/08\/mikulassky-wellness-pobyt-dunajska-streda.jpg\" title=\"mikulassky-wellness-pobyt-dunajska-streda\" alt=\"mikulassky-wellness-pobyt-dunajska-streda\" srcset=\"https:\/\/www.apartmany-termal.sk\/wp-content\/uploads\/2021\/08\/mikulassky-wellness-pobyt-dunajska-streda.jpg 600w, https:\/\/www.apartmany-termal.sk\/wp-content\/uploads\/2021\/08\/mikulassky-wellness-pobyt-dunajska-streda-300x200.jpg 300w\" sizes=\"(max-width: 600px) 100vw, 600px\" \/> <\/a>\n<h3 style=\"text-align: center;\"><a href=\"https:\/\/www.apartmany-termal.sk\/mikulassky-wellness-pobyt\/\">MIKUL\u00c1\u0160SKY WELLNESS POBYT 2022<\/a><\/h3>\n<a href=\"https:\/\/www.apartmany-termal.sk\/vianocny-wellness-pobyt\/\" > <img loading=\"lazy\" decoding=\"async\" width=\"600\" height=\"400\" src=\"https:\/\/www.apartmany-termal.sk\/wp-content\/uploads\/2021\/08\/wellness-pobyt-velka-noc-dunajska-streda.jpg\" title=\"wellness-pobyt-velka-noc-dunajska-streda\" alt=\"wellness-pobyt-velka-noc-dunajska-streda\" srcset=\"https:\/\/www.apartmany-termal.sk\/wp-content\/uploads\/2021\/08\/wellness-pobyt-velka-noc-dunajska-streda.jpg 600w, https:\/\/www.apartmany-termal.sk\/wp-content\/uploads\/2021\/08\/wellness-pobyt-velka-noc-dunajska-streda-300x200.jpg 300w\" sizes=\"(max-width: 600px) 100vw, 600px\" \/> <\/a>\n<h3 style=\"text-align: center;\"><a href=\"https:\/\/www.apartmany-termal.sk\/vianocny-wellness-pobyt\/\">VIANO\u010cN\u00dd WELLNESS POBYT 2022<\/a><\/h3>\n<h2 style=\"text-align: center;\">IZBY<\/h2>\n<ul><li><h4>A<\/h4><p>[themify_layout_part id=\"169\"]<\/p><\/li><li><h4>C<\/h4><p>[themify_layout_part id=182]<\/p><\/li><li><h4>B<\/h4><p>[themify_layout_part id=181]<\/p><\/li><\/ul>\n<p>[themify_layout_part id=\"127\"]<\/p>","_links":{"self":[{"href":"https:\/\/www.apartmany-termal.sk\/pl\/wp-json\/wp\/v2\/pages\/480","targetHints":{"allow":["GET"]}}],"collection":[{"href":"https:\/\/www.apartmany-termal.sk\/pl\/wp-json\/wp\/v2\/pages"}],"about":[{"href":"https:\/\/www.apartmany-termal.sk\/pl\/wp-json\/wp\/v2\/types\/page"}],"author":[{"embeddable":true,"href":"https:\/\/www.apartmany-termal.sk\/pl\/wp-json\/wp\/v2\/users\/1"}],"replies":[{"embeddable":true,"href":"https:\/\/www.apartmany-termal.sk\/pl\/wp-json\/wp\/v2\/comments?post=480"}],"version-history":[{"count":13,"href":"https:\/\/www.apartmany-termal.sk\/pl\/wp-json\/wp\/v2\/pages\/480\/revisions"}],"predecessor-version":[{"id":6019,"href":"https:\/\/www.apartmany-termal.sk\/pl\/wp-json\/wp\/v2\/pages\/480\/revisions\/6019"}],"wp:attachment":[{"href":"https:\/\/www.apartmany-termal.sk\/pl\/wp-json\/wp\/v2\/media?parent=480"}],"curies":[{"name":"wp","href":"https:\/\/api.w.org\/{rel}","templated":true}]}}